{"id":2486,"date":"2018-04-12T11:11:04","date_gmt":"2018-04-12T11:11:04","guid":{"rendered":"http:\/\/guitarracordoba.es\/?page_id=2486"},"modified":"2020-02-11T14:59:36","modified_gmt":"2020-02-11T14:59:36","slug":"festival-2016","status":"publish","type":"page","link":"https:\/\/teatrocordoba.es\/festival-guitarra-cordoba\/festival-2016\/","title":{"rendered":"Festival 2016"},"content":{"rendered":"<p><div class=\"fusion-fullwidth fullwidth-box fusion-builder-row-1 hundred-percent-fullwidth non-hundred-percent-height-scrolling\" style=\"background-color: #3c3c3c;background-position: center center;background-repeat: no-repeat;padding-top:0px;padding-right:0px;padding-bottom:0px;padding-left:0px;margin-bottom: 0px;margin-top: 0px;border-width: 0px 0px 0px 0px;border-color:#e7e4e2;border-style:solid;\" ><div class=\"fusion-builder-row fusion-row\"><div class=\"fusion-layout-column fusion_builder_column fusion-builder-column-0 fusion_builder_column_1_1 1_1 fusion-one-full fusion-column-first fusion-column-last\" style=\"margin-top:10px;margin-bottom:10px;\"><div class=\"fusion-column-wrapper fusion-flex-column-wrapper-legacy\" style=\"background-position:left top;background-repeat:no-repeat;-webkit-background-size:cover;-moz-background-size:cover;-o-background-size:cover;background-size:cover;background-color:#3c3c3c;padding: 0px 0px 0px 0px;\"><style type=\"text\/css\"><\/style><div class=\"fusion-title title fusion-title-1 fusion-sep-none fusion-title-center fusion-title-text fusion-title-size-one\" style=\"margin-top:0px;margin-bottom:0px;\"><h1 class=\"title-heading-center\" style=\"margin:0;\"><span style=\"color: #ffffff; padding: 3%;\">36 EDICI\u00d3N &#8211; 2016<\/span><\/h1><\/div><div class=\"fusion-clearfix\"><\/div><\/div><\/div><\/div><\/div><div class=\"fusion-fullwidth fullwidth-box fusion-builder-row-2 nonhundred-percent-fullwidth non-hundred-percent-height-scrolling\" style=\"background-color: rgba(255,255,255,0);background-position: center center;background-repeat: no-repeat;padding-top:0px;padding-right:0px;padding-bottom:0px;padding-left:0px;margin-bottom: 0px;margin-top: 2%;border-width: 0px 0px 0px 0px;border-color:#e7e4e2;border-style:solid;\" ><div class=\"fusion-builder-row fusion-row\"><div class=\"fusion-layout-column fusion_builder_column fusion-builder-column-1 fusion_builder_column_1_2 1_2 fusion-one-half fusion-column-first\" style=\"width:50%;width:calc(50% - ( ( 4% ) * 0.5 ) );margin-right: 4%;margin-top:10px;margin-bottom:10px;\"><div class=\"fusion-column-wrapper fusion-flex-column-wrapper-legacy\" style=\"background-position:left top;background-repeat:no-repeat;-webkit-background-size:cover;-moz-background-size:cover;-o-background-size:cover;background-size:cover;padding: 0px 0px 0px 0px;\"><div class=\"imageframe-align-center\"><span class=\" fusion-imageframe imageframe-none imageframe-1 hover-type-none\"><img width=\"413\" height=\"413\" title=\"image(27)\" src=\"https:\/\/guitarracordoba.es\/wp-content\/uploads\/2018\/04\/image27.jpg\" class=\"img-responsive wp-image-2487\" srcset=\"https:\/\/teatrocordoba.es\/festival-guitarra-cordoba\/wp-content\/uploads\/2018\/04\/image27-200x200.jpg 200w, https:\/\/teatrocordoba.es\/festival-guitarra-cordoba\/wp-content\/uploads\/2018\/04\/image27-400x400.jpg 400w, https:\/\/teatrocordoba.es\/festival-guitarra-cordoba\/wp-content\/uploads\/2018\/04\/image27.jpg 413w\" sizes=\"(max-width: 1000px) 100vw, 413px\" \/><\/span><\/div><div class=\"fusion-sep-clear\"><\/div><div class=\"fusion-separator fusion-full-width-sep\" style=\"margin-left: auto;margin-right: auto;margin-top:3%;width:100%;\"><\/div><div class=\"fusion-sep-clear\"><\/div><style type=\"text\/css\"><\/style><div class=\"fusion-title title fusion-title-2 fusion-sep-none fusion-title-text fusion-title-size-two\" style=\"margin-top:0px;margin-bottom:30px;\"><h2 class=\"title-heading-left\" style=\"margin:0;\"><span style=\"color: #3c3c3c;\">GALER\u00cdA DEL FESTIVAL<\/span><\/h2><\/div><div class=\"fusion-slider-sc fusion-flexslider-loading flexslider flexslider-hover-type-none\" data-slideshow_autoplay=\"1\" data-slideshow_smooth_height=\"0\" data-slideshow_speed=\"7000\" style=\"max-width:100%;height:100%;\"><ul class=\"slides\"><li class=\"image\"><span class=\"fusion-image-hover-element hover-type-none\"><img src=\"https:\/\/guitarracordoba.es\/wp-content\/uploads\/2018\/04\/2.jpg\" \/><\/span><\/li><li class=\"image\"><span class=\"fusion-image-hover-element hover-type-none\"><img src=\"https:\/\/guitarracordoba.es\/wp-content\/uploads\/2018\/04\/3.jpg\" \/><\/span><\/li><li class=\"image\"><span class=\"fusion-image-hover-element hover-type-none\"><img src=\"https:\/\/guitarracordoba.es\/wp-content\/uploads\/2018\/04\/4.jpg\" \/><\/span><\/li><li class=\"image\"><span class=\"fusion-image-hover-element hover-type-none\"><img src=\"https:\/\/guitarracordoba.es\/wp-content\/uploads\/2018\/04\/6.jpg\" \/><\/span><\/li><li class=\"image\"><span class=\"fusion-image-hover-element hover-type-none\"><img src=\"https:\/\/guitarracordoba.es\/wp-content\/uploads\/2018\/04\/7.jpg\" \/><\/span><\/li><li class=\"image\"><span class=\"fusion-image-hover-element hover-type-none\"><img src=\"https:\/\/guitarracordoba.es\/wp-content\/uploads\/2018\/04\/8.jpg\" \/><\/span><\/li><li class=\"image\"><span class=\"fusion-image-hover-element hover-type-none\"><img src=\"https:\/\/guitarracordoba.es\/wp-content\/uploads\/2018\/04\/1.jpg\" \/><\/span><\/li><li class=\"image\"><span class=\"fusion-image-hover-element hover-type-none\"><img src=\"https:\/\/guitarracordoba.es\/wp-content\/uploads\/2018\/04\/9.jpg\" \/><\/span><\/li><\/ul><\/div><div class=\"fusion-sep-clear\"><\/div><div class=\"fusion-separator fusion-full-width-sep\" style=\"margin-left: auto;margin-right: auto;margin-top:3%;width:100%;\"><\/div><div class=\"fusion-sep-clear\"><\/div><style type=\"text\/css\"><\/style><div class=\"fusion-title title fusion-title-3 fusion-sep-none fusion-title-text fusion-title-size-two\" style=\"margin-top:0px;margin-bottom:30px;\"><h2 class=\"title-heading-left\" style=\"margin:0;\"><span style=\"color: #3c3c3c;\">GALER\u00cdA PROGRAMA FORMATIVO<\/span><\/h2><\/div><div class=\"fusion-slider-sc fusion-flexslider-loading flexslider flexslider-hover-type-none\" data-slideshow_autoplay=\"1\" data-slideshow_smooth_height=\"0\" data-slideshow_speed=\"7000\" style=\"max-width:100%;height:100%;\"><ul class=\"slides\"><li class=\"image\"><span class=\"fusion-image-hover-element hover-type-none\"><img src=\"https:\/\/guitarracordoba.es\/wp-content\/uploads\/2018\/04\/image36.jpg\" \/><\/span><\/li><li class=\"image\"><span class=\"fusion-image-hover-element hover-type-none\"><img src=\"https:\/\/guitarracordoba.es\/wp-content\/uploads\/2018\/04\/image37.jpg\" \/><\/span><\/li><li class=\"image\"><span class=\"fusion-image-hover-element hover-type-none\"><img src=\"https:\/\/guitarracordoba.es\/wp-content\/uploads\/2018\/04\/image38.jpg\" \/><\/span><\/li><li class=\"image\"><span class=\"fusion-image-hover-element hover-type-none\"><img src=\"https:\/\/guitarracordoba.es\/wp-content\/uploads\/2018\/04\/image39-1.jpg\" \/><\/span><\/li><li class=\"image\"><span class=\"fusion-image-hover-element hover-type-none\"><img src=\"https:\/\/guitarracordoba.es\/wp-content\/uploads\/2018\/04\/image40-1.jpg\" \/><\/span><\/li><li class=\"image\"><span class=\"fusion-image-hover-element hover-type-none\"><img src=\"https:\/\/guitarracordoba.es\/wp-content\/uploads\/2018\/04\/image41-1.jpg\" \/><\/span><\/li><li class=\"image\"><span class=\"fusion-image-hover-element hover-type-none\"><img src=\"https:\/\/guitarracordoba.es\/wp-content\/uploads\/2018\/04\/image42-1.jpg\" \/><\/span><\/li><li class=\"image\"><span class=\"fusion-image-hover-element hover-type-none\"><img src=\"https:\/\/guitarracordoba.es\/wp-content\/uploads\/2018\/04\/image43-1.jpg\" \/><\/span><\/li><li class=\"image\"><span class=\"fusion-image-hover-element hover-type-none\"><img src=\"https:\/\/guitarracordoba.es\/wp-content\/uploads\/2018\/04\/image44-1.jpg\" \/><\/span><\/li><li class=\"image\"><span class=\"fusion-image-hover-element hover-type-none\"><img src=\"https:\/\/guitarracordoba.es\/wp-content\/uploads\/2018\/04\/image45-1.jpg\" \/><\/span><\/li><li class=\"image\"><span class=\"fusion-image-hover-element hover-type-none\"><img src=\"https:\/\/guitarracordoba.es\/wp-content\/uploads\/2018\/04\/image46-1.jpg\" \/><\/span><\/li><li class=\"image\"><span class=\"fusion-image-hover-element hover-type-none\"><img src=\"https:\/\/guitarracordoba.es\/wp-content\/uploads\/2018\/04\/image47-1.jpg\" \/><\/span><\/li><li class=\"image\"><span class=\"fusion-image-hover-element hover-type-none\"><img src=\"https:\/\/guitarracordoba.es\/wp-content\/uploads\/2018\/04\/image48-1.jpg\" \/><\/span><\/li><\/ul><\/div><div class=\"fusion-clearfix\"><\/div><\/div><\/div><div class=\"fusion-layout-column fusion_builder_column fusion-builder-column-2 fusion_builder_column_1_2 1_2 fusion-one-half fusion-column-last\" style=\"width:50%;width:calc(50% - ( ( 4% ) * 0.5 ) );margin-top:10px;margin-bottom:10px;\"><div class=\"fusion-column-wrapper fusion-flex-column-wrapper-legacy\" style=\"background-position:left top;background-repeat:no-repeat;-webkit-background-size:cover;-moz-background-size:cover;-o-background-size:cover;background-size:cover;padding: 0px 0px 0px 0px;\"><div class=\"fusion-text fusion-text-1\" style=\"transform:translate3d(0,0,0);\"><p><span style=\"color: #3c3c3c;\"><strong>UN FESTIVAL QUE CONSOLIDA SU ESENCIA Y MIRA HACIA EL FUTURO EN BUSCA DE NUEVOS RETOS<\/strong><\/span><\/p>\n<p style=\"text-align: justify;\">Nuestra tradicional cita con las seis cuerdas se ha desarrollado en 2016 con un absoluto \u00e9xito, evidenciando que goza de una excelente salud, tanto en el respaldo del p\u00fablico como en la calidad de quienes han protagonizado sus diversos conciertos. Han sido 16 intensos d\u00edas en los que la guitarra no ha dejado de sonar ni uno solo, con propuestas programadas en los tres recintos del IMAE (Gran Teatro, Teatro G\u00f3ngora y Axerqu\u00eda Teatro) en la Plaza de Toros y en las calles de la ciudad.<\/p>\n<p style=\"text-align: justify;\">Desde la organizaci\u00f3n nos sentimos muy satisfechos por el \u00e9xito de espectadores que ha cosechado esta edici\u00f3n, 25.635 en total. Creemos que la cifra demuestra la estabilidad, afianzamiento y madurez que la cita ha adquirido, y su capacidad para conectar con el p\u00fablico. Estamos convencidos de que tenemos un\u00a0Festival\u00a0con acento propio, singular y con gran personalidad, en la que nos debe importar por encima de todo la calidad de sus participantes y el esp\u00edritu que hemos conformado en una trayectoria de 36 a\u00f1os. En esta ocasi\u00f3n se han programado 25 citas en cuatro escenarios distintos. El concierto con mayor n\u00famero de espectadores ha sido el que presentaba en la Plaza de toros a Scorpions, Medina Azahara y Sabaton \u00a0que tuvo un lleno absoluto y una gran repercusi\u00f3n en medios nacionales e internacionales.<\/p>\n<p style=\"text-align: justify;\">Nos han emocionado especialmente \u00a0las alabanzas de los m\u00fasicos de todas las disciplinas, tanto a la ciudad como a la cita guitarr\u00edstica. As\u00ed lo han mostrado expresamente desde Scorpions a Steve Vai, pasando por Santiago Auser\u00f3n, Esperanza Spalding, Daniel Casares, Taj Mahal, Carmen Cort\u00e9s o cl\u00e1sicos como Ricardo Gall\u00e9n, David Russell o Yamand\u00fa Costa, por citar algunos.<\/p>\n<p style=\"text-align: justify;\">Respecto a los cursos, uno de los grandes pilares sobre los que asienta el Festival, en esta edici\u00f3n se han ofertado 13 reafirmando un a\u00f1o mas\u00a0la calidad de la secci\u00f3n formativa que sigue atrayendo y creando expectativas entre los alumnos, que acaban muy satisfechos de su elecci\u00f3n, y los recomiendan.\u00a0Nuestros alumnos proven\u00edan de 17 pa\u00edses, destacando Australia, Francia, Italia y Reino Unido.<\/p>\n<p style=\"text-align: justify;\">Como complemento a esa secci\u00f3n formativa hemos desarrollado de nuevo las jornadas de estudio, que han seguido suscitando este a\u00f1o el inter\u00e9s de los m\u00e1s entendidos en la guitarra. Este a\u00f1o han estado dedicadas a los Sainz de la Maza. \u00a0Por otro lado, el libro de las jornadas del a\u00f1o pasado ya est\u00e1 publicado, con Miguel Llobet como protagonista, y de nuevo ha tenido gran acogida entre los estudiosos del instrumento.<\/p>\n<p>Nos vemos en julio de 2017 con nuevos retos.<\/p>\n<p>Mar\u00eda del Mar T\u00e9llez Guerrero<\/p>\n<p>Presidenta del IMAE<\/p>\n<\/div><div class=\"fusion-clearfix\"><\/div><\/div><\/div><\/div><\/div><div class=\"fusion-fullwidth fullwidth-box fusion-builder-row-3 nonhundred-percent-fullwidth non-hundred-percent-height-scrolling\" style=\"background-color: rgba(255,255,255,0);background-position: center center;background-repeat: no-repeat;padding-top:0px;padding-right:0px;padding-bottom:0px;padding-left:0px;margin-bottom: 0px;margin-top: 0px;border-width: 0px 0px 0px 0px;border-color:#e7e4e2;border-style:solid;\" ><div class=\"fusion-builder-row fusion-row\"><div class=\"fusion-layout-column fusion_builder_column fusion-builder-column-3 fusion_builder_column_1_1 1_1 fusion-one-full fusion-column-first fusion-column-last\" style=\"margin-top:10px;margin-bottom:10px;\"><div class=\"fusion-column-wrapper fusion-flex-column-wrapper-legacy\" style=\"background-position:left top;background-repeat:no-repeat;-webkit-background-size:cover;-moz-background-size:cover;-o-background-size:cover;background-size:cover;background-color:#ffffff;padding: 0px 0px 0px 0px;\"><div class=\"fusion-sep-clear\"><\/div><div class=\"fusion-separator fusion-full-width-sep\" style=\"margin-left: auto;margin-right: auto;margin-top:5px;width:100%;\"><\/div><div class=\"fusion-sep-clear\"><\/div><div class=\"fusion-text fusion-text-2\" style=\"transform:translate3d(0,0,0);\"><\/div><style type=\"text\/css\"><\/style><div class=\"fusion-title title fusion-title-4 fusion-title-center fusion-title-text fusion-title-size-four\" style=\"margin-top:0px;margin-bottom:30px;\"><div class=\"title-sep-container title-sep-container-left\"><div class=\"title-sep sep-single sep-solid\" style=\"border-color:#3c3c3c;\"><\/div><\/div><h4 class=\"title-heading-center\" style=\"margin:0;\"><span style=\"color: #3c3c3c;\">PINCHANDO EN LA FECHA PODR\u00c1S VER EL V\u00cdDEO DE CADA ESPECT\u00c1CULO<\/span><\/h4><div class=\"title-sep-container title-sep-container-right\"><div class=\"title-sep sep-single sep-solid\" style=\"border-color:#3c3c3c;\"><\/div><\/div><\/div><div class=\"fusion-clearfix\"><\/div><\/div><\/div><div class=\"fusion-layout-column fusion_builder_column fusion-builder-column-4 fusion_builder_column_1_3 1_3 fusion-one-third fusion-column-first\" style=\"width:33.333333333333%;width:calc(33.333333333333% - ( ( 4% + 4% ) * 0.33333333333333 ) );margin-right: 4%;margin-top:10px;margin-bottom:10px;\"><div class=\"fusion-column-wrapper fusion-flex-column-wrapper-legacy\" style=\"background-position:left top;background-repeat:no-repeat;-webkit-background-size:cover;-moz-background-size:cover;-o-background-size:cover;background-size:cover;padding: 0px 0px 0px 0px;\"><div class=\"imageframe-align-center\"><span class=\" fusion-imageframe imageframe-none imageframe-2 hover-type-none\"><a class=\"fusion-no-lightbox\" href=\"https:\/\/www.youtube.com\/watch?v=W23bp-wFNu0\" target=\"_blank\" aria-label=\"image(1)\" rel=\"noopener noreferrer\"><img width=\"413\" height=\"80\" src=\"https:\/\/guitarracordoba.es\/wp-content\/uploads\/2018\/04\/image1.jpg\" class=\"img-responsive wp-image-2504\" srcset=\"https:\/\/teatrocordoba.es\/festival-guitarra-cordoba\/wp-content\/uploads\/2018\/04\/image1-200x39.jpg 200w, https:\/\/teatrocordoba.es\/festival-guitarra-cordoba\/wp-content\/uploads\/2018\/04\/image1-400x77.jpg 400w, https:\/\/teatrocordoba.es\/festival-guitarra-cordoba\/wp-content\/uploads\/2018\/04\/image1.jpg 413w\" sizes=\"(max-width: 1000px) 100vw, 400px\" \/><\/a><\/span><\/div><div class=\"fusion-sep-clear\"><\/div><div class=\"fusion-separator fusion-full-width-sep\" style=\"margin-left: auto;margin-right: auto;margin-top:3%;width:100%;\"><\/div><div class=\"fusion-sep-clear\"><\/div><div class=\"imageframe-align-center\"><span class=\" fusion-imageframe imageframe-none imageframe-3 hover-type-none\"><a class=\"fusion-no-lightbox\" href=\"https:\/\/www.youtube.com\/watch?v=cMylj_n8ACo\" target=\"_blank\" aria-label=\"image(4)\" rel=\"noopener noreferrer\"><img width=\"413\" height=\"80\" src=\"https:\/\/guitarracordoba.es\/wp-content\/uploads\/2018\/04\/image4.jpg\" class=\"img-responsive wp-image-2508\" srcset=\"https:\/\/teatrocordoba.es\/festival-guitarra-cordoba\/wp-content\/uploads\/2018\/04\/image4-200x39.jpg 200w, https:\/\/teatrocordoba.es\/festival-guitarra-cordoba\/wp-content\/uploads\/2018\/04\/image4-400x77.jpg 400w, https:\/\/teatrocordoba.es\/festival-guitarra-cordoba\/wp-content\/uploads\/2018\/04\/image4.jpg 413w\" sizes=\"(max-width: 1000px) 100vw, 400px\" \/><\/a><\/span><\/div><div class=\"fusion-sep-clear\"><\/div><div class=\"fusion-separator fusion-full-width-sep\" style=\"margin-left: auto;margin-right: auto;margin-top:3%;width:100%;\"><\/div><div class=\"fusion-sep-clear\"><\/div><div class=\"imageframe-align-center\"><span class=\" fusion-imageframe imageframe-none imageframe-4 hover-type-none\"><a class=\"fusion-no-lightbox\" href=\"https:\/\/www.youtube.com\/watch?v=F8u1CVn7nbI\" target=\"_blank\" aria-label=\"image(7)\" rel=\"noopener noreferrer\"><img width=\"413\" height=\"80\" src=\"https:\/\/guitarracordoba.es\/wp-content\/uploads\/2018\/04\/image7.jpg\" class=\"img-responsive wp-image-2511\" srcset=\"https:\/\/teatrocordoba.es\/festival-guitarra-cordoba\/wp-content\/uploads\/2018\/04\/image7-200x39.jpg 200w, https:\/\/teatrocordoba.es\/festival-guitarra-cordoba\/wp-content\/uploads\/2018\/04\/image7-400x77.jpg 400w, https:\/\/teatrocordoba.es\/festival-guitarra-cordoba\/wp-content\/uploads\/2018\/04\/image7.jpg 413w\" sizes=\"(max-width: 1000px) 100vw, 400px\" \/><\/a><\/span><\/div><div class=\"fusion-sep-clear\"><\/div><div class=\"fusion-separator fusion-full-width-sep\" style=\"margin-left: auto;margin-right: auto;margin-top:3%;width:100%;\"><\/div><div class=\"fusion-sep-clear\"><\/div><div class=\"imageframe-align-center\"><span class=\" fusion-imageframe imageframe-none imageframe-5 hover-type-none\"><a class=\"fusion-no-lightbox\" href=\"https:\/\/www.youtube.com\/watch?v=fUm1z4nh8UE\" target=\"_blank\" aria-label=\"image(10)\" rel=\"noopener noreferrer\"><img width=\"413\" height=\"80\" src=\"https:\/\/guitarracordoba.es\/wp-content\/uploads\/2018\/04\/image10.jpg\" class=\"img-responsive wp-image-2514\" srcset=\"https:\/\/teatrocordoba.es\/festival-guitarra-cordoba\/wp-content\/uploads\/2018\/04\/image10-200x39.jpg 200w, https:\/\/teatrocordoba.es\/festival-guitarra-cordoba\/wp-content\/uploads\/2018\/04\/image10-400x77.jpg 400w, https:\/\/teatrocordoba.es\/festival-guitarra-cordoba\/wp-content\/uploads\/2018\/04\/image10.jpg 413w\" sizes=\"(max-width: 1000px) 100vw, 400px\" \/><\/a><\/span><\/div><div class=\"fusion-sep-clear\"><\/div><div class=\"fusion-separator fusion-full-width-sep\" style=\"margin-left: auto;margin-right: auto;margin-top:3%;width:100%;\"><\/div><div class=\"fusion-sep-clear\"><\/div><div class=\"imageframe-align-center\"><span class=\" fusion-imageframe imageframe-none imageframe-6 hover-type-none\"><a class=\"fusion-no-lightbox\" href=\"https:\/\/www.youtube.com\/watch?v=6DEUcTmmqik\" target=\"_blank\" aria-label=\"image(13)\" rel=\"noopener noreferrer\"><img width=\"413\" height=\"80\" src=\"https:\/\/guitarracordoba.es\/wp-content\/uploads\/2018\/04\/image13.jpg\" class=\"img-responsive wp-image-2518\" srcset=\"https:\/\/teatrocordoba.es\/festival-guitarra-cordoba\/wp-content\/uploads\/2018\/04\/image13-200x39.jpg 200w, https:\/\/teatrocordoba.es\/festival-guitarra-cordoba\/wp-content\/uploads\/2018\/04\/image13-400x77.jpg 400w, https:\/\/teatrocordoba.es\/festival-guitarra-cordoba\/wp-content\/uploads\/2018\/04\/image13.jpg 413w\" sizes=\"(max-width: 1000px) 100vw, 400px\" \/><\/a><\/span><\/div><div class=\"fusion-sep-clear\"><\/div><div class=\"fusion-separator fusion-full-width-sep\" style=\"margin-left: auto;margin-right: auto;margin-top:3%;width:100%;\"><\/div><div class=\"fusion-sep-clear\"><\/div><div class=\"imageframe-align-center\"><span class=\" fusion-imageframe imageframe-none imageframe-7 hover-type-none\"><a class=\"fusion-no-lightbox\" href=\"https:\/\/www.youtube.com\/watch?v=la7uXYhdJa0\" target=\"_blank\" aria-label=\"image(16)\" rel=\"noopener noreferrer\"><img width=\"413\" height=\"80\" src=\"https:\/\/guitarracordoba.es\/wp-content\/uploads\/2018\/04\/image16.jpg\" class=\"img-responsive wp-image-2521\" srcset=\"https:\/\/teatrocordoba.es\/festival-guitarra-cordoba\/wp-content\/uploads\/2018\/04\/image16-200x39.jpg 200w, https:\/\/teatrocordoba.es\/festival-guitarra-cordoba\/wp-content\/uploads\/2018\/04\/image16-400x77.jpg 400w, https:\/\/teatrocordoba.es\/festival-guitarra-cordoba\/wp-content\/uploads\/2018\/04\/image16.jpg 413w\" sizes=\"(max-width: 1000px) 100vw, 400px\" \/><\/a><\/span><\/div><div class=\"fusion-sep-clear\"><\/div><div class=\"fusion-separator fusion-full-width-sep\" style=\"margin-left: auto;margin-right: auto;margin-top:3%;width:100%;\"><\/div><div class=\"fusion-sep-clear\"><\/div><div class=\"imageframe-align-center\"><span class=\" fusion-imageframe imageframe-none imageframe-8 hover-type-none\"><a class=\"fusion-no-lightbox\" href=\"https:\/\/www.youtube.com\/watch?v=zG7pJFW9YpI\" target=\"_blank\" aria-label=\"image(19)\" rel=\"noopener noreferrer\"><img width=\"413\" height=\"80\" src=\"https:\/\/guitarracordoba.es\/wp-content\/uploads\/2018\/04\/image19.jpg\" class=\"img-responsive wp-image-2525\" srcset=\"https:\/\/teatrocordoba.es\/festival-guitarra-cordoba\/wp-content\/uploads\/2018\/04\/image19-200x39.jpg 200w, https:\/\/teatrocordoba.es\/festival-guitarra-cordoba\/wp-content\/uploads\/2018\/04\/image19-400x77.jpg 400w, https:\/\/teatrocordoba.es\/festival-guitarra-cordoba\/wp-content\/uploads\/2018\/04\/image19.jpg 413w\" sizes=\"(max-width: 1000px) 100vw, 400px\" \/><\/a><\/span><\/div><div class=\"fusion-sep-clear\"><\/div><div class=\"fusion-separator fusion-full-width-sep\" style=\"margin-left: auto;margin-right: auto;margin-top:3%;width:100%;\"><\/div><div class=\"fusion-sep-clear\"><\/div><div class=\"imageframe-align-center\"><span class=\" fusion-imageframe imageframe-none imageframe-9 hover-type-none\"><a class=\"fusion-no-lightbox\" href=\"https:\/\/youtu.be\/STl88OkbfTI\" target=\"_blank\" aria-label=\"image(23)\" rel=\"noopener noreferrer\"><img width=\"413\" height=\"80\" src=\"https:\/\/guitarracordoba.es\/wp-content\/uploads\/2018\/04\/image23.jpg\" class=\"img-responsive wp-image-2529\" srcset=\"https:\/\/teatrocordoba.es\/festival-guitarra-cordoba\/wp-content\/uploads\/2018\/04\/image23-200x39.jpg 200w, https:\/\/teatrocordoba.es\/festival-guitarra-cordoba\/wp-content\/uploads\/2018\/04\/image23-400x77.jpg 400w, https:\/\/teatrocordoba.es\/festival-guitarra-cordoba\/wp-content\/uploads\/2018\/04\/image23.jpg 413w\" sizes=\"(max-width: 1000px) 100vw, 400px\" \/><\/a><\/span><\/div><div class=\"fusion-sep-clear\"><\/div><div class=\"fusion-separator fusion-full-width-sep\" style=\"margin-left: auto;margin-right: auto;margin-top:3%;width:100%;\"><\/div><div class=\"fusion-sep-clear\"><\/div><div class=\"imageframe-align-center\"><span class=\" fusion-imageframe imageframe-none imageframe-10 hover-type-none\"><a class=\"fusion-no-lightbox\" href=\"https:\/\/www.youtube.com\/watch?v=xJH-YAhULYk\" target=\"_blank\" aria-label=\"image(26)\" rel=\"noopener noreferrer\"><img width=\"413\" height=\"80\" src=\"https:\/\/guitarracordoba.es\/wp-content\/uploads\/2018\/04\/image26.jpg\" class=\"img-responsive wp-image-2532\" srcset=\"https:\/\/teatrocordoba.es\/festival-guitarra-cordoba\/wp-content\/uploads\/2018\/04\/image26-200x39.jpg 200w, https:\/\/teatrocordoba.es\/festival-guitarra-cordoba\/wp-content\/uploads\/2018\/04\/image26-400x77.jpg 400w, https:\/\/teatrocordoba.es\/festival-guitarra-cordoba\/wp-content\/uploads\/2018\/04\/image26.jpg 413w\" sizes=\"(max-width: 1000px) 100vw, 400px\" \/><\/a><\/span><\/div><div class=\"fusion-clearfix\"><\/div><\/div><\/div><div class=\"fusion-layout-column fusion_builder_column fusion-builder-column-5 fusion_builder_column_1_3 1_3 fusion-one-third\" style=\"width:33.333333333333%;width:calc(33.333333333333% - ( ( 4% + 4% ) * 0.33333333333333 ) );margin-right: 4%;margin-top:10px;margin-bottom:10px;\"><div class=\"fusion-column-wrapper fusion-flex-column-wrapper-legacy\" style=\"background-position:left top;background-repeat:no-repeat;-webkit-background-size:cover;-moz-background-size:cover;-o-background-size:cover;background-size:cover;padding: 0px 0px 0px 0px;\"><div class=\"imageframe-align-center\"><span class=\" fusion-imageframe imageframe-none imageframe-11 hover-type-none\"><a class=\"fusion-no-lightbox\" href=\"https:\/\/www.youtube.com\/watch?v=Y4iqW5FiP4E\" target=\"_blank\" aria-label=\"image(2)\" rel=\"noopener noreferrer\"><img width=\"413\" height=\"80\" src=\"https:\/\/guitarracordoba.es\/wp-content\/uploads\/2018\/04\/image2.jpg\" class=\"img-responsive wp-image-2505\" srcset=\"https:\/\/teatrocordoba.es\/festival-guitarra-cordoba\/wp-content\/uploads\/2018\/04\/image2-200x39.jpg 200w, https:\/\/teatrocordoba.es\/festival-guitarra-cordoba\/wp-content\/uploads\/2018\/04\/image2-400x77.jpg 400w, https:\/\/teatrocordoba.es\/festival-guitarra-cordoba\/wp-content\/uploads\/2018\/04\/image2.jpg 413w\" sizes=\"(max-width: 1000px) 100vw, 400px\" \/><\/a><\/span><\/div><div class=\"fusion-sep-clear\"><\/div><div class=\"fusion-separator fusion-full-width-sep\" style=\"margin-left: auto;margin-right: auto;margin-top:3%;width:100%;\"><\/div><div class=\"fusion-sep-clear\"><\/div><div class=\"imageframe-align-center\"><span class=\" fusion-imageframe imageframe-none imageframe-12 hover-type-none\"><a class=\"fusion-no-lightbox\" href=\"https:\/\/youtu.be\/M__87S-mOlY\" target=\"_blank\" aria-label=\"image(5)\" rel=\"noopener noreferrer\"><img width=\"413\" height=\"80\" src=\"https:\/\/guitarracordoba.es\/wp-content\/uploads\/2018\/04\/image5.jpg\" class=\"img-responsive wp-image-2509\" srcset=\"https:\/\/teatrocordoba.es\/festival-guitarra-cordoba\/wp-content\/uploads\/2018\/04\/image5-200x39.jpg 200w, https:\/\/teatrocordoba.es\/festival-guitarra-cordoba\/wp-content\/uploads\/2018\/04\/image5-400x77.jpg 400w, https:\/\/teatrocordoba.es\/festival-guitarra-cordoba\/wp-content\/uploads\/2018\/04\/image5.jpg 413w\" sizes=\"(max-width: 1000px) 100vw, 400px\" \/><\/a><\/span><\/div><div class=\"fusion-sep-clear\"><\/div><div class=\"fusion-separator fusion-full-width-sep\" style=\"margin-left: auto;margin-right: auto;margin-top:3%;width:100%;\"><\/div><div class=\"fusion-sep-clear\"><\/div><div class=\"imageframe-align-center\"><span class=\" fusion-imageframe imageframe-none imageframe-13 hover-type-none\"><a class=\"fusion-no-lightbox\" href=\"https:\/\/www.youtube.com\/watch?v=yV5F0cT04UM\" target=\"_blank\" aria-label=\"image(8)\" rel=\"noopener noreferrer\"><img width=\"413\" height=\"80\" src=\"https:\/\/guitarracordoba.es\/wp-content\/uploads\/2018\/04\/image8.jpg\" class=\"img-responsive wp-image-2512\" srcset=\"https:\/\/teatrocordoba.es\/festival-guitarra-cordoba\/wp-content\/uploads\/2018\/04\/image8-200x39.jpg 200w, https:\/\/teatrocordoba.es\/festival-guitarra-cordoba\/wp-content\/uploads\/2018\/04\/image8-400x77.jpg 400w, https:\/\/teatrocordoba.es\/festival-guitarra-cordoba\/wp-content\/uploads\/2018\/04\/image8.jpg 413w\" sizes=\"(max-width: 1000px) 100vw, 400px\" \/><\/a><\/span><\/div><div class=\"fusion-sep-clear\"><\/div><div class=\"fusion-separator fusion-full-width-sep\" style=\"margin-left: auto;margin-right: auto;margin-top:3%;width:100%;\"><\/div><div class=\"fusion-sep-clear\"><\/div><div class=\"imageframe-align-center\"><span class=\" fusion-imageframe imageframe-none imageframe-14 hover-type-none\"><a class=\"fusion-no-lightbox\" href=\"https:\/\/www.youtube.com\/watch?v=05r3tQHqV3c\" target=\"_blank\" aria-label=\"image(11)\" rel=\"noopener noreferrer\"><img width=\"413\" height=\"80\" src=\"https:\/\/guitarracordoba.es\/wp-content\/uploads\/2018\/04\/image11.jpg\" class=\"img-responsive wp-image-2516\" srcset=\"https:\/\/teatrocordoba.es\/festival-guitarra-cordoba\/wp-content\/uploads\/2018\/04\/image11-200x39.jpg 200w, https:\/\/teatrocordoba.es\/festival-guitarra-cordoba\/wp-content\/uploads\/2018\/04\/image11-400x77.jpg 400w, https:\/\/teatrocordoba.es\/festival-guitarra-cordoba\/wp-content\/uploads\/2018\/04\/image11.jpg 413w\" sizes=\"(max-width: 1000px) 100vw, 400px\" \/><\/a><\/span><\/div><div class=\"fusion-sep-clear\"><\/div><div class=\"fusion-separator fusion-full-width-sep\" style=\"margin-left: auto;margin-right: auto;margin-top:3%;width:100%;\"><\/div><div class=\"fusion-sep-clear\"><\/div><div class=\"imageframe-align-center\"><span class=\" fusion-imageframe imageframe-none imageframe-15 hover-type-none\"><a class=\"fusion-no-lightbox\" href=\"https:\/\/www.youtube.com\/watch?v=6O-raGEMr_g\" target=\"_blank\" aria-label=\"image(14)\" rel=\"noopener noreferrer\"><img width=\"413\" height=\"80\" src=\"https:\/\/guitarracordoba.es\/wp-content\/uploads\/2018\/04\/image14.jpg\" class=\"img-responsive wp-image-2519\" srcset=\"https:\/\/teatrocordoba.es\/festival-guitarra-cordoba\/wp-content\/uploads\/2018\/04\/image14-200x39.jpg 200w, https:\/\/teatrocordoba.es\/festival-guitarra-cordoba\/wp-content\/uploads\/2018\/04\/image14-400x77.jpg 400w, https:\/\/teatrocordoba.es\/festival-guitarra-cordoba\/wp-content\/uploads\/2018\/04\/image14.jpg 413w\" sizes=\"(max-width: 1000px) 100vw, 400px\" \/><\/a><\/span><\/div><div class=\"fusion-sep-clear\"><\/div><div class=\"fusion-separator fusion-full-width-sep\" style=\"margin-left: auto;margin-right: auto;margin-top:3%;width:100%;\"><\/div><div class=\"fusion-sep-clear\"><\/div><div class=\"imageframe-align-center\"><span class=\" fusion-imageframe imageframe-none imageframe-16 hover-type-none\"><a class=\"fusion-no-lightbox\" href=\"https:\/\/www.youtube.com\/watch?v=x3uwZ_dHDVg\" target=\"_blank\" aria-label=\"image(17)\" rel=\"noopener noreferrer\"><img width=\"413\" height=\"80\" src=\"https:\/\/guitarracordoba.es\/wp-content\/uploads\/2018\/04\/image17.jpg\" class=\"img-responsive wp-image-2523\" srcset=\"https:\/\/teatrocordoba.es\/festival-guitarra-cordoba\/wp-content\/uploads\/2018\/04\/image17-200x39.jpg 200w, https:\/\/teatrocordoba.es\/festival-guitarra-cordoba\/wp-content\/uploads\/2018\/04\/image17-400x77.jpg 400w, https:\/\/teatrocordoba.es\/festival-guitarra-cordoba\/wp-content\/uploads\/2018\/04\/image17.jpg 413w\" sizes=\"(max-width: 1000px) 100vw, 400px\" \/><\/a><\/span><\/div><div class=\"fusion-sep-clear\"><\/div><div class=\"fusion-separator fusion-full-width-sep\" style=\"margin-left: auto;margin-right: auto;margin-top:3%;width:100%;\"><\/div><div class=\"fusion-sep-clear\"><\/div><div class=\"imageframe-align-center\"><span class=\" fusion-imageframe imageframe-none imageframe-17 hover-type-none\"><a class=\"fusion-no-lightbox\" href=\"https:\/\/www.youtube.com\/watch?v=03YpNuw0I1Y\" target=\"_blank\" aria-label=\"image(21)\" rel=\"noopener noreferrer\"><img width=\"413\" height=\"80\" src=\"https:\/\/guitarracordoba.es\/wp-content\/uploads\/2018\/04\/image21.jpg\" class=\"img-responsive wp-image-2526\" srcset=\"https:\/\/teatrocordoba.es\/festival-guitarra-cordoba\/wp-content\/uploads\/2018\/04\/image21-200x39.jpg 200w, https:\/\/teatrocordoba.es\/festival-guitarra-cordoba\/wp-content\/uploads\/2018\/04\/image21-400x77.jpg 400w, https:\/\/teatrocordoba.es\/festival-guitarra-cordoba\/wp-content\/uploads\/2018\/04\/image21.jpg 413w\" sizes=\"(max-width: 1000px) 100vw, 400px\" \/><\/a><\/span><\/div><div class=\"fusion-sep-clear\"><\/div><div class=\"fusion-separator fusion-full-width-sep\" style=\"margin-left: auto;margin-right: auto;margin-top:3%;width:100%;\"><\/div><div class=\"fusion-sep-clear\"><\/div><div class=\"imageframe-align-center\"><span class=\" fusion-imageframe imageframe-none imageframe-18 hover-type-none\"><a class=\"fusion-no-lightbox\" href=\"https:\/\/youtu.be\/jro5BahUDXo\" target=\"_blank\" aria-label=\"image(24)\" rel=\"noopener noreferrer\"><img width=\"413\" height=\"80\" src=\"https:\/\/guitarracordoba.es\/wp-content\/uploads\/2018\/04\/image24.jpg\" class=\"img-responsive wp-image-2530\" srcset=\"https:\/\/teatrocordoba.es\/festival-guitarra-cordoba\/wp-content\/uploads\/2018\/04\/image24-200x39.jpg 200w, https:\/\/teatrocordoba.es\/festival-guitarra-cordoba\/wp-content\/uploads\/2018\/04\/image24-400x77.jpg 400w, https:\/\/teatrocordoba.es\/festival-guitarra-cordoba\/wp-content\/uploads\/2018\/04\/image24.jpg 413w\" sizes=\"(max-width: 1000px) 100vw, 400px\" \/><\/a><\/span><\/div><div class=\"fusion-sep-clear\"><\/div><div class=\"fusion-separator fusion-full-width-sep\" style=\"margin-left: auto;margin-right: auto;margin-top:3%;width:100%;\"><\/div><div class=\"fusion-sep-clear\"><\/div><div class=\"fusion-clearfix\"><\/div><\/div><\/div><div class=\"fusion-layout-column fusion_builder_column fusion-builder-column-6 fusion_builder_column_1_3 1_3 fusion-one-third fusion-column-last\" style=\"width:33.333333333333%;width:calc(33.333333333333% - ( ( 4% + 4% ) * 0.33333333333333 ) );margin-top:10px;margin-bottom:10px;\"><div class=\"fusion-column-wrapper fusion-flex-column-wrapper-legacy\" style=\"background-position:left top;background-repeat:no-repeat;-webkit-background-size:cover;-moz-background-size:cover;-o-background-size:cover;background-size:cover;padding: 0px 0px 0px 0px;\"><div class=\"imageframe-align-center\"><span class=\" fusion-imageframe imageframe-none imageframe-19 hover-type-none\"><a class=\"fusion-no-lightbox\" href=\"https:\/\/www.youtube.com\/watch?v=dSslKD6DvEE\" target=\"_blank\" aria-label=\"image(3)\" rel=\"noopener noreferrer\"><img width=\"413\" height=\"80\" src=\"https:\/\/guitarracordoba.es\/wp-content\/uploads\/2018\/04\/image3.jpg\" class=\"img-responsive wp-image-2506\" srcset=\"https:\/\/teatrocordoba.es\/festival-guitarra-cordoba\/wp-content\/uploads\/2018\/04\/image3-200x39.jpg 200w, https:\/\/teatrocordoba.es\/festival-guitarra-cordoba\/wp-content\/uploads\/2018\/04\/image3-400x77.jpg 400w, https:\/\/teatrocordoba.es\/festival-guitarra-cordoba\/wp-content\/uploads\/2018\/04\/image3.jpg 413w\" sizes=\"(max-width: 1000px) 100vw, 400px\" \/><\/a><\/span><\/div><div class=\"fusion-sep-clear\"><\/div><div class=\"fusion-separator fusion-full-width-sep\" style=\"margin-left: auto;margin-right: auto;margin-top:3%;width:100%;\"><\/div><div class=\"fusion-sep-clear\"><\/div><div class=\"imageframe-align-center\"><span class=\" fusion-imageframe imageframe-none imageframe-20 hover-type-none\"><a class=\"fusion-no-lightbox\" href=\"https:\/\/www.youtube.com\/watch?v=fx5ZfWdXsS0\" target=\"_blank\" aria-label=\"image(6)\" rel=\"noopener noreferrer\"><img width=\"413\" height=\"80\" src=\"https:\/\/guitarracordoba.es\/wp-content\/uploads\/2018\/04\/image6.jpg\" class=\"img-responsive wp-image-2510\" srcset=\"https:\/\/teatrocordoba.es\/festival-guitarra-cordoba\/wp-content\/uploads\/2018\/04\/image6-200x39.jpg 200w, https:\/\/teatrocordoba.es\/festival-guitarra-cordoba\/wp-content\/uploads\/2018\/04\/image6-400x77.jpg 400w, https:\/\/teatrocordoba.es\/festival-guitarra-cordoba\/wp-content\/uploads\/2018\/04\/image6.jpg 413w\" sizes=\"(max-width: 1000px) 100vw, 400px\" \/><\/a><\/span><\/div><div class=\"fusion-sep-clear\"><\/div><div class=\"fusion-separator fusion-full-width-sep\" style=\"margin-left: auto;margin-right: auto;margin-top:3%;width:100%;\"><\/div><div class=\"fusion-sep-clear\"><\/div><div class=\"imageframe-align-center\"><span class=\" fusion-imageframe imageframe-none imageframe-21 hover-type-none\"><a class=\"fusion-no-lightbox\" href=\"https:\/\/www.youtube.com\/watch?v=r01EJIuc1q0\" target=\"_blank\" aria-label=\"image(9)\" rel=\"noopener noreferrer\"><img width=\"413\" height=\"80\" src=\"https:\/\/guitarracordoba.es\/wp-content\/uploads\/2018\/04\/image9.jpg\" class=\"img-responsive wp-image-2513\" srcset=\"https:\/\/teatrocordoba.es\/festival-guitarra-cordoba\/wp-content\/uploads\/2018\/04\/image9-200x39.jpg 200w, https:\/\/teatrocordoba.es\/festival-guitarra-cordoba\/wp-content\/uploads\/2018\/04\/image9-400x77.jpg 400w, https:\/\/teatrocordoba.es\/festival-guitarra-cordoba\/wp-content\/uploads\/2018\/04\/image9.jpg 413w\" sizes=\"(max-width: 1000px) 100vw, 400px\" \/><\/a><\/span><\/div><div class=\"fusion-sep-clear\"><\/div><div class=\"fusion-separator fusion-full-width-sep\" style=\"margin-left: auto;margin-right: auto;margin-top:3%;width:100%;\"><\/div><div class=\"fusion-sep-clear\"><\/div><div class=\"imageframe-align-center\"><span class=\" fusion-imageframe imageframe-none imageframe-22 hover-type-none\"><a class=\"fusion-no-lightbox\" href=\"https:\/\/www.youtube.com\/watch?v=eQEmLgLCm1s\" target=\"_blank\" aria-label=\"image(12)\" rel=\"noopener noreferrer\"><img width=\"413\" height=\"80\" src=\"https:\/\/guitarracordoba.es\/wp-content\/uploads\/2018\/04\/image12.jpg\" class=\"img-responsive wp-image-2517\" srcset=\"https:\/\/teatrocordoba.es\/festival-guitarra-cordoba\/wp-content\/uploads\/2018\/04\/image12-200x39.jpg 200w, https:\/\/teatrocordoba.es\/festival-guitarra-cordoba\/wp-content\/uploads\/2018\/04\/image12-400x77.jpg 400w, https:\/\/teatrocordoba.es\/festival-guitarra-cordoba\/wp-content\/uploads\/2018\/04\/image12.jpg 413w\" sizes=\"(max-width: 1000px) 100vw, 400px\" \/><\/a><\/span><\/div><div class=\"fusion-sep-clear\"><\/div><div class=\"fusion-separator fusion-full-width-sep\" style=\"margin-left: auto;margin-right: auto;margin-top:3%;width:100%;\"><\/div><div class=\"fusion-sep-clear\"><\/div><div class=\"imageframe-align-center\"><span class=\" fusion-imageframe imageframe-none imageframe-23 hover-type-none\"><a class=\"fusion-no-lightbox\" href=\"https:\/\/www.youtube.com\/watch?v=FKkV_b-lW_0\" target=\"_blank\" aria-label=\"image(15)\" rel=\"noopener noreferrer\"><img width=\"413\" height=\"80\" src=\"https:\/\/guitarracordoba.es\/wp-content\/uploads\/2018\/04\/image15.jpg\" class=\"img-responsive wp-image-2520\" srcset=\"https:\/\/teatrocordoba.es\/festival-guitarra-cordoba\/wp-content\/uploads\/2018\/04\/image15-200x39.jpg 200w, https:\/\/teatrocordoba.es\/festival-guitarra-cordoba\/wp-content\/uploads\/2018\/04\/image15-400x77.jpg 400w, https:\/\/teatrocordoba.es\/festival-guitarra-cordoba\/wp-content\/uploads\/2018\/04\/image15.jpg 413w\" sizes=\"(max-width: 1000px) 100vw, 400px\" \/><\/a><\/span><\/div><div class=\"fusion-sep-clear\"><\/div><div class=\"fusion-separator fusion-full-width-sep\" style=\"margin-left: auto;margin-right: auto;margin-top:3%;width:100%;\"><\/div><div class=\"fusion-sep-clear\"><\/div><div class=\"imageframe-align-center\"><span class=\" fusion-imageframe imageframe-none imageframe-24 hover-type-none\"><a class=\"fusion-no-lightbox\" href=\"https:\/\/www.youtube.com\/watch?v=otOetVJnWJs\" target=\"_blank\" aria-label=\"image(18)\" rel=\"noopener noreferrer\"><img width=\"413\" height=\"80\" src=\"https:\/\/guitarracordoba.es\/wp-content\/uploads\/2018\/04\/image18.jpg\" class=\"img-responsive wp-image-2524\" srcset=\"https:\/\/teatrocordoba.es\/festival-guitarra-cordoba\/wp-content\/uploads\/2018\/04\/image18-200x39.jpg 200w, https:\/\/teatrocordoba.es\/festival-guitarra-cordoba\/wp-content\/uploads\/2018\/04\/image18-400x77.jpg 400w, https:\/\/teatrocordoba.es\/festival-guitarra-cordoba\/wp-content\/uploads\/2018\/04\/image18.jpg 413w\" sizes=\"(max-width: 1000px) 100vw, 400px\" \/><\/a><\/span><\/div><div class=\"fusion-sep-clear\"><\/div><div class=\"fusion-separator fusion-full-width-sep\" style=\"margin-left: auto;margin-right: auto;margin-top:3%;width:100%;\"><\/div><div class=\"fusion-sep-clear\"><\/div><div class=\"imageframe-align-center\"><span class=\" fusion-imageframe imageframe-none imageframe-25 hover-type-none\"><a class=\"fusion-no-lightbox\" href=\"https:\/\/www.youtube.com\/watch?v=hnQhwsWdoC4\" target=\"_blank\" aria-label=\"image(22)\" rel=\"noopener noreferrer\"><img width=\"413\" height=\"80\" src=\"https:\/\/guitarracordoba.es\/wp-content\/uploads\/2018\/04\/image22.jpg\" class=\"img-responsive wp-image-2528\" srcset=\"https:\/\/teatrocordoba.es\/festival-guitarra-cordoba\/wp-content\/uploads\/2018\/04\/image22-200x39.jpg 200w, https:\/\/teatrocordoba.es\/festival-guitarra-cordoba\/wp-content\/uploads\/2018\/04\/image22-400x77.jpg 400w, https:\/\/teatrocordoba.es\/festival-guitarra-cordoba\/wp-content\/uploads\/2018\/04\/image22.jpg 413w\" sizes=\"(max-width: 1000px) 100vw, 400px\" \/><\/a><\/span><\/div><div class=\"fusion-sep-clear\"><\/div><div class=\"fusion-separator fusion-full-width-sep\" style=\"margin-left: auto;margin-right: auto;margin-top:3%;width:100%;\"><\/div><div class=\"fusion-sep-clear\"><\/div><div class=\"imageframe-align-center\"><span class=\" fusion-imageframe imageframe-none imageframe-26 hover-type-none\"><a class=\"fusion-no-lightbox\" href=\"https:\/\/www.youtube.com\/watch?v=3wl8oWYVn_Y\" target=\"_blank\" aria-label=\"image(25)\" rel=\"noopener noreferrer\"><img width=\"413\" height=\"80\" src=\"https:\/\/guitarracordoba.es\/wp-content\/uploads\/2018\/04\/image25.jpg\" class=\"img-responsive wp-image-2531\" srcset=\"https:\/\/teatrocordoba.es\/festival-guitarra-cordoba\/wp-content\/uploads\/2018\/04\/image25-200x39.jpg 200w, https:\/\/teatrocordoba.es\/festival-guitarra-cordoba\/wp-content\/uploads\/2018\/04\/image25-400x77.jpg 400w, https:\/\/teatrocordoba.es\/festival-guitarra-cordoba\/wp-content\/uploads\/2018\/04\/image25.jpg 413w\" sizes=\"(max-width: 1000px) 100vw, 400px\" \/><\/a><\/span><\/div><div class=\"fusion-sep-clear\"><\/div><div class=\"fusion-separator fusion-full-width-sep\" style=\"margin-left: auto;margin-right: auto;margin-top:3%;width:100%;\"><\/div><div class=\"fusion-sep-clear\"><\/div><div class=\"fusion-clearfix\"><\/div><\/div><\/div><\/div><\/div><div class=\"fusion-fullwidth fullwidth-box fusion-builder-row-4 nonhundred-percent-fullwidth non-hundred-percent-height-scrolling\" style=\"background-color: rgba(255,255,255,0);background-position: center center;background-repeat: no-repeat;padding-top:0px;padding-right:0px;padding-bottom:0px;padding-left:0px;margin-bottom: 0px;margin-top: 0px;border-width: 0px 0px 0px 0px;border-color:#e7e4e2;border-style:solid;\" ><div class=\"fusion-builder-row fusion-row\"><\/div><\/div><\/p>\n","protected":false},"excerpt":{"rendered":"","protected":false},"author":4,"featured_media":0,"parent":0,"menu_order":0,"comment_status":"closed","ping_status":"closed","template":"100-width.php","meta":[],"acf":[],"_links":{"self":[{"href":"https:\/\/teatrocordoba.es\/festival-guitarra-cordoba\/wp-json\/wp\/v2\/pages\/2486"}],"collection":[{"href":"https:\/\/teatrocordoba.es\/festival-guitarra-cordoba\/wp-json\/wp\/v2\/pages"}],"about":[{"href":"https:\/\/teatrocordoba.es\/festival-guitarra-cordoba\/wp-json\/wp\/v2\/types\/page"}],"author":[{"embeddable":true,"href":"https:\/\/teatrocordoba.es\/festival-guitarra-cordoba\/wp-json\/wp\/v2\/users\/4"}],"replies":[{"embeddable":true,"href":"https:\/\/teatrocordoba.es\/festival-guitarra-cordoba\/wp-json\/wp\/v2\/comments?post=2486"}],"version-history":[{"count":15,"href":"https:\/\/teatrocordoba.es\/festival-guitarra-cordoba\/wp-json\/wp\/v2\/pages\/2486\/revisions"}],"predecessor-version":[{"id":4291,"href":"https:\/\/teatrocordoba.es\/festival-guitarra-cordoba\/wp-json\/wp\/v2\/pages\/2486\/revisions\/4291"}],"wp:attachment":[{"href":"https:\/\/teatrocordoba.es\/festival-guitarra-cordoba\/wp-json\/wp\/v2\/media?parent=2486"}],"curies":[{"name":"wp","href":"https:\/\/api.w.org\/{rel}","templated":true}]}}