{"id":2604,"date":"2018-04-13T08:08:40","date_gmt":"2018-04-13T08:08:40","guid":{"rendered":"http:\/\/guitarracordoba.es\/?page_id=2604"},"modified":"2025-03-24T11:00:42","modified_gmt":"2025-03-24T11:00:42","slug":"festival-2015","status":"publish","type":"page","link":"https:\/\/teatrocordoba.es\/festival-guitarra-cordoba\/festival-2015\/","title":{"rendered":"Festival 2015"},"content":{"rendered":"<p><div class=\"fusion-fullwidth fullwidth-box fusion-builder-row-1 hundred-percent-fullwidth non-hundred-percent-height-scrolling\" style=\"background-color: #3c3c3c;background-position: center center;background-repeat: no-repeat;padding-top:0px;padding-right:0px;padding-bottom:0px;padding-left:0px;margin-bottom: 0px;margin-top: 0px;border-width: 0px 0px 0px 0px;border-color:#e7e4e2;border-style:solid;\" ><div class=\"fusion-builder-row fusion-row\"><div class=\"fusion-layout-column fusion_builder_column fusion-builder-column-0 fusion_builder_column_1_1 1_1 fusion-one-full fusion-column-first fusion-column-last\" style=\"margin-top:10px;margin-bottom:10px;\"><div class=\"fusion-column-wrapper fusion-flex-column-wrapper-legacy\" style=\"background-position:left top;background-repeat:no-repeat;-webkit-background-size:cover;-moz-background-size:cover;-o-background-size:cover;background-size:cover;background-color:#3c3c3c;padding: 0px 0px 0px 0px;\"><style type=\"text\/css\"><\/style><div class=\"fusion-title title fusion-title-1 fusion-sep-none fusion-title-center fusion-title-text fusion-title-size-one\" style=\"margin-top:0px;margin-bottom:0px;\"><h1 class=\"title-heading-center\" style=\"margin:0;\"><span style=\"color: #ffffff; padding: 3%;\">35 EDICI\u00d3N &#8211; 2015<\/span><\/h1><\/div><div class=\"fusion-clearfix\"><\/div><\/div><\/div><\/div><\/div><div class=\"fusion-fullwidth fullwidth-box fusion-builder-row-2 nonhundred-percent-fullwidth non-hundred-percent-height-scrolling\" style=\"background-color: rgba(255,255,255,0);background-position: center center;background-repeat: no-repeat;padding-top:0px;padding-right:0px;padding-bottom:0px;padding-left:0px;margin-bottom: 0px;margin-top: 2%;border-width: 0px 0px 0px 0px;border-color:#e7e4e2;border-style:solid;\" ><div class=\"fusion-builder-row fusion-row\"><div class=\"fusion-layout-column fusion_builder_column fusion-builder-column-1 fusion_builder_column_1_2 1_2 fusion-one-half fusion-column-first\" style=\"width:50%;width:calc(50% - ( ( 4% ) * 0.5 ) );margin-right: 4%;margin-top:10px;margin-bottom:10px;\"><div class=\"fusion-column-wrapper fusion-flex-column-wrapper-legacy\" style=\"background-position:left top;background-repeat:no-repeat;-webkit-background-size:cover;-moz-background-size:cover;-o-background-size:cover;background-size:cover;padding: 0px 0px 0px 0px;\"><div class=\"imageframe-align-center\"><span class=\" fusion-imageframe imageframe-none imageframe-1 hover-type-none\"><img width=\"1024\" height=\"953\" title=\"festival-de-la-guitarra-35-edici\u00f3n\" src=\"https:\/\/guitarracordoba.es\/wp-content\/uploads\/2018\/04\/festival-de-la-guitarra-35-edici\u00f3n-1024x953.jpg\" class=\"img-responsive wp-image-2606\" srcset=\"https:\/\/teatrocordoba.es\/festival-guitarra-cordoba\/wp-content\/uploads\/2018\/04\/festival-de-la-guitarra-35-edici\u00f3n-200x186.jpg 200w, https:\/\/teatrocordoba.es\/festival-guitarra-cordoba\/wp-content\/uploads\/2018\/04\/festival-de-la-guitarra-35-edici\u00f3n-400x372.jpg 400w, https:\/\/teatrocordoba.es\/festival-guitarra-cordoba\/wp-content\/uploads\/2018\/04\/festival-de-la-guitarra-35-edici\u00f3n-600x559.jpg 600w, https:\/\/teatrocordoba.es\/festival-guitarra-cordoba\/wp-content\/uploads\/2018\/04\/festival-de-la-guitarra-35-edici\u00f3n-800x745.jpg 800w, https:\/\/teatrocordoba.es\/festival-guitarra-cordoba\/wp-content\/uploads\/2018\/04\/festival-de-la-guitarra-35-edici\u00f3n-1200x1117.jpg 1200w, https:\/\/teatrocordoba.es\/festival-guitarra-cordoba\/wp-content\/uploads\/2018\/04\/festival-de-la-guitarra-35-edici\u00f3n.jpg 1654w\" sizes=\"(max-width: 1000px) 100vw, 800px\" \/><\/span><\/div><div class=\"fusion-sep-clear\"><\/div><div class=\"fusion-separator fusion-full-width-sep\" style=\"margin-left: auto;margin-right: auto;margin-top:3%;width:100%;\"><\/div><div class=\"fusion-sep-clear\"><\/div><style type=\"text\/css\"><\/style><div class=\"fusion-title title fusion-title-2 fusion-sep-none fusion-title-text fusion-title-size-two\" style=\"margin-top:0px;margin-bottom:30px;\"><h2 class=\"title-heading-left\" style=\"margin:0;\"><span style=\"color: #3c3c3c;\">GALER\u00cdA DE CONCIERTOS<\/span><\/h2><\/div><div class=\"fusion-slider-sc fusion-flexslider-loading flexslider flexslider-hover-type-none\" data-slideshow_autoplay=\"1\" data-slideshow_smooth_height=\"0\" data-slideshow_speed=\"7000\" style=\"max-width:100%;height:100%;\"><ul class=\"slides\"><li class=\"image\"><span class=\"fusion-image-hover-element hover-type-none\"><img src=\"https:\/\/guitarracordoba.es\/wp-content\/uploads\/2018\/04\/1439379456.jpg\" \/><\/span><\/li><li class=\"image\"><span class=\"fusion-image-hover-element hover-type-none\"><img src=\"https:\/\/guitarracordoba.es\/wp-content\/uploads\/2018\/04\/1439480050.jpg\" \/><\/span><\/li><li class=\"image\"><span class=\"fusion-image-hover-element hover-type-none\"><img src=\"https:\/\/guitarracordoba.es\/wp-content\/uploads\/2018\/04\/1439488954.jpg\" \/><\/span><\/li><li class=\"image\"><span class=\"fusion-image-hover-element hover-type-none\"><img src=\"https:\/\/guitarracordoba.es\/wp-content\/uploads\/2018\/04\/1439655170.jpg\" \/><\/span><\/li><li class=\"image\"><span class=\"fusion-image-hover-element hover-type-none\"><img src=\"https:\/\/guitarracordoba.es\/wp-content\/uploads\/2018\/04\/1439746957.jpg\" \/><\/span><\/li><li class=\"image\"><span class=\"fusion-image-hover-element hover-type-none\"><img src=\"https:\/\/guitarracordoba.es\/wp-content\/uploads\/2018\/04\/1439806865.jpg\" \/><\/span><\/li><li class=\"image\"><span class=\"fusion-image-hover-element hover-type-none\"><img src=\"https:\/\/guitarracordoba.es\/wp-content\/uploads\/2018\/04\/h2.jpg\" \/><\/span><\/li><li class=\"image\"><span class=\"fusion-image-hover-element hover-type-none\"><img src=\"https:\/\/guitarracordoba.es\/wp-content\/uploads\/2018\/04\/1438429863.jpg\" \/><\/span><\/li><li class=\"image\"><span class=\"fusion-image-hover-element hover-type-none\"><img src=\"https:\/\/guitarracordoba.es\/wp-content\/uploads\/2018\/04\/1438593297.jpg\" \/><\/span><\/li><li class=\"image\"><span class=\"fusion-image-hover-element hover-type-none\"><img src=\"https:\/\/guitarracordoba.es\/wp-content\/uploads\/2018\/04\/1438614023.jpg\" \/><\/span><\/li><li class=\"image\"><span class=\"fusion-image-hover-element hover-type-none\"><img src=\"https:\/\/guitarracordoba.es\/wp-content\/uploads\/2018\/04\/1438884608.jpg\" \/><\/span><\/li><li class=\"image\"><span class=\"fusion-image-hover-element hover-type-none\"><img src=\"https:\/\/guitarracordoba.es\/wp-content\/uploads\/2018\/04\/1438945205.jpg\" \/><\/span><\/li><li class=\"image\"><span class=\"fusion-image-hover-element hover-type-none\"><img src=\"https:\/\/guitarracordoba.es\/wp-content\/uploads\/2018\/04\/1439142453.jpg\" \/><\/span><\/li><li class=\"image\"><span class=\"fusion-image-hover-element hover-type-none\"><img src=\"https:\/\/guitarracordoba.es\/wp-content\/uploads\/2018\/04\/1439208902.jpg\" \/><\/span><\/li><li class=\"image\"><span class=\"fusion-image-hover-element hover-type-none\"><img src=\"https:\/\/guitarracordoba.es\/wp-content\/uploads\/2018\/04\/1439221273.jpg\" \/><\/span><\/li><li class=\"image\"><span class=\"fusion-image-hover-element hover-type-none\"><img src=\"https:\/\/guitarracordoba.es\/wp-content\/uploads\/2018\/04\/1439313505.jpg\" \/><\/span><\/li><li class=\"image\"><span class=\"fusion-image-hover-element hover-type-none\"><img src=\"https:\/\/guitarracordoba.es\/wp-content\/uploads\/2018\/04\/1439369882.jpg\" \/><\/span><\/li><\/ul><\/div><div class=\"fusion-sep-clear\"><\/div><div class=\"fusion-separator fusion-full-width-sep\" style=\"margin-left: auto;margin-right: auto;margin-top:3%;width:100%;\"><\/div><div class=\"fusion-sep-clear\"><\/div><style type=\"text\/css\"><\/style><div class=\"fusion-title title fusion-title-3 fusion-sep-none fusion-title-text fusion-title-size-two\" style=\"margin-top:0px;margin-bottom:30px;\"><h2 class=\"title-heading-left\" style=\"margin:0;\"><span style=\"color: #3c3c3c;\">GALER\u00cdA PROGRAMA FORMATIVO<\/span><\/h2><\/div><div class=\"fusion-slider-sc fusion-flexslider-loading flexslider flexslider-hover-type-none\" data-slideshow_autoplay=\"1\" data-slideshow_smooth_height=\"0\" data-slideshow_speed=\"7000\" style=\"max-width:100%;height:100%;\"><ul class=\"slides\"><li class=\"image\"><span class=\"fusion-image-hover-element hover-type-none\"><img src=\"https:\/\/guitarracordoba.es\/wp-content\/uploads\/2018\/04\/image29-1.jpg\" \/><\/span><\/li><li class=\"image\"><span class=\"fusion-image-hover-element hover-type-none\"><img src=\"https:\/\/guitarracordoba.es\/wp-content\/uploads\/2018\/04\/image30.jpg\" \/><\/span><\/li><li class=\"image\"><span class=\"fusion-image-hover-element hover-type-none\"><img src=\"https:\/\/guitarracordoba.es\/wp-content\/uploads\/2018\/04\/image31-1.jpg\" \/><\/span><\/li><li class=\"image\"><span class=\"fusion-image-hover-element hover-type-none\"><img src=\"https:\/\/guitarracordoba.es\/wp-content\/uploads\/2018\/04\/image32.jpg\" \/><\/span><\/li><li class=\"image\"><span class=\"fusion-image-hover-element hover-type-none\"><img src=\"https:\/\/guitarracordoba.es\/wp-content\/uploads\/2018\/04\/image33.jpg\" \/><\/span><\/li><li class=\"image\"><span class=\"fusion-image-hover-element hover-type-none\"><img src=\"https:\/\/guitarracordoba.es\/wp-content\/uploads\/2018\/04\/image34.jpg\" \/><\/span><\/li><li class=\"image\"><span class=\"fusion-image-hover-element hover-type-none\"><img src=\"https:\/\/guitarracordoba.es\/wp-content\/uploads\/2018\/04\/image35-1.jpg\" \/><\/span><\/li><li class=\"image\"><span class=\"fusion-image-hover-element hover-type-none\"><img src=\"https:\/\/guitarracordoba.es\/wp-content\/uploads\/2018\/04\/image36-1.jpg\" \/><\/span><\/li><li class=\"image\"><span class=\"fusion-image-hover-element hover-type-none\"><img src=\"https:\/\/guitarracordoba.es\/wp-content\/uploads\/2018\/04\/image37-1.jpg\" \/><\/span><\/li><li class=\"image\"><span class=\"fusion-image-hover-element hover-type-none\"><img src=\"https:\/\/guitarracordoba.es\/wp-content\/uploads\/2018\/04\/image38-1.jpg\" \/><\/span><\/li><li class=\"image\"><span class=\"fusion-image-hover-element hover-type-none\"><img src=\"https:\/\/guitarracordoba.es\/wp-content\/uploads\/2018\/04\/image39-2.jpg\" \/><\/span><\/li><li class=\"image\"><span class=\"fusion-image-hover-element hover-type-none\"><img src=\"https:\/\/guitarracordoba.es\/wp-content\/uploads\/2018\/04\/image40-2.jpg\" \/><\/span><\/li><li class=\"image\"><span class=\"fusion-image-hover-element hover-type-none\"><img src=\"https:\/\/guitarracordoba.es\/wp-content\/uploads\/2018\/04\/image41-2.jpg\" \/><\/span><\/li><\/ul><\/div><div class=\"fusion-clearfix\"><\/div><\/div><\/div><div class=\"fusion-layout-column fusion_builder_column fusion-builder-column-2 fusion_builder_column_1_2 1_2 fusion-one-half fusion-column-last\" style=\"width:50%;width:calc(50% - ( ( 4% ) * 0.5 ) );margin-top:10px;margin-bottom:10px;\"><div class=\"fusion-column-wrapper fusion-flex-column-wrapper-legacy\" style=\"background-position:left top;background-repeat:no-repeat;-webkit-background-size:cover;-moz-background-size:cover;-o-background-size:cover;background-size:cover;padding: 0px 0px 0px 0px;\"><div class=\"fusion-text fusion-text-1\" style=\"transform:translate3d(0,0,0);\"><p style=\"text-align: justify;\">Esta edici\u00f3n del Festival de la Guitarra de C\u00f3rdoba ha estado plagada de sorpresas. Sorpresas han sido la coincidencia de dos grandes nombres de la m\u00fasica internacional, como Dylan y Sting (12.500 almas le escucharon); no menos esperados el d\u00fao nacional de Serrat y Rosendo, casi 100 a\u00f1os les contemplan de buena m\u00fasica, dos mitos nacionales en sus respectivas voces. A estos cuatro grandes nombres les acompa\u00f1aron otros tantos. Un total de 20 conciertos de todos los estilos y formatos \u2013como viene siendo habitual en el Festival- para conformar un abanico donde la guitarra brillara como un astro musical de primer nivel, un astro a cuyo alrededor sonara el flamenco, el blues, el jazz, el rock o la cl\u00e1sica. Que de todo ha habido; empezando por el estreno en Europa del concierto de S. Assad (Concierto do R\u00edo) hasta culminar en el coso taurino con los sones de Sting.\u00a0<span style=\"line-height: 1.5em; background-color: rgba(0, 0, 0, 0);\">Entre medias, la genialidad a d\u00fao de Jorge Pardo y Pepe Habichuela, de Chano Domiguez y Ni\u00f1o Josele o de JM Gallardo y MA Cort\u00e9s.\u00a0<\/span><\/p>\n<p style=\"text-align: justify;\">Estremecedor la reposici\u00f3n en C\u00f3rdoba de \u201cEl guitarrista azul\u201d, obra del genial guitarrista JA Rodr\u00edguez. Nos visitaron por primera vez Los lobos o los Gambale, Frissell y Ribot, tres sat\u00e9lites del planeta jazz. Otros 3, esta vez a la guitarra flamenca (Chicuelo, S. Lara y A. Lagos) clausuraron las puertas del Teatro G\u00f3ngora y dejaron su aroma a flamenquer\u00eda. Como lo dejara igualmente al baile Rub\u00e9n Olmo y sus \u201cTentaciones de Poe\u201d. El clasicismo corri\u00f3 por las venas-cuerdas de Barrueco, Dyens y Russell, impresionante \u00e9ste \u00faltimo con sus cantos a su Galicia de adopci\u00f3n. 20 espect\u00e1culos para el deleite de 24.236 personas, cifra que rebasa en m\u00e1s del 25% los espectadores de la edici\u00f3n anterior.<\/p>\n<p style=\"text-align: justify;\">Y los cursos, \u00a1benditos cursos! EL Programa Formativo del Festival volvi\u00f3 a brillar de la mano de sus magistrales profesores (Sanl\u00facar, Josemi, Russell, Pablo Villegas, Latorre\u2026), un claustro que hace las delicias de propios y for\u00e1neos, como lo demuestra que en torno al 45% del alumnado sea extranjero venido de m\u00e1s de 21 pa\u00edses del mundo, a destacar EE.UU, Gran Breta\u00f1a, Suiza, Italia y China. Son nuestros mejores embajadores. EL Festival estar\u00e1 siempre en deuda con sus profesores y sus alumnos.<\/p>\n<p style=\"text-align: justify;\">En fin, se acab\u00f3 est\u00e1 edici\u00f3n, Se cierra el 35 Festival de la Guitarra de C\u00f3rdoba. Siempre nos puede quedar youtube para darle un vistazo. Como se nos han quedado enganchados en las sonantas Figue y Jos\u00e9 Luis, a \u00a0quien tanto debemos y quisimos. Por delante ya estamos pensando en la siguiente edici\u00f3n, la 36 ya del Festival de la Guitarra de C\u00f3rdoba.<\/p>\n<p style=\"text-align: left;\"><span style=\"color: #c29100;\">Juan Carlos Limia Mateo<\/span><\/p>\n<p><span style=\"color: #c29100;\">Director del Festival de la Guitarra de C\u00f3rdoba<\/span><\/p>\n<\/div><div class=\"fusion-clearfix\"><\/div><\/div><\/div><\/div><\/div><div class=\"fusion-fullwidth fullwidth-box fusion-builder-row-3 nonhundred-percent-fullwidth non-hundred-percent-height-scrolling\" style=\"background-color: rgba(255,255,255,0);background-position: center center;background-repeat: no-repeat;padding-top:0px;padding-right:0px;padding-bottom:0px;padding-left:0px;margin-bottom: 0px;margin-top: 0px;border-width: 0px 0px 0px 0px;border-color:#e7e4e2;border-style:solid;\" ><div class=\"fusion-builder-row fusion-row\"><div class=\"fusion-layout-column fusion_builder_column fusion-builder-column-3 fusion_builder_column_1_1 1_1 fusion-one-full fusion-column-first fusion-column-last\" style=\"margin-top:10px;margin-bottom:10px;\"><div class=\"fusion-column-wrapper fusion-flex-column-wrapper-legacy\" style=\"background-position:left top;background-repeat:no-repeat;-webkit-background-size:cover;-moz-background-size:cover;-o-background-size:cover;background-size:cover;background-color:#ffffff;padding: 0px 0px 0px 0px;\"><div class=\"fusion-sep-clear\"><\/div><div class=\"fusion-separator fusion-full-width-sep\" style=\"margin-left: auto;margin-right: auto;margin-top:5px;width:100%;\"><\/div><div class=\"fusion-sep-clear\"><\/div><div class=\"fusion-text fusion-text-2\" style=\"transform:translate3d(0,0,0);\"><\/div><style type=\"text\/css\"><\/style><div class=\"fusion-title title fusion-title-4 fusion-title-center fusion-title-text fusion-title-size-four\" style=\"margin-top:0px;margin-bottom:30px;\"><div class=\"title-sep-container title-sep-container-left\"><div class=\"title-sep sep-single sep-solid\" style=\"border-color:#3c3c3c;\"><\/div><\/div><h4 class=\"title-heading-center\" style=\"margin:0;\"><span style=\"color: #3c3c3c;\">PINCHANDO EN LA FECHA PODR\u00c1S VER EL V\u00cdDEO DE CADA ESPECT\u00c1CULO<\/span><\/h4><div class=\"title-sep-container title-sep-container-right\"><div class=\"title-sep sep-single sep-solid\" style=\"border-color:#3c3c3c;\"><\/div><\/div><\/div><div class=\"fusion-clearfix\"><\/div><\/div><\/div><div class=\"fusion-layout-column fusion_builder_column fusion-builder-column-4 fusion_builder_column_1_3 1_3 fusion-one-third fusion-column-first\" style=\"width:33.333333333333%;width:calc(33.333333333333% - ( ( 4% + 4% ) * 0.33333333333333 ) );margin-right: 4%;margin-top:10px;margin-bottom:10px;\"><div class=\"fusion-column-wrapper fusion-flex-column-wrapper-legacy\" style=\"background-position:left top;background-repeat:no-repeat;-webkit-background-size:cover;-moz-background-size:cover;-o-background-size:cover;background-size:cover;padding: 0px 0px 0px 0px;\"><div class=\"imageframe-align-center\"><span class=\" fusion-imageframe imageframe-none imageframe-2 hover-type-none\"><a class=\"fusion-no-lightbox\" href=\"https:\/\/www.youtube.com\/watch?v=0NklBJN2Q9Y\" target=\"_blank\" aria-label=\"image(1)\" rel=\"noopener noreferrer\"><img width=\"413\" height=\"80\" src=\"https:\/\/guitarracordoba.es\/wp-content\/uploads\/2018\/04\/image1-2.jpg\" class=\"img-responsive wp-image-2655\" srcset=\"https:\/\/teatrocordoba.es\/festival-guitarra-cordoba\/wp-content\/uploads\/2018\/04\/image1-2-200x39.jpg 200w, https:\/\/teatrocordoba.es\/festival-guitarra-cordoba\/wp-content\/uploads\/2018\/04\/image1-2-400x77.jpg 400w, https:\/\/teatrocordoba.es\/festival-guitarra-cordoba\/wp-content\/uploads\/2018\/04\/image1-2.jpg 413w\" sizes=\"(max-width: 1000px) 100vw, 400px\" \/><\/a><\/span><\/div><div class=\"fusion-sep-clear\"><\/div><div class=\"fusion-separator fusion-full-width-sep\" style=\"margin-left: auto;margin-right: auto;margin-top:3%;width:100%;\"><\/div><div class=\"fusion-sep-clear\"><\/div><div class=\"imageframe-align-center\"><span class=\" fusion-imageframe imageframe-none imageframe-3 hover-type-none\"><a class=\"fusion-no-lightbox\" href=\"https:\/\/www.youtube.com\/watch?v=7-vzrmCnzaA\" target=\"_blank\" aria-label=\"image(4)\" rel=\"noopener noreferrer\"><img width=\"413\" height=\"80\" src=\"https:\/\/guitarracordoba.es\/wp-content\/uploads\/2018\/04\/image4-2.jpg\" class=\"img-responsive wp-image-2658\" srcset=\"https:\/\/teatrocordoba.es\/festival-guitarra-cordoba\/wp-content\/uploads\/2018\/04\/image4-2-200x39.jpg 200w, https:\/\/teatrocordoba.es\/festival-guitarra-cordoba\/wp-content\/uploads\/2018\/04\/image4-2-400x77.jpg 400w, https:\/\/teatrocordoba.es\/festival-guitarra-cordoba\/wp-content\/uploads\/2018\/04\/image4-2.jpg 413w\" sizes=\"(max-width: 1000px) 100vw, 400px\" \/><\/a><\/span><\/div><div class=\"fusion-sep-clear\"><\/div><div class=\"fusion-separator fusion-full-width-sep\" style=\"margin-left: auto;margin-right: auto;margin-top:3%;width:100%;\"><\/div><div class=\"fusion-sep-clear\"><\/div><div class=\"imageframe-align-center\"><span class=\" fusion-imageframe imageframe-none imageframe-4 hover-type-none\"><a class=\"fusion-no-lightbox\" href=\"https:\/\/www.youtube.com\/watch?v=WfvjOLQNvGc\" target=\"_blank\" aria-label=\"image(7)\" rel=\"noopener noreferrer\"><img width=\"413\" height=\"80\" src=\"https:\/\/guitarracordoba.es\/wp-content\/uploads\/2018\/04\/image7-2.jpg\" class=\"img-responsive wp-image-2662\" srcset=\"https:\/\/teatrocordoba.es\/festival-guitarra-cordoba\/wp-content\/uploads\/2018\/04\/image7-2-200x39.jpg 200w, https:\/\/teatrocordoba.es\/festival-guitarra-cordoba\/wp-content\/uploads\/2018\/04\/image7-2-400x77.jpg 400w, https:\/\/teatrocordoba.es\/festival-guitarra-cordoba\/wp-content\/uploads\/2018\/04\/image7-2.jpg 413w\" sizes=\"(max-width: 1000px) 100vw, 400px\" \/><\/a><\/span><\/div><div class=\"fusion-sep-clear\"><\/div><div class=\"fusion-separator fusion-full-width-sep\" style=\"margin-left: auto;margin-right: auto;margin-top:3%;width:100%;\"><\/div><div class=\"fusion-sep-clear\"><\/div><div class=\"imageframe-align-center\"><span class=\" fusion-imageframe imageframe-none imageframe-5 hover-type-none\"><a class=\"fusion-no-lightbox\" href=\"https:\/\/www.youtube.com\/watch?v=zkP3YH3XcE4&amp;index=11&amp;list=PLWsCl4sVo-zVh-CMhetDCJAG34MYBz__0\" target=\"_blank\" aria-label=\"image(10)\" rel=\"noopener noreferrer\"><img width=\"413\" height=\"80\" src=\"https:\/\/guitarracordoba.es\/wp-content\/uploads\/2018\/04\/image10-2.jpg\" class=\"img-responsive wp-image-2665\" srcset=\"https:\/\/teatrocordoba.es\/festival-guitarra-cordoba\/wp-content\/uploads\/2018\/04\/image10-2-200x39.jpg 200w, https:\/\/teatrocordoba.es\/festival-guitarra-cordoba\/wp-content\/uploads\/2018\/04\/image10-2-400x77.jpg 400w, https:\/\/teatrocordoba.es\/festival-guitarra-cordoba\/wp-content\/uploads\/2018\/04\/image10-2.jpg 413w\" sizes=\"(max-width: 1000px) 100vw, 400px\" \/><\/a><\/span><\/div><div class=\"fusion-sep-clear\"><\/div><div class=\"fusion-separator fusion-full-width-sep\" style=\"margin-left: auto;margin-right: auto;margin-top:3%;width:100%;\"><\/div><div class=\"fusion-sep-clear\"><\/div><div class=\"imageframe-align-center\"><span class=\" fusion-imageframe imageframe-none imageframe-6 hover-type-none\"><a class=\"fusion-no-lightbox\" href=\"https:\/\/www.youtube.com\/watch?v=fFFgri-N6q4\" target=\"_blank\" aria-label=\"image(13)\" rel=\"noopener noreferrer\"><img width=\"413\" height=\"80\" src=\"https:\/\/guitarracordoba.es\/wp-content\/uploads\/2018\/04\/image13-1.jpg\" class=\"img-responsive wp-image-2669\" srcset=\"https:\/\/teatrocordoba.es\/festival-guitarra-cordoba\/wp-content\/uploads\/2018\/04\/image13-1-200x39.jpg 200w, https:\/\/teatrocordoba.es\/festival-guitarra-cordoba\/wp-content\/uploads\/2018\/04\/image13-1-400x77.jpg 400w, https:\/\/teatrocordoba.es\/festival-guitarra-cordoba\/wp-content\/uploads\/2018\/04\/image13-1.jpg 413w\" sizes=\"(max-width: 1000px) 100vw, 400px\" \/><\/a><\/span><\/div><div class=\"fusion-sep-clear\"><\/div><div class=\"fusion-separator fusion-full-width-sep\" style=\"margin-left: auto;margin-right: auto;margin-top:3%;width:100%;\"><\/div><div class=\"fusion-sep-clear\"><\/div><div class=\"imageframe-align-center\"><span class=\" fusion-imageframe imageframe-none imageframe-7 hover-type-none\"><a class=\"fusion-no-lightbox\" href=\"https:\/\/www.youtube.com\/watch?v=e1fRzLel5bg\" target=\"_blank\" aria-label=\"image(16)\" rel=\"noopener noreferrer\"><img width=\"413\" height=\"80\" src=\"https:\/\/guitarracordoba.es\/wp-content\/uploads\/2018\/04\/image16-1.jpg\" class=\"img-responsive wp-image-2672\" srcset=\"https:\/\/teatrocordoba.es\/festival-guitarra-cordoba\/wp-content\/uploads\/2018\/04\/image16-1-200x39.jpg 200w, https:\/\/teatrocordoba.es\/festival-guitarra-cordoba\/wp-content\/uploads\/2018\/04\/image16-1-400x77.jpg 400w, https:\/\/teatrocordoba.es\/festival-guitarra-cordoba\/wp-content\/uploads\/2018\/04\/image16-1.jpg 413w\" sizes=\"(max-width: 1000px) 100vw, 400px\" \/><\/a><\/span><\/div><div class=\"fusion-sep-clear\"><\/div><div class=\"fusion-separator fusion-full-width-sep\" style=\"margin-left: auto;margin-right: auto;margin-top:3%;width:100%;\"><\/div><div class=\"fusion-sep-clear\"><\/div><div class=\"imageframe-align-center\"><span class=\" fusion-imageframe imageframe-none imageframe-8 hover-type-none\"><a class=\"fusion-no-lightbox\" href=\"https:\/\/www.youtube.com\/watch?v=d7lqufzj3VA\" target=\"_blank\" aria-label=\"image19-1-400&#215;77 copia-jmsERRAT\" rel=\"noopener noreferrer\"><img width=\"400\" height=\"77\" src=\"https:\/\/teatrocordoba.es\/festival-guitarra-cordoba\/wp-content\/uploads\/2025\/03\/image19-1-400x77-copia-jmsERRAT.jpg\" class=\"img-responsive wp-image-8335\" srcset=\"https:\/\/teatrocordoba.es\/festival-guitarra-cordoba\/wp-content\/uploads\/2025\/03\/image19-1-400x77-copia-jmsERRAT-200x39.jpg 200w, https:\/\/teatrocordoba.es\/festival-guitarra-cordoba\/wp-content\/uploads\/2025\/03\/image19-1-400x77-copia-jmsERRAT.jpg 400w\" sizes=\"(max-width: 1000px) 100vw, 400px\" \/><\/a><\/span><\/div><div class=\"fusion-clearfix\"><\/div><\/div><\/div><div class=\"fusion-layout-column fusion_builder_column fusion-builder-column-5 fusion_builder_column_1_3 1_3 fusion-one-third\" style=\"width:33.333333333333%;width:calc(33.333333333333% - ( ( 4% + 4% ) * 0.33333333333333 ) );margin-right: 4%;margin-top:10px;margin-bottom:10px;\"><div class=\"fusion-column-wrapper fusion-flex-column-wrapper-legacy\" style=\"background-position:left top;background-repeat:no-repeat;-webkit-background-size:cover;-moz-background-size:cover;-o-background-size:cover;background-size:cover;padding: 0px 0px 0px 0px;\"><div class=\"imageframe-align-center\"><span class=\" fusion-imageframe imageframe-none imageframe-9 hover-type-none\"><a class=\"fusion-no-lightbox\" href=\"https:\/\/www.youtube.com\/watch?v=oahmcfkOM_g\" target=\"_blank\" aria-label=\"image(2)\" rel=\"noopener noreferrer\"><img width=\"413\" height=\"80\" src=\"https:\/\/guitarracordoba.es\/wp-content\/uploads\/2018\/04\/image2-2.jpg\" class=\"img-responsive wp-image-2656\" srcset=\"https:\/\/teatrocordoba.es\/festival-guitarra-cordoba\/wp-content\/uploads\/2018\/04\/image2-2-200x39.jpg 200w, https:\/\/teatrocordoba.es\/festival-guitarra-cordoba\/wp-content\/uploads\/2018\/04\/image2-2-400x77.jpg 400w, https:\/\/teatrocordoba.es\/festival-guitarra-cordoba\/wp-content\/uploads\/2018\/04\/image2-2.jpg 413w\" sizes=\"(max-width: 1000px) 100vw, 400px\" \/><\/a><\/span><\/div><div class=\"fusion-sep-clear\"><\/div><div class=\"fusion-separator fusion-full-width-sep\" style=\"margin-left: auto;margin-right: auto;margin-top:3%;width:100%;\"><\/div><div class=\"fusion-sep-clear\"><\/div><div class=\"imageframe-align-center\"><span class=\" fusion-imageframe imageframe-none imageframe-10 hover-type-none\"><a class=\"fusion-no-lightbox\" href=\"https:\/\/www.youtube.com\/watch?v=BcAuuMOi5mc\" target=\"_blank\" aria-label=\"image(5)\" rel=\"noopener noreferrer\"><img width=\"413\" height=\"80\" src=\"https:\/\/guitarracordoba.es\/wp-content\/uploads\/2018\/04\/image5-2.jpg\" class=\"img-responsive wp-image-2659\" srcset=\"https:\/\/teatrocordoba.es\/festival-guitarra-cordoba\/wp-content\/uploads\/2018\/04\/image5-2-200x39.jpg 200w, https:\/\/teatrocordoba.es\/festival-guitarra-cordoba\/wp-content\/uploads\/2018\/04\/image5-2-400x77.jpg 400w, https:\/\/teatrocordoba.es\/festival-guitarra-cordoba\/wp-content\/uploads\/2018\/04\/image5-2.jpg 413w\" sizes=\"(max-width: 1000px) 100vw, 400px\" \/><\/a><\/span><\/div><div class=\"fusion-sep-clear\"><\/div><div class=\"fusion-separator fusion-full-width-sep\" style=\"margin-left: auto;margin-right: auto;margin-top:3%;width:100%;\"><\/div><div class=\"fusion-sep-clear\"><\/div><div class=\"imageframe-align-center\"><span class=\" fusion-imageframe imageframe-none imageframe-11 hover-type-none\"><a class=\"fusion-no-lightbox\" href=\"https:\/\/www.youtube.com\/watch?v=Bbi-Mvke22s\" target=\"_blank\" aria-label=\"image(8)\" rel=\"noopener noreferrer\"><img width=\"413\" height=\"80\" src=\"https:\/\/guitarracordoba.es\/wp-content\/uploads\/2018\/04\/image8-2.jpg\" class=\"img-responsive wp-image-2663\" srcset=\"https:\/\/teatrocordoba.es\/festival-guitarra-cordoba\/wp-content\/uploads\/2018\/04\/image8-2-200x39.jpg 200w, https:\/\/teatrocordoba.es\/festival-guitarra-cordoba\/wp-content\/uploads\/2018\/04\/image8-2-400x77.jpg 400w, https:\/\/teatrocordoba.es\/festival-guitarra-cordoba\/wp-content\/uploads\/2018\/04\/image8-2.jpg 413w\" sizes=\"(max-width: 1000px) 100vw, 400px\" \/><\/a><\/span><\/div><div class=\"fusion-sep-clear\"><\/div><div class=\"fusion-separator fusion-full-width-sep\" style=\"margin-left: auto;margin-right: auto;margin-top:3%;width:100%;\"><\/div><div class=\"fusion-sep-clear\"><\/div><div class=\"imageframe-align-center\"><span class=\" fusion-imageframe imageframe-none imageframe-12 hover-type-none\"><a class=\"fusion-no-lightbox\" href=\"https:\/\/www.youtube.com\/watch?v=zkS3vCEJ8rw\" target=\"_blank\" aria-label=\"image(11)\" rel=\"noopener noreferrer\"><img width=\"413\" height=\"80\" src=\"https:\/\/guitarracordoba.es\/wp-content\/uploads\/2018\/04\/image11-2.jpg\" class=\"img-responsive wp-image-2666\" srcset=\"https:\/\/teatrocordoba.es\/festival-guitarra-cordoba\/wp-content\/uploads\/2018\/04\/image11-2-200x39.jpg 200w, https:\/\/teatrocordoba.es\/festival-guitarra-cordoba\/wp-content\/uploads\/2018\/04\/image11-2-400x77.jpg 400w, https:\/\/teatrocordoba.es\/festival-guitarra-cordoba\/wp-content\/uploads\/2018\/04\/image11-2.jpg 413w\" sizes=\"(max-width: 1000px) 100vw, 400px\" \/><\/a><\/span><\/div><div class=\"fusion-sep-clear\"><\/div><div class=\"fusion-separator fusion-full-width-sep\" style=\"margin-left: auto;margin-right: auto;margin-top:3%;width:100%;\"><\/div><div class=\"fusion-sep-clear\"><\/div><div class=\"imageframe-align-center\"><span class=\" fusion-imageframe imageframe-none imageframe-13 hover-type-none\"><a class=\"fusion-no-lightbox\" href=\"https:\/\/www.youtube.com\/watch?v=qtoDbqu8C3E\" target=\"_blank\" aria-label=\"image(14)\" rel=\"noopener noreferrer\"><img width=\"413\" height=\"80\" src=\"https:\/\/guitarracordoba.es\/wp-content\/uploads\/2018\/04\/image14-1.jpg\" class=\"img-responsive wp-image-2670\" srcset=\"https:\/\/teatrocordoba.es\/festival-guitarra-cordoba\/wp-content\/uploads\/2018\/04\/image14-1-200x39.jpg 200w, https:\/\/teatrocordoba.es\/festival-guitarra-cordoba\/wp-content\/uploads\/2018\/04\/image14-1-400x77.jpg 400w, https:\/\/teatrocordoba.es\/festival-guitarra-cordoba\/wp-content\/uploads\/2018\/04\/image14-1.jpg 413w\" sizes=\"(max-width: 1000px) 100vw, 400px\" \/><\/a><\/span><\/div><div class=\"fusion-sep-clear\"><\/div><div class=\"fusion-separator fusion-full-width-sep\" style=\"margin-left: auto;margin-right: auto;margin-top:3%;width:100%;\"><\/div><div class=\"fusion-sep-clear\"><\/div><div class=\"imageframe-align-center\"><span class=\" fusion-imageframe imageframe-none imageframe-14 hover-type-none\"><a class=\"fusion-no-lightbox\" href=\"https:\/\/www.youtube.com\/watch?v=Xt_cXAIiVx0\" target=\"_blank\" aria-label=\"image(17)\" rel=\"noopener noreferrer\"><img width=\"413\" height=\"80\" src=\"https:\/\/guitarracordoba.es\/wp-content\/uploads\/2018\/04\/image17-1.jpg\" class=\"img-responsive wp-image-2673\" srcset=\"https:\/\/teatrocordoba.es\/festival-guitarra-cordoba\/wp-content\/uploads\/2018\/04\/image17-1-200x39.jpg 200w, https:\/\/teatrocordoba.es\/festival-guitarra-cordoba\/wp-content\/uploads\/2018\/04\/image17-1-400x77.jpg 400w, https:\/\/teatrocordoba.es\/festival-guitarra-cordoba\/wp-content\/uploads\/2018\/04\/image17-1.jpg 413w\" sizes=\"(max-width: 1000px) 100vw, 400px\" \/><\/a><\/span><\/div><div class=\"fusion-sep-clear\"><\/div><div class=\"fusion-separator fusion-full-width-sep\" style=\"margin-left: auto;margin-right: auto;margin-top:3%;width:100%;\"><\/div><div class=\"fusion-sep-clear\"><\/div><span class=\" fusion-imageframe imageframe-none imageframe-15 hover-type-none\" style=\"margin-right:25px;float:left;\"><a class=\"fusion-no-lightbox\" href=\"https:\/\/www.youtube.com\/watch?v=9eVj7KwVNDI\" target=\"_blank\" aria-label=\"image(20)\" rel=\"noopener noreferrer\"><img width=\"329\" height=\"81\" src=\"https:\/\/guitarracordoba.es\/wp-content\/uploads\/2018\/04\/image20.jpg\" class=\"img-responsive wp-image-2676\" srcset=\"https:\/\/teatrocordoba.es\/festival-guitarra-cordoba\/wp-content\/uploads\/2018\/04\/image20-200x49.jpg 200w, https:\/\/teatrocordoba.es\/festival-guitarra-cordoba\/wp-content\/uploads\/2018\/04\/image20.jpg 329w\" sizes=\"(max-width: 1000px) 100vw, 329px\" \/><\/a><\/span><div class=\"fusion-clearfix\"><\/div><\/div><\/div><div class=\"fusion-layout-column fusion_builder_column fusion-builder-column-6 fusion_builder_column_1_3 1_3 fusion-one-third fusion-column-last\" style=\"width:33.333333333333%;width:calc(33.333333333333% - ( ( 4% + 4% ) * 0.33333333333333 ) );margin-top:10px;margin-bottom:10px;\"><div class=\"fusion-column-wrapper fusion-flex-column-wrapper-legacy\" style=\"background-position:left top;background-repeat:no-repeat;-webkit-background-size:cover;-moz-background-size:cover;-o-background-size:cover;background-size:cover;padding: 0px 0px 0px 0px;\"><div class=\"imageframe-align-center\"><span class=\" fusion-imageframe imageframe-none imageframe-16 hover-type-none\"><a class=\"fusion-no-lightbox\" href=\"https:\/\/www.youtube.com\/watch?v=tJ81ximd5n0\" target=\"_blank\" aria-label=\"image(3)\" rel=\"noopener noreferrer\"><img width=\"413\" height=\"80\" src=\"https:\/\/guitarracordoba.es\/wp-content\/uploads\/2018\/04\/image3-2.jpg\" class=\"img-responsive wp-image-2657\" srcset=\"https:\/\/teatrocordoba.es\/festival-guitarra-cordoba\/wp-content\/uploads\/2018\/04\/image3-2-200x39.jpg 200w, https:\/\/teatrocordoba.es\/festival-guitarra-cordoba\/wp-content\/uploads\/2018\/04\/image3-2-400x77.jpg 400w, https:\/\/teatrocordoba.es\/festival-guitarra-cordoba\/wp-content\/uploads\/2018\/04\/image3-2.jpg 413w\" sizes=\"(max-width: 1000px) 100vw, 400px\" \/><\/a><\/span><\/div><div class=\"fusion-sep-clear\"><\/div><div class=\"fusion-separator fusion-full-width-sep\" style=\"margin-left: auto;margin-right: auto;margin-top:3%;width:100%;\"><\/div><div class=\"fusion-sep-clear\"><\/div><div class=\"imageframe-align-center\"><span class=\" fusion-imageframe imageframe-none imageframe-17 hover-type-none\"><a class=\"fusion-no-lightbox\" href=\"https:\/\/www.youtube.com\/watch?v=WI57Lm3UwsM\" target=\"_blank\" aria-label=\"image(6)\" rel=\"noopener noreferrer\"><img width=\"413\" height=\"80\" src=\"https:\/\/guitarracordoba.es\/wp-content\/uploads\/2018\/04\/image6-2.jpg\" class=\"img-responsive wp-image-2660\" srcset=\"https:\/\/teatrocordoba.es\/festival-guitarra-cordoba\/wp-content\/uploads\/2018\/04\/image6-2-200x39.jpg 200w, https:\/\/teatrocordoba.es\/festival-guitarra-cordoba\/wp-content\/uploads\/2018\/04\/image6-2-400x77.jpg 400w, https:\/\/teatrocordoba.es\/festival-guitarra-cordoba\/wp-content\/uploads\/2018\/04\/image6-2.jpg 413w\" sizes=\"(max-width: 1000px) 100vw, 400px\" \/><\/a><\/span><\/div><div class=\"fusion-sep-clear\"><\/div><div class=\"fusion-separator fusion-full-width-sep\" style=\"margin-left: auto;margin-right: auto;margin-top:3%;width:100%;\"><\/div><div class=\"fusion-sep-clear\"><\/div><div class=\"imageframe-align-center\"><span class=\" fusion-imageframe imageframe-none imageframe-18 hover-type-none\"><a class=\"fusion-no-lightbox\" href=\"https:\/\/www.youtube.com\/watch?v=EHlcFGZiODk\" target=\"_blank\" aria-label=\"image(9)\" rel=\"noopener noreferrer\"><img width=\"413\" height=\"80\" src=\"https:\/\/guitarracordoba.es\/wp-content\/uploads\/2018\/04\/image9-2.jpg\" class=\"img-responsive wp-image-2664\" srcset=\"https:\/\/teatrocordoba.es\/festival-guitarra-cordoba\/wp-content\/uploads\/2018\/04\/image9-2-200x39.jpg 200w, https:\/\/teatrocordoba.es\/festival-guitarra-cordoba\/wp-content\/uploads\/2018\/04\/image9-2-400x77.jpg 400w, https:\/\/teatrocordoba.es\/festival-guitarra-cordoba\/wp-content\/uploads\/2018\/04\/image9-2.jpg 413w\" sizes=\"(max-width: 1000px) 100vw, 400px\" \/><\/a><\/span><\/div><div class=\"fusion-sep-clear\"><\/div><div class=\"fusion-separator fusion-full-width-sep\" style=\"margin-left: auto;margin-right: auto;margin-top:3%;width:100%;\"><\/div><div class=\"fusion-sep-clear\"><\/div><div class=\"imageframe-align-center\"><span class=\" fusion-imageframe imageframe-none imageframe-19 hover-type-none\"><a class=\"fusion-no-lightbox\" href=\"https:\/\/www.youtube.com\/watch?v=S5xbZ4Ecpx4\" target=\"_blank\" aria-label=\"image(12)\" rel=\"noopener noreferrer\"><img width=\"413\" height=\"80\" src=\"https:\/\/guitarracordoba.es\/wp-content\/uploads\/2018\/04\/image12-1.jpg\" class=\"img-responsive wp-image-2667\" srcset=\"https:\/\/teatrocordoba.es\/festival-guitarra-cordoba\/wp-content\/uploads\/2018\/04\/image12-1-200x39.jpg 200w, https:\/\/teatrocordoba.es\/festival-guitarra-cordoba\/wp-content\/uploads\/2018\/04\/image12-1-400x77.jpg 400w, https:\/\/teatrocordoba.es\/festival-guitarra-cordoba\/wp-content\/uploads\/2018\/04\/image12-1.jpg 413w\" sizes=\"(max-width: 1000px) 100vw, 400px\" \/><\/a><\/span><\/div><div class=\"fusion-sep-clear\"><\/div><div class=\"fusion-separator fusion-full-width-sep\" style=\"margin-left: auto;margin-right: auto;margin-top:3%;width:100%;\"><\/div><div class=\"fusion-sep-clear\"><\/div><div class=\"fusion-sep-clear\"><\/div><div class=\"fusion-separator fusion-full-width-sep\" style=\"margin-left: auto;margin-right: auto;margin-top:3%;width:100%;\"><\/div><div class=\"fusion-sep-clear\"><\/div><div class=\"imageframe-align-center\"><span class=\" fusion-imageframe imageframe-none imageframe-20 hover-type-none\"><a class=\"fusion-no-lightbox\" href=\"https:\/\/www.youtube.com\/watch?v=bDvVnhNotsY\" target=\"_blank\" aria-label=\"image(18)\" rel=\"noopener noreferrer\"><img width=\"413\" height=\"80\" src=\"https:\/\/guitarracordoba.es\/wp-content\/uploads\/2018\/04\/image18-1.jpg\" class=\"img-responsive wp-image-2674\" srcset=\"https:\/\/teatrocordoba.es\/festival-guitarra-cordoba\/wp-content\/uploads\/2018\/04\/image18-1-200x39.jpg 200w, https:\/\/teatrocordoba.es\/festival-guitarra-cordoba\/wp-content\/uploads\/2018\/04\/image18-1-400x77.jpg 400w, https:\/\/teatrocordoba.es\/festival-guitarra-cordoba\/wp-content\/uploads\/2018\/04\/image18-1.jpg 413w\" sizes=\"(max-width: 1000px) 100vw, 400px\" \/><\/a><\/span><\/div><div class=\"fusion-sep-clear\"><\/div><div class=\"fusion-separator fusion-full-width-sep\" style=\"margin-left: auto;margin-right: auto;margin-top:3%;width:100%;\"><\/div><div class=\"fusion-sep-clear\"><\/div><div class=\"fusion-clearfix\"><\/div><\/div><\/div><\/div><\/div><div class=\"fusion-fullwidth fullwidth-box fusion-builder-row-4 nonhundred-percent-fullwidth non-hundred-percent-height-scrolling\" style=\"background-color: rgba(255,255,255,0);background-position: center center;background-repeat: no-repeat;padding-top:0px;padding-right:0px;padding-bottom:0px;padding-left:0px;margin-bottom: 0px;margin-top: 0px;border-width: 0px 0px 0px 0px;border-color:#e7e4e2;border-style:solid;\" ><div class=\"fusion-builder-row fusion-row\"><\/div><\/div><\/p>\n","protected":false},"excerpt":{"rendered":"","protected":false},"author":4,"featured_media":0,"parent":0,"menu_order":0,"comment_status":"closed","ping_status":"closed","template":"100-width.php","meta":[],"acf":[],"_links":{"self":[{"href":"https:\/\/teatrocordoba.es\/festival-guitarra-cordoba\/wp-json\/wp\/v2\/pages\/2604"}],"collection":[{"href":"https:\/\/teatrocordoba.es\/festival-guitarra-cordoba\/wp-json\/wp\/v2\/pages"}],"about":[{"href":"https:\/\/teatrocordoba.es\/festival-guitarra-cordoba\/wp-json\/wp\/v2\/types\/page"}],"author":[{"embeddable":true,"href":"https:\/\/teatrocordoba.es\/festival-guitarra-cordoba\/wp-json\/wp\/v2\/users\/4"}],"replies":[{"embeddable":true,"href":"https:\/\/teatrocordoba.es\/festival-guitarra-cordoba\/wp-json\/wp\/v2\/comments?post=2604"}],"version-history":[{"count":17,"href":"https:\/\/teatrocordoba.es\/festival-guitarra-cordoba\/wp-json\/wp\/v2\/pages\/2604\/revisions"}],"predecessor-version":[{"id":8336,"href":"https:\/\/teatrocordoba.es\/festival-guitarra-cordoba\/wp-json\/wp\/v2\/pages\/2604\/revisions\/8336"}],"wp:attachment":[{"href":"https:\/\/teatrocordoba.es\/festival-guitarra-cordoba\/wp-json\/wp\/v2\/media?parent=2604"}],"curies":[{"name":"wp","href":"https:\/\/api.w.org\/{rel}","templated":true}]}}