{"id":4594,"date":"2021-04-16T10:24:54","date_gmt":"2021-04-16T10:24:54","guid":{"rendered":"https:\/\/teatrocordoba.es\/festival-guitarra-cordoba\/?page_id=4594"},"modified":"2021-07-26T10:41:53","modified_gmt":"2021-07-26T10:41:53","slug":"conciertos-y-espectaculos-2021","status":"publish","type":"page","link":"https:\/\/teatrocordoba.es\/festival-guitarra-cordoba\/conciertos-y-espectaculos-2021\/","title":{"rendered":"Conciertos y espect\u00e1culos 2021"},"content":{"rendered":"<p><div class=\"fusion-fullwidth fullwidth-box fusion-builder-row-1 nonhundred-percent-fullwidth non-hundred-percent-height-scrolling\" style=\"background-color: rgba(255,255,255,0);background-position: center center;background-repeat: no-repeat;padding-top:0px;padding-right:0px;padding-bottom:0px;padding-left:0px;margin-bottom: 0px;margin-top: 0px;border-width: 0px 0px 0px 0px;border-color:#e7e4e2;border-style:solid;\" ><div class=\"fusion-builder-row fusion-row\"><div class=\"fusion-layout-column fusion_builder_column fusion-builder-column-0 fusion_builder_column_1_1 1_1 fusion-one-full fusion-column-first fusion-column-last\" style=\"margin-top:10px;margin-bottom:10px;\"><div class=\"fusion-column-wrapper fusion-flex-column-wrapper-legacy\" style=\"background-position:left top;background-repeat:no-repeat;-webkit-background-size:cover;-moz-background-size:cover;-o-background-size:cover;background-size:cover;padding: 0px 0px 0px 0px;\"><style type=\"text\/css\"><\/style><div class=\"fusion-title title fusion-title-1 fusion-sep-none fusion-title-text fusion-title-size-one\" style=\"margin-top:0px;margin-bottom:30px;\"><h1 class=\"title-heading-left\" style=\"margin:0;\">Gran Teatro<\/h1><\/div><div class=\"fusion-clearfix\"><\/div><\/div><\/div><\/div><\/div><div class=\"fusion-fullwidth fullwidth-box fusion-builder-row-2 nonhundred-percent-fullwidth non-hundred-percent-height-scrolling\" style=\"background-color: rgba(255,255,255,0);background-position: center center;background-repeat: no-repeat;padding-top:0px;padding-right:0px;padding-bottom:0px;padding-left:0px;margin-bottom: 0px;margin-top: 0px;border-width: 0px 0px 0px 0px;border-color:#e7e4e2;border-style:solid;\" ><div class=\"fusion-builder-row fusion-row\"><div class=\"fusion-layout-column fusion_builder_column fusion-builder-column-1 fusion_builder_column_1_1 1_1 fusion-one-full fusion-column-first fusion-column-last\" style=\"margin-top:10px;margin-bottom:10px;\"><div class=\"fusion-column-wrapper fusion-flex-column-wrapper-legacy\" style=\"background-position:left top;background-repeat:no-repeat;-webkit-background-size:cover;-moz-background-size:cover;-o-background-size:cover;background-size:cover;padding: 0px 0px 0px 0px;\"><ul class=\"ecs-event-list\"><li class=\"ecs-event gran-teatro-2021_ecs_category\"><h4 class=\"entry-title summary\"><a href=\"https:\/\/teatrocordoba.es\/festival-guitarra-cordoba\/eventos\/orquesta-de-cordoba-juan-manuel-canizares-cuarteto-de-guitarras-de-andalucia\/\" rel=\"bookmark\">Orquesta de C\u00f3rdoba \/ Juan Manuel Ca\u00f1izares \/ Cuarteto de Guitarras de Andaluc\u00eda<\/a><\/h4><a href=\"https:\/\/teatrocordoba.es\/festival-guitarra-cordoba\/eventos\/orquesta-de-cordoba-juan-manuel-canizares-cuarteto-de-guitarras-de-andalucia\/\"><img width=\"300\" height=\"245\" src=\"https:\/\/teatrocordoba.es\/festival-guitarra-cordoba\/wp-content\/uploads\/2021\/04\/8dejulio-300x245.jpg\" class=\"attachment-medium size-medium wp-post-image\" alt=\"\" srcset=\"https:\/\/teatrocordoba.es\/festival-guitarra-cordoba\/wp-content\/uploads\/2021\/04\/8dejulio-200x163.jpg 200w, https:\/\/teatrocordoba.es\/festival-guitarra-cordoba\/wp-content\/uploads\/2021\/04\/8dejulio-300x245.jpg 300w, https:\/\/teatrocordoba.es\/festival-guitarra-cordoba\/wp-content\/uploads\/2021\/04\/8dejulio-400x327.jpg 400w, https:\/\/teatrocordoba.es\/festival-guitarra-cordoba\/wp-content\/uploads\/2021\/04\/8dejulio-600x490.jpg 600w, https:\/\/teatrocordoba.es\/festival-guitarra-cordoba\/wp-content\/uploads\/2021\/04\/8dejulio-768x627.jpg 768w, https:\/\/teatrocordoba.es\/festival-guitarra-cordoba\/wp-content\/uploads\/2021\/04\/8dejulio.jpg 790w\" sizes=\"(max-width: 300px) 100vw, 300px\" \/><\/a><span class=\"duration time\"><span class=\"tribe-event-date-start\">julio 8, 2021 | 20:30<\/span><\/span><\/li><li class=\"ecs-event gran-teatro-2021_ecs_category\"><h4 class=\"entry-title summary\"><a href=\"https:\/\/teatrocordoba.es\/festival-guitarra-cordoba\/eventos\/compania-de-manuel-linan-viva\/\" rel=\"bookmark\">Compa\u00f1\u00eda de Manuel Li\u00f1\u00e1n: \u00a1Viva!<\/a><\/h4><a href=\"https:\/\/teatrocordoba.es\/festival-guitarra-cordoba\/eventos\/compania-de-manuel-linan-viva\/\"><img width=\"300\" height=\"245\" src=\"https:\/\/teatrocordoba.es\/festival-guitarra-cordoba\/wp-content\/uploads\/2021\/04\/MicrosoftTeams-image-111-300x245.jpg\" class=\"attachment-medium size-medium wp-post-image\" alt=\"\" srcset=\"https:\/\/teatrocordoba.es\/festival-guitarra-cordoba\/wp-content\/uploads\/2021\/04\/MicrosoftTeams-image-111-200x163.jpg 200w, https:\/\/teatrocordoba.es\/festival-guitarra-cordoba\/wp-content\/uploads\/2021\/04\/MicrosoftTeams-image-111-300x245.jpg 300w, https:\/\/teatrocordoba.es\/festival-guitarra-cordoba\/wp-content\/uploads\/2021\/04\/MicrosoftTeams-image-111-400x327.jpg 400w, https:\/\/teatrocordoba.es\/festival-guitarra-cordoba\/wp-content\/uploads\/2021\/04\/MicrosoftTeams-image-111-600x490.jpg 600w, https:\/\/teatrocordoba.es\/festival-guitarra-cordoba\/wp-content\/uploads\/2021\/04\/MicrosoftTeams-image-111-768x627.jpg 768w, https:\/\/teatrocordoba.es\/festival-guitarra-cordoba\/wp-content\/uploads\/2021\/04\/MicrosoftTeams-image-111.jpg 790w\" sizes=\"(max-width: 300px) 100vw, 300px\" \/><\/a><span class=\"duration time\"><span class=\"tribe-event-date-start\">julio 10, 2021 | 20:30<\/span><\/span><\/li><li class=\"ecs-event gran-teatro-2021_ecs_category\"><h4 class=\"entry-title summary\"><a href=\"https:\/\/teatrocordoba.es\/festival-guitarra-cordoba\/eventos\/lagrene-farao-quartet\/\" rel=\"bookmark\">Lagr\u00e8ne Farao Quartet<\/a><\/h4><a href=\"https:\/\/teatrocordoba.es\/festival-guitarra-cordoba\/eventos\/lagrene-farao-quartet\/\"><img width=\"300\" height=\"245\" src=\"https:\/\/teatrocordoba.es\/festival-guitarra-cordoba\/wp-content\/uploads\/2021\/04\/cabecera-300x245.jpg\" class=\"attachment-medium size-medium wp-post-image\" alt=\"\" srcset=\"https:\/\/teatrocordoba.es\/festival-guitarra-cordoba\/wp-content\/uploads\/2021\/04\/cabecera-200x163.jpg 200w, https:\/\/teatrocordoba.es\/festival-guitarra-cordoba\/wp-content\/uploads\/2021\/04\/cabecera-300x245.jpg 300w, https:\/\/teatrocordoba.es\/festival-guitarra-cordoba\/wp-content\/uploads\/2021\/04\/cabecera-400x327.jpg 400w, https:\/\/teatrocordoba.es\/festival-guitarra-cordoba\/wp-content\/uploads\/2021\/04\/cabecera-600x490.jpg 600w, https:\/\/teatrocordoba.es\/festival-guitarra-cordoba\/wp-content\/uploads\/2021\/04\/cabecera-768x627.jpg 768w, https:\/\/teatrocordoba.es\/festival-guitarra-cordoba\/wp-content\/uploads\/2021\/04\/cabecera.jpg 790w\" sizes=\"(max-width: 300px) 100vw, 300px\" \/><\/a><span class=\"duration time\"><span class=\"tribe-event-date-start\">julio 13, 2021 | 20:30<\/span><\/span><\/li><li class=\"ecs-event gran-teatro-2021_ecs_category\"><h4 class=\"entry-title summary\"><a href=\"https:\/\/teatrocordoba.es\/festival-guitarra-cordoba\/eventos\/victor-monge-serranito-como-un-sueno\/\" rel=\"bookmark\">V\u00edctor Monge Serranito: \u00abComo un sue\u00f1o\u00bb<\/a><\/h4><a href=\"https:\/\/teatrocordoba.es\/festival-guitarra-cordoba\/eventos\/victor-monge-serranito-como-un-sueno\/\"><img width=\"300\" height=\"245\" src=\"https:\/\/teatrocordoba.es\/festival-guitarra-cordoba\/wp-content\/uploads\/2021\/04\/Victor-Monge-Serranito-300x245.jpg\" class=\"attachment-medium size-medium wp-post-image\" alt=\"\" srcset=\"https:\/\/teatrocordoba.es\/festival-guitarra-cordoba\/wp-content\/uploads\/2021\/04\/Victor-Monge-Serranito-200x163.jpg 200w, https:\/\/teatrocordoba.es\/festival-guitarra-cordoba\/wp-content\/uploads\/2021\/04\/Victor-Monge-Serranito-300x245.jpg 300w, https:\/\/teatrocordoba.es\/festival-guitarra-cordoba\/wp-content\/uploads\/2021\/04\/Victor-Monge-Serranito-400x327.jpg 400w, https:\/\/teatrocordoba.es\/festival-guitarra-cordoba\/wp-content\/uploads\/2021\/04\/Victor-Monge-Serranito-600x490.jpg 600w, https:\/\/teatrocordoba.es\/festival-guitarra-cordoba\/wp-content\/uploads\/2021\/04\/Victor-Monge-Serranito-768x627.jpg 768w, https:\/\/teatrocordoba.es\/festival-guitarra-cordoba\/wp-content\/uploads\/2021\/04\/Victor-Monge-Serranito.jpg 790w\" sizes=\"(max-width: 300px) 100vw, 300px\" \/><\/a><span class=\"duration time\"><span class=\"tribe-event-date-start\">julio 14, 2021 | 20:30<\/span><\/span><\/li><li class=\"ecs-event gran-teatro-2021_ecs_category\"><h4 class=\"entry-title summary\"><a href=\"https:\/\/teatrocordoba.es\/festival-guitarra-cordoba\/eventos\/jose-antonio-rodriguez-mccadden-place\/\" rel=\"bookmark\">Jos\u00e9 Antonio Rodr\u00edguez : \u00abMcCadden Place\u00bb<\/a><\/h4><a href=\"https:\/\/teatrocordoba.es\/festival-guitarra-cordoba\/eventos\/jose-antonio-rodriguez-mccadden-place\/\"><img width=\"300\" height=\"245\" src=\"https:\/\/teatrocordoba.es\/festival-guitarra-cordoba\/wp-content\/uploads\/2021\/04\/cabecera-2-300x245.jpg\" class=\"attachment-medium size-medium wp-post-image\" alt=\"\" srcset=\"https:\/\/teatrocordoba.es\/festival-guitarra-cordoba\/wp-content\/uploads\/2021\/04\/cabecera-2-200x163.jpg 200w, https:\/\/teatrocordoba.es\/festival-guitarra-cordoba\/wp-content\/uploads\/2021\/04\/cabecera-2-300x245.jpg 300w, https:\/\/teatrocordoba.es\/festival-guitarra-cordoba\/wp-content\/uploads\/2021\/04\/cabecera-2-400x327.jpg 400w, https:\/\/teatrocordoba.es\/festival-guitarra-cordoba\/wp-content\/uploads\/2021\/04\/cabecera-2-600x490.jpg 600w, https:\/\/teatrocordoba.es\/festival-guitarra-cordoba\/wp-content\/uploads\/2021\/04\/cabecera-2-768x627.jpg 768w, https:\/\/teatrocordoba.es\/festival-guitarra-cordoba\/wp-content\/uploads\/2021\/04\/cabecera-2.jpg 790w\" sizes=\"(max-width: 300px) 100vw, 300px\" \/><\/a><span class=\"duration time\"><span class=\"tribe-event-date-start\">julio 16, 2021 | 20:30<\/span><\/span><\/li><\/ul><script type=\"application\/ld+json\">\r\n[{\"@context\":\"http:\/\/schema.org\",\"@type\":\"Event\",\"name\":\"Orquesta de C\\u00f3rdoba \/ Juan Manuel Ca\\u00f1izares \/ Cuarteto de Guitarras de Andaluc\\u00eda\",\"description\":\"&lt;p&gt;Estreno absoluto de &quot;Concierto Moz\\u00e1rabe&quot; de Juan Manuel Ca\\u00f1izares (encargo del Festival de la Guitarra por su 40 aniversario) Programa I Gabriel Faur\\u00e9......................................................................................... Pavana op.50 Juan Manuel Ca\\u00f1izares............................................................................... Concierto Moz\\u00e1rabe Guitarra flamenca, Ca\\u00f1izares II Maurice Ravel............................................................................... Pavana para una infanta difunta Joaqu\\u00edn Rodrigo........................................................................................................\\u00a0 Concierto Andaluz Cuarteto de Guitarras de Andaluc\\u00eda: Francisco Bernier, David Mart\\u00ednez, Javier Riba, Antonio Duro Director: Carlos Dom\\u00ednguez-Nieto Estreno mundial del Concierto Moz\\u00e1rabe. Esta ser\\u00e1 la tercera composici\\u00f3n realizada por el guitarrista y compositor Juan Manuel Ca\\u00f1izares para guitarra y orquesta. En esta ocasi\\u00f3n, la obra es un encargo del Festival de la Guitarra de C\\u00f3rdoba para conmemorar [&hellip;]&lt;\/p&gt;\\\\n\",\"image\":\"https:\/\/teatrocordoba.es\/festival-guitarra-cordoba\/wp-content\/uploads\/2021\/04\/8dejulio.jpg\",\"url\":\"https:\/\/teatrocordoba.es\/festival-guitarra-cordoba\/eventos\/orquesta-de-cordoba-juan-manuel-canizares-cuarteto-de-guitarras-de-andalucia\/\",\"startDate\":\"2021-07-08T20:30:00+00:00\",\"endDate\":\"2021-07-08T20:30:00+00:00\",\"location\":{\"@type\":\"Place\",\"name\":\"Gran Teatro\",\"description\":\"\",\"url\":\"\",\"address\":{\"@type\":\"PostalAddress\",\"streetAddress\":\"Avda Gran Capit\\u00e1n, 3\",\"addressLocality\":\"C\\u00f3rdoba\",\"addressRegion\":\"C\\u00f3rdoba\",\"postalCode\":\"14008\",\"addressCountry\":\"Espa\\u00f1a\"},\"telephone\":\"957480237\",\"sameAs\":\"\"},\"organizer\":{\"@type\":\"Person\",\"name\":\"IMAE\",\"description\":\"\",\"url\":\"\",\"telephone\":\"957 48 02 92 - 957 48 06 44\",\"email\":\"&#99;o&#109;u&#110;i&#99;aci&#111;&#110;&#64;tea&#116;ro&#99;&#111;rd&#111;&#98;&#97;.o&#114;&#103;\",\"sameAs\":\"https:\/\/teatrocordoba.es\/\"},\"offers\":{\"@type\":\"Offer\",\"price\":\"8 \\u2013 21\",\"priceCurrency\":\"\\u20ac\",\"url\":\"https:\/\/teatrocordoba.es\/festival-guitarra-cordoba\/eventos\/orquesta-de-cordoba-juan-manuel-canizares-cuarteto-de-guitarras-de-andalucia\/\",\"category\":\"primary\",\"availability\":\"inStock\",\"validFrom\":\"1970-01-01T00:00:00+00:00\"},\"performer\":\"Organization\"},{\"@context\":\"http:\/\/schema.org\",\"@type\":\"Event\",\"name\":\"Compa\\u00f1\\u00eda de Manuel Li\\u00f1\\u00e1n: \\u00a1Viva!\",\"description\":\"&lt;p&gt;\\u00a1VIVA! es un canto a la libertad del movimiento, donde lo femenino es abrazado como propio, desde el cuerpo masculino, donde los patrones de g\\u00e9nero, en un mundo codificado como el flamenco se rompen desde la alegr\\u00eda y el gozo, creando nuevos terrenos que, aunque inexplorados, no nos resultan lejanos... Una transformaci\\u00f3n que construye un cuerpo que anhelamos, a trav\\u00e9s de una caracterizaci\\u00f3n inspirada en la mujer flamenca, para as\\u00ed poder realzar nuestra manera de expresarnos. Una transformaci\\u00f3n que no siempre implica una manera de enmascararse, sino m\\u00e1s bien una desnudez. En clave de celebraci\\u00f3n, Li\\u00f1\\u00e1n propone la pluralidad del baile, [&hellip;]&lt;\/p&gt;\\\\n\",\"image\":\"https:\/\/teatrocordoba.es\/festival-guitarra-cordoba\/wp-content\/uploads\/2021\/04\/MicrosoftTeams-image-111.jpg\",\"url\":\"https:\/\/teatrocordoba.es\/festival-guitarra-cordoba\/eventos\/compania-de-manuel-linan-viva\/\",\"startDate\":\"2021-07-10T20:30:00+00:00\",\"endDate\":\"2021-07-10T20:30:00+00:00\",\"location\":{\"@type\":\"Place\",\"name\":\"Gran Teatro\",\"description\":\"\",\"url\":\"\",\"address\":{\"@type\":\"PostalAddress\",\"streetAddress\":\"Avda Gran Capit\\u00e1n, 3\",\"addressLocality\":\"C\\u00f3rdoba\",\"addressRegion\":\"C\\u00f3rdoba\",\"postalCode\":\"14008\",\"addressCountry\":\"Espa\\u00f1a\"},\"telephone\":\"957480237\",\"sameAs\":\"\"},\"organizer\":{\"@type\":\"Person\",\"name\":\"IMAE\",\"description\":\"\",\"url\":\"\",\"telephone\":\"957 48 02 92 - 957 48 06 44\",\"email\":\"comun&#105;cac&#105;on&#64;&#116;&#101;&#97;&#116;rocordo&#98;&#97;.o&#114;g\",\"sameAs\":\"https:\/\/teatrocordoba.es\/\"},\"offers\":{\"@type\":\"Offer\",\"price\":\"8 \\u2013 21\",\"priceCurrency\":\"\\u20ac\",\"url\":\"https:\/\/teatrocordoba.es\/festival-guitarra-cordoba\/eventos\/compania-de-manuel-linan-viva\/\",\"category\":\"primary\",\"availability\":\"inStock\",\"validFrom\":\"1970-01-01T00:00:00+00:00\"},\"performer\":\"Organization\"},{\"@context\":\"http:\/\/schema.org\",\"@type\":\"Event\",\"name\":\"Lagr\\u00e8ne Farao Quartet\",\"description\":\"&lt;p&gt;Un supergrupo codirigido por Bir\\u00e9li Lagr\\u00e8ne y Antonio Farao , dos m\\u00fasicos que son artistas titulares individualmente por derecho propio. A ellos se unir\\u00e1n el bajista Hadrien Feraud y el baterista Yoann Schmidt. La banda interpretar\\u00e1 nuevos arreglos de jazz y sus propias composiciones. Bir\\u00e9li Lagr\\u00e8ne no necesita presentaci\\u00f3n, pero podr\\u00eda decirse que es el guitarrista de jazz gitano l\\u00edder en el mundo que se siente igualmente c\\u00f3modo con la guitarra el\\u00e9ctrica tocando jazz \/ fusi\\u00f3n. El enormemente talentoso pianista bost-pop italiano Antonio Farao (conocido por su propia banda, as\\u00ed como por su trabajo con Joe Lovano, Jack Dejohnette, Didier Lockwood [&hellip;]&lt;\/p&gt;\\\\n\",\"image\":\"https:\/\/teatrocordoba.es\/festival-guitarra-cordoba\/wp-content\/uploads\/2021\/04\/cabecera.jpg\",\"url\":\"https:\/\/teatrocordoba.es\/festival-guitarra-cordoba\/eventos\/lagrene-farao-quartet\/\",\"startDate\":\"2021-07-13T20:30:00+00:00\",\"endDate\":\"2021-07-13T20:30:00+00:00\",\"location\":{\"@type\":\"Place\",\"name\":\"Gran Teatro\",\"description\":\"\",\"url\":\"\",\"address\":{\"@type\":\"PostalAddress\",\"streetAddress\":\"Avda Gran Capit\\u00e1n, 3\",\"addressLocality\":\"C\\u00f3rdoba\",\"addressRegion\":\"C\\u00f3rdoba\",\"postalCode\":\"14008\",\"addressCountry\":\"Espa\\u00f1a\"},\"telephone\":\"957480237\",\"sameAs\":\"\"},\"organizer\":{\"@type\":\"Person\",\"name\":\"IMAE\",\"description\":\"\",\"url\":\"\",\"telephone\":\"957 48 02 92 - 957 48 06 44\",\"email\":\"c&#111;&#109;&#117;&#110;i&#99;&#97;ci&#111;&#110;&#64;&#116;ea&#116;ro&#99;o&#114;&#100;&#111;ba&#46;&#111;&#114;g\",\"sameAs\":\"https:\/\/teatrocordoba.es\/\"},\"offers\":{\"@type\":\"Offer\",\"price\":\"8 \\u2013 21\",\"priceCurrency\":\"\\u20ac\",\"url\":\"https:\/\/teatrocordoba.es\/festival-guitarra-cordoba\/eventos\/lagrene-farao-quartet\/\",\"category\":\"primary\",\"availability\":\"inStock\",\"validFrom\":\"1970-01-01T00:00:00+00:00\"},\"performer\":\"Organization\"},{\"@context\":\"http:\/\/schema.org\",\"@type\":\"Event\",\"name\":\"V\\u00edctor Monge Serranito: \\u00abComo un sue\\u00f1o\\u00bb\",\"description\":\"&lt;p&gt;Gira 65 aniversario y despedida de los escenarios (estreno) &nbsp; V\\u00edctor Monge Serranito, el guitarrista de guitarristas, pone en marcha su gira &quot;Como un Sue\\u00f1o&quot;. Este es el sentir del Maestro por volver a subirse a los escenarios. Serranito se presenta de nuevo ante el p\\u00fablico para despedirse a la vez que celebra 65 a\\u00f1os de trayectoria. Un adi\\u00f3s que pone punto y final a una trayectoria art\\u00edstica llena de \\u00e9xitos alrededor del mundo y en el que V\\u00edctor Monge tiene puestas todas sus ilusiones. La gira dar\\u00e1 comienzo en verano 2021 y finalizar\\u00e1 en Madrid, su ciudad natal. En cada [&hellip;]&lt;\/p&gt;\\\\n\",\"image\":\"https:\/\/teatrocordoba.es\/festival-guitarra-cordoba\/wp-content\/uploads\/2021\/04\/Victor-Monge-Serranito.jpg\",\"url\":\"https:\/\/teatrocordoba.es\/festival-guitarra-cordoba\/eventos\/victor-monge-serranito-como-un-sueno\/\",\"startDate\":\"2021-07-14T20:30:00+00:00\",\"endDate\":\"2021-07-14T20:30:00+00:00\",\"location\":{\"@type\":\"Place\",\"name\":\"Gran Teatro\",\"description\":\"\",\"url\":\"\",\"address\":{\"@type\":\"PostalAddress\",\"streetAddress\":\"Avda Gran Capit\\u00e1n, 3\",\"addressLocality\":\"C\\u00f3rdoba\",\"addressRegion\":\"C\\u00f3rdoba\",\"postalCode\":\"14008\",\"addressCountry\":\"Espa\\u00f1a\"},\"telephone\":\"957480237\",\"sameAs\":\"\"},\"organizer\":{\"@type\":\"Person\",\"name\":\"IMAE\",\"description\":\"\",\"url\":\"\",\"telephone\":\"957 48 02 92 - 957 48 06 44\",\"email\":\"c&#111;mu&#110;ic&#97;&#99;i&#111;&#110;&#64;&#116;&#101;atro&#99;&#111;&#114;d&#111;b&#97;.&#111;r&#103;\",\"sameAs\":\"https:\/\/teatrocordoba.es\/\"},\"offers\":{\"@type\":\"Offer\",\"price\":\"8 \\u2013 21\",\"priceCurrency\":\"\\u20ac\",\"url\":\"https:\/\/teatrocordoba.es\/festival-guitarra-cordoba\/eventos\/victor-monge-serranito-como-un-sueno\/\",\"category\":\"primary\",\"availability\":\"inStock\",\"validFrom\":\"1970-01-01T00:00:00+00:00\"},\"performer\":\"Organization\"},{\"@context\":\"http:\/\/schema.org\",\"@type\":\"Event\",\"name\":\"Jos\\u00e9 Antonio Rodr\\u00edguez : \\u00abMcCadden Place\\u00bb\",\"description\":\"&lt;p&gt;Jos\\u00e9 Antonio Rodr\\u00edguez, guitarra M\\u00fasicos: Manuel Montero, segunda guitarra Paco Pe\\u00f1a, Bajo Patricio C\\u00e1mara \\u201cPachi\\u201d, percusi\\u00f3n Lito Manez, percusi\\u00f3n Fran Roca, Flauta, Arm\\u00f3nica y teclados Dani Bonilla, coros y palmas Alex Larache, coros y palmas Manuel Mu\\u00f1oz, Voz solista T\\u00e9cnicos: Manuel Hern\\u00e1ndez, T\\u00e9cnico de sonido Pedro Serrano, T\\u00e9cnico de iluminaci\\u00f3n El guitarrista y compositor cordob\\u00e9s Jos\\u00e9 Antonio Rodr\\u00edguez, presenta su \\u00faltimo \\u00e1lbum, el primero que compone en tierras americanas, donde expresa todo el desgarro de la tierra lejana, de los amores perdidos y su experiencia en Hollywood. Un disco que el propio guitarrista define con una palabra: &quot;capricho&quot;. Y lo dice [&hellip;]&lt;\/p&gt;\\\\n\",\"image\":\"https:\/\/teatrocordoba.es\/festival-guitarra-cordoba\/wp-content\/uploads\/2021\/04\/cabecera-2.jpg\",\"url\":\"https:\/\/teatrocordoba.es\/festival-guitarra-cordoba\/eventos\/jose-antonio-rodriguez-mccadden-place\/\",\"startDate\":\"2021-07-16T20:30:00+00:00\",\"endDate\":\"2021-07-16T20:30:00+00:00\",\"location\":{\"@type\":\"Place\",\"name\":\"Gran Teatro\",\"description\":\"\",\"url\":\"\",\"address\":{\"@type\":\"PostalAddress\",\"streetAddress\":\"Avda Gran Capit\\u00e1n, 3\",\"addressLocality\":\"C\\u00f3rdoba\",\"addressRegion\":\"C\\u00f3rdoba\",\"postalCode\":\"14008\",\"addressCountry\":\"Espa\\u00f1a\"},\"telephone\":\"957480237\",\"sameAs\":\"\"},\"organizer\":{\"@type\":\"Person\",\"name\":\"IMAE\",\"description\":\"\",\"url\":\"\",\"telephone\":\"957 48 02 92 - 957 48 06 44\",\"email\":\"c&#111;&#109;u&#110;&#105;ca&#99;&#105;on&#64;&#116;&#101;&#97;t&#114;&#111;cordob&#97;.org\",\"sameAs\":\"https:\/\/teatrocordoba.es\/\"},\"offers\":{\"@type\":\"Offer\",\"price\":\"8 \\u2013 21\",\"priceCurrency\":\"\\u20ac\",\"url\":\"https:\/\/teatrocordoba.es\/festival-guitarra-cordoba\/eventos\/jose-antonio-rodriguez-mccadden-place\/\",\"category\":\"primary\",\"availability\":\"inStock\",\"validFrom\":\"1970-01-01T00:00:00+00:00\"},\"performer\":\"Organization\"}]\r\n<\/script><!--\n Event listing powered by The Events Calendar Shortcode\n https:\/\/eventcalendarnewsletter.com\/the-events-calendar-shortcode\/ \n--><div class=\"fusion-clearfix\"><\/div><\/div><\/div><\/div><\/div><div class=\"fusion-fullwidth fullwidth-box fusion-builder-row-3 nonhundred-percent-fullwidth non-hundred-percent-height-scrolling\" style=\"background-color: rgba(255,255,255,0);background-position: center center;background-repeat: no-repeat;padding-top:0px;padding-right:0px;padding-bottom:0px;padding-left:0px;margin-bottom: 0px;margin-top: 0px;border-width: 0px 0px 0px 0px;border-color:#e7e4e2;border-style:solid;\" ><div class=\"fusion-builder-row fusion-row\"><div class=\"fusion-layout-column fusion_builder_column fusion-builder-column-2 fusion_builder_column_1_1 1_1 fusion-one-full fusion-column-first fusion-column-last\" style=\"margin-top:10px;margin-bottom:10px;\"><div class=\"fusion-column-wrapper fusion-flex-column-wrapper-legacy\" style=\"background-position:left top;background-repeat:no-repeat;-webkit-background-size:cover;-moz-background-size:cover;-o-background-size:cover;background-size:cover;padding: 0px 0px 0px 0px;\"><style type=\"text\/css\"><\/style><div class=\"fusion-title title fusion-title-2 fusion-sep-none fusion-title-text fusion-title-size-one\" style=\"margin-top:0px;margin-bottom:30px;\"><h1 class=\"title-heading-left\" style=\"margin:0;\">Teatro G\u00f3ngora<\/h1><\/div><div class=\"fusion-clearfix\"><\/div><\/div><\/div><\/div><\/div><div class=\"fusion-fullwidth fullwidth-box fusion-builder-row-4 nonhundred-percent-fullwidth non-hundred-percent-height-scrolling\" style=\"background-color: rgba(255,255,255,0);background-position: center center;background-repeat: no-repeat;padding-top:0px;padding-right:0px;padding-bottom:0px;padding-left:0px;margin-bottom: 0px;margin-top: 0px;border-width: 0px 0px 0px 0px;border-color:#e7e4e2;border-style:solid;\" ><div class=\"fusion-builder-row fusion-row\"><div class=\"fusion-layout-column fusion_builder_column fusion-builder-column-3 fusion_builder_column_1_1 1_1 fusion-one-full fusion-column-first fusion-column-last\" style=\"margin-top:10px;margin-bottom:10px;\"><div class=\"fusion-column-wrapper fusion-flex-column-wrapper-legacy\" style=\"background-position:left top;background-repeat:no-repeat;-webkit-background-size:cover;-moz-background-size:cover;-o-background-size:cover;background-size:cover;padding: 0px 0px 0px 0px;\"><ul class=\"ecs-event-list\"><li class=\"ecs-event teatro-gongora-2021_ecs_category\"><h4 class=\"entry-title summary\"><a href=\"https:\/\/teatrocordoba.es\/festival-guitarra-cordoba\/eventos\/david-russell-3\/\" rel=\"bookmark\">David Russell<\/a><\/h4><a href=\"https:\/\/teatrocordoba.es\/festival-guitarra-cordoba\/eventos\/david-russell-3\/\"><img width=\"300\" height=\"245\" src=\"https:\/\/teatrocordoba.es\/festival-guitarra-cordoba\/wp-content\/uploads\/2021\/04\/David-Russell-1-300x245.jpg\" class=\"attachment-medium size-medium wp-post-image\" alt=\"\" srcset=\"https:\/\/teatrocordoba.es\/festival-guitarra-cordoba\/wp-content\/uploads\/2021\/04\/David-Russell-1-200x163.jpg 200w, https:\/\/teatrocordoba.es\/festival-guitarra-cordoba\/wp-content\/uploads\/2021\/04\/David-Russell-1-300x245.jpg 300w, https:\/\/teatrocordoba.es\/festival-guitarra-cordoba\/wp-content\/uploads\/2021\/04\/David-Russell-1-400x327.jpg 400w, https:\/\/teatrocordoba.es\/festival-guitarra-cordoba\/wp-content\/uploads\/2021\/04\/David-Russell-1-600x490.jpg 600w, https:\/\/teatrocordoba.es\/festival-guitarra-cordoba\/wp-content\/uploads\/2021\/04\/David-Russell-1-768x627.jpg 768w, https:\/\/teatrocordoba.es\/festival-guitarra-cordoba\/wp-content\/uploads\/2021\/04\/David-Russell-1.jpg 790w\" sizes=\"(max-width: 300px) 100vw, 300px\" \/><\/a><span class=\"duration time\"><span class=\"tribe-event-date-start\">julio 9, 2021 | 20:30<\/span><\/span><\/li><li class=\"ecs-event teatro-gongora-2021_ecs_category\"><h4 class=\"entry-title summary\"><a href=\"https:\/\/teatrocordoba.es\/festival-guitarra-cordoba\/eventos\/darawish\/\" rel=\"bookmark\">DARAWISH: \u00abMadar\u00bb<\/a><\/h4><a href=\"https:\/\/teatrocordoba.es\/festival-guitarra-cordoba\/eventos\/darawish\/\"><img width=\"300\" height=\"245\" src=\"https:\/\/teatrocordoba.es\/festival-guitarra-cordoba\/wp-content\/uploads\/2021\/04\/cabecera-web-300x245.jpg\" class=\"attachment-medium size-medium wp-post-image\" alt=\"\" srcset=\"https:\/\/teatrocordoba.es\/festival-guitarra-cordoba\/wp-content\/uploads\/2021\/04\/cabecera-web-200x163.jpg 200w, https:\/\/teatrocordoba.es\/festival-guitarra-cordoba\/wp-content\/uploads\/2021\/04\/cabecera-web-300x245.jpg 300w, https:\/\/teatrocordoba.es\/festival-guitarra-cordoba\/wp-content\/uploads\/2021\/04\/cabecera-web-400x327.jpg 400w, https:\/\/teatrocordoba.es\/festival-guitarra-cordoba\/wp-content\/uploads\/2021\/04\/cabecera-web.jpg 600w\" sizes=\"(max-width: 300px) 100vw, 300px\" \/><\/a><span class=\"duration time\"><span class=\"tribe-event-date-start\">julio 11, 2021 | 20:30<\/span><\/span><\/li><li class=\"ecs-event teatro-gongora-2021_ecs_category\"><h4 class=\"entry-title summary\"><a href=\"https:\/\/teatrocordoba.es\/festival-guitarra-cordoba\/eventos\/orquesta-de-plectro-de-cordoba-paco-serrano-estreno-absoluto-de-fantasia-para-el-40o-festival\/\" rel=\"bookmark\">Orquesta de Plectro de C\u00f3rdoba\/ Paco Serrano: Estreno absoluto de \u00abFantas\u00eda para el 40\u00ba Festival\u00bb<\/a><\/h4><a href=\"https:\/\/teatrocordoba.es\/festival-guitarra-cordoba\/eventos\/orquesta-de-plectro-de-cordoba-paco-serrano-estreno-absoluto-de-fantasia-para-el-40o-festival\/\"><img width=\"300\" height=\"245\" src=\"https:\/\/teatrocordoba.es\/festival-guitarra-cordoba\/wp-content\/uploads\/2021\/04\/localidades-agotadas-miniatura-de-marina-300x245.png\" class=\"attachment-medium size-medium wp-post-image\" alt=\"\" srcset=\"https:\/\/teatrocordoba.es\/festival-guitarra-cordoba\/wp-content\/uploads\/2021\/04\/localidades-agotadas-miniatura-de-marina-200x163.png 200w, https:\/\/teatrocordoba.es\/festival-guitarra-cordoba\/wp-content\/uploads\/2021\/04\/localidades-agotadas-miniatura-de-marina-300x245.png 300w, https:\/\/teatrocordoba.es\/festival-guitarra-cordoba\/wp-content\/uploads\/2021\/04\/localidades-agotadas-miniatura-de-marina-400x327.png 400w, https:\/\/teatrocordoba.es\/festival-guitarra-cordoba\/wp-content\/uploads\/2021\/04\/localidades-agotadas-miniatura-de-marina.png 600w\" sizes=\"(max-width: 300px) 100vw, 300px\" \/><\/a><span class=\"duration time\"><span class=\"tribe-event-date-start\">julio 12, 2021 | 20:30<\/span><\/span><\/li><li class=\"ecs-event teatro-gongora-2021_ecs_category\"><h4 class=\"entry-title summary\"><a href=\"https:\/\/teatrocordoba.es\/festival-guitarra-cordoba\/eventos\/david-carmona-santiago-lara-la-fuente-tributo-a-manolo-sanlucar\/\" rel=\"bookmark\">David Carmona &#038; Santiago Lara, \u00abLa Fuente\u201d  Tributo a Manolo Sanl\u00facar<\/a><\/h4><a href=\"https:\/\/teatrocordoba.es\/festival-guitarra-cordoba\/eventos\/david-carmona-santiago-lara-la-fuente-tributo-a-manolo-sanlucar\/\"><img width=\"300\" height=\"245\" src=\"https:\/\/teatrocordoba.es\/festival-guitarra-cordoba\/wp-content\/uploads\/2021\/04\/david-carmona-santiago-lara-1-300x245.jpg\" class=\"attachment-medium size-medium wp-post-image\" alt=\"\" srcset=\"https:\/\/teatrocordoba.es\/festival-guitarra-cordoba\/wp-content\/uploads\/2021\/04\/david-carmona-santiago-lara-1-200x163.jpg 200w, https:\/\/teatrocordoba.es\/festival-guitarra-cordoba\/wp-content\/uploads\/2021\/04\/david-carmona-santiago-lara-1-300x245.jpg 300w, https:\/\/teatrocordoba.es\/festival-guitarra-cordoba\/wp-content\/uploads\/2021\/04\/david-carmona-santiago-lara-1-400x327.jpg 400w, https:\/\/teatrocordoba.es\/festival-guitarra-cordoba\/wp-content\/uploads\/2021\/04\/david-carmona-santiago-lara-1-600x490.jpg 600w, https:\/\/teatrocordoba.es\/festival-guitarra-cordoba\/wp-content\/uploads\/2021\/04\/david-carmona-santiago-lara-1-768x627.jpg 768w, https:\/\/teatrocordoba.es\/festival-guitarra-cordoba\/wp-content\/uploads\/2021\/04\/david-carmona-santiago-lara-1.jpg 790w\" sizes=\"(max-width: 300px) 100vw, 300px\" \/><\/a><span class=\"duration time\"><span class=\"tribe-event-date-start\">julio 13, 2021 | 20:30<\/span><\/span><\/li><li class=\"ecs-event teatro-gongora-2021_ecs_category\"><h4 class=\"entry-title summary\"><a href=\"https:\/\/teatrocordoba.es\/festival-guitarra-cordoba\/eventos\/costas-cotsiolis\/\" rel=\"bookmark\">Costas Cotsiolis<\/a><\/h4><a href=\"https:\/\/teatrocordoba.es\/festival-guitarra-cordoba\/eventos\/costas-cotsiolis\/\"><img width=\"300\" height=\"245\" src=\"https:\/\/teatrocordoba.es\/festival-guitarra-cordoba\/wp-content\/uploads\/2021\/04\/Costas-Cotsiolis-300x245.jpg\" class=\"attachment-medium size-medium wp-post-image\" alt=\"\" srcset=\"https:\/\/teatrocordoba.es\/festival-guitarra-cordoba\/wp-content\/uploads\/2021\/04\/Costas-Cotsiolis-200x163.jpg 200w, https:\/\/teatrocordoba.es\/festival-guitarra-cordoba\/wp-content\/uploads\/2021\/04\/Costas-Cotsiolis-300x245.jpg 300w, https:\/\/teatrocordoba.es\/festival-guitarra-cordoba\/wp-content\/uploads\/2021\/04\/Costas-Cotsiolis-400x327.jpg 400w, https:\/\/teatrocordoba.es\/festival-guitarra-cordoba\/wp-content\/uploads\/2021\/04\/Costas-Cotsiolis-600x490.jpg 600w, https:\/\/teatrocordoba.es\/festival-guitarra-cordoba\/wp-content\/uploads\/2021\/04\/Costas-Cotsiolis-768x627.jpg 768w, https:\/\/teatrocordoba.es\/festival-guitarra-cordoba\/wp-content\/uploads\/2021\/04\/Costas-Cotsiolis.jpg 790w\" sizes=\"(max-width: 300px) 100vw, 300px\" \/><\/a><span class=\"duration time\"><span class=\"tribe-event-date-start\">julio 14, 2021 | 20:30<\/span><\/span><\/li><li class=\"ecs-event teatro-gongora-2021_ecs_category\"><h4 class=\"entry-title summary\"><a href=\"https:\/\/teatrocordoba.es\/festival-guitarra-cordoba\/eventos\/yamandu-costa\/\" rel=\"bookmark\">Yamand\u00fa Costa<\/a><\/h4><a href=\"https:\/\/teatrocordoba.es\/festival-guitarra-cordoba\/eventos\/yamandu-costa\/\"><img width=\"300\" height=\"245\" src=\"https:\/\/teatrocordoba.es\/festival-guitarra-cordoba\/wp-content\/uploads\/2021\/04\/Yamandu-Costa-300x245.jpg\" class=\"attachment-medium size-medium wp-post-image\" alt=\"\" srcset=\"https:\/\/teatrocordoba.es\/festival-guitarra-cordoba\/wp-content\/uploads\/2021\/04\/Yamandu-Costa-200x163.jpg 200w, https:\/\/teatrocordoba.es\/festival-guitarra-cordoba\/wp-content\/uploads\/2021\/04\/Yamandu-Costa-300x245.jpg 300w, https:\/\/teatrocordoba.es\/festival-guitarra-cordoba\/wp-content\/uploads\/2021\/04\/Yamandu-Costa-400x327.jpg 400w, https:\/\/teatrocordoba.es\/festival-guitarra-cordoba\/wp-content\/uploads\/2021\/04\/Yamandu-Costa-600x490.jpg 600w, https:\/\/teatrocordoba.es\/festival-guitarra-cordoba\/wp-content\/uploads\/2021\/04\/Yamandu-Costa-768x627.jpg 768w, https:\/\/teatrocordoba.es\/festival-guitarra-cordoba\/wp-content\/uploads\/2021\/04\/Yamandu-Costa.jpg 790w\" sizes=\"(max-width: 300px) 100vw, 300px\" \/><\/a><span class=\"duration time\"><span class=\"tribe-event-date-start\">julio 15, 2021 | 20:30<\/span><\/span><\/li><\/ul><script type=\"application\/ld+json\">\r\n[{\"@context\":\"http:\/\/schema.org\",\"@type\":\"Event\",\"name\":\"David Russell\",\"description\":\"&lt;p&gt;David Russell es un reconocido guitarrista cl\\u00e1sico de renombre mundial por su gran musicalidad y grandes dotes art\\u00edsticas. En reconocimiento a su talento y a su carrera internacional, fue nombrado miembro de la Royal Academy of Music en Londres en 1997, Doctor Honoris Causa por la Universidad de Arizona en Tucson en 2014 e ingres\\u00f3 en el Sal\\u00f3n de la Fama del Guitar Foundation of Am\\u00e9rica en 2018. Ganador de un Grammy por su CD Aire Latino en la categor\\u00eda de mejor solista instrumental en m\\u00fasica cl\\u00e1sica, David Russell pasa la mayor parte del a\\u00f1o de gira por el mundo, apareciendo [&hellip;]&lt;\/p&gt;\\\\n\",\"image\":\"https:\/\/teatrocordoba.es\/festival-guitarra-cordoba\/wp-content\/uploads\/2021\/04\/David-Russell-1.jpg\",\"url\":\"https:\/\/teatrocordoba.es\/festival-guitarra-cordoba\/eventos\/david-russell-3\/\",\"startDate\":\"2021-07-09T20:30:00+00:00\",\"endDate\":\"2021-07-09T20:30:00+00:00\",\"location\":{\"@type\":\"Place\",\"name\":\"Teatro G\\u00f3ngora\",\"description\":\"\",\"url\":\"\",\"address\":{\"@type\":\"PostalAddress\",\"streetAddress\":\"Calle Jes\\u00fas y Mar\\u00eda, 10\",\"addressLocality\":\"C\\u00f3rdoba\",\"addressRegion\":\"C\\u00f3rdoba\",\"postalCode\":\"14003\",\"addressCountry\":\"Espa\\u00f1a\"},\"telephone\":\"957481888\",\"sameAs\":\"\"},\"organizer\":{\"@type\":\"Person\",\"name\":\"IMAE\",\"description\":\"\",\"url\":\"\",\"telephone\":\"957 48 02 92 - 957 48 06 44\",\"email\":\"&#99;&#111;m&#117;ni&#99;ac&#105;o&#110;&#64;&#116;&#101;a&#116;&#114;ocordo&#98;a.o&#114;&#103;\",\"sameAs\":\"https:\/\/teatrocordoba.es\/\"},\"offers\":{\"@type\":\"Offer\",\"price\":\"12\",\"priceCurrency\":\"\\u20ac\",\"url\":\"https:\/\/teatrocordoba.es\/festival-guitarra-cordoba\/eventos\/david-russell-3\/\",\"category\":\"primary\",\"availability\":\"inStock\",\"validFrom\":\"1970-01-01T00:00:00+00:00\"},\"performer\":\"Organization\"},{\"@context\":\"http:\/\/schema.org\",\"@type\":\"Event\",\"name\":\"DARAWISH: \\u00abMadar\\u00bb\",\"description\":\"&lt;p&gt;Es un proyecto que nace de la convivencia art\\u00edstica de diferentes sensibilidades: m\\u00fasicos espa\\u00f1oles que han vivido en pa\\u00edses \\u00e1rabes; \\u00e1rabes y persas que viven en Espa\\u00f1a. De ah\\u00ed surge la inquietud de poner en com\\u00fan sus experiencias, en un contexto contempor\\u00e1neo.El resultado es un amplio abanico musical. Un repertorio multicolor de composiciones propias, inspirado en la herencia musical cl\\u00e1sica y folcl\\u00f3rica del Mediterraneo y Oriente, especialmente \\u00e1rabe y persa. Todo ello plasmado desde una visi\\u00f3n contempor\\u00e1nea con influencias del jazz y otras tendencias de m\\u00fasica moderna de Occidente. Pablo Hern\\u00e1ndez Ramos. Saxo Alto \/ Soprano Kaveh Sarvarian, Ney, Flauta, Tombak, [&hellip;]&lt;\/p&gt;\\\\n\",\"image\":\"https:\/\/teatrocordoba.es\/festival-guitarra-cordoba\/wp-content\/uploads\/2021\/04\/cabecera-web.jpg\",\"url\":\"https:\/\/teatrocordoba.es\/festival-guitarra-cordoba\/eventos\/darawish\/\",\"startDate\":\"2021-07-11T20:30:00+00:00\",\"endDate\":\"2021-07-11T20:30:00+00:00\",\"location\":{\"@type\":\"Place\",\"name\":\"Teatro G\\u00f3ngora\",\"description\":\"\",\"url\":\"\",\"address\":{\"@type\":\"PostalAddress\",\"streetAddress\":\"Calle Jes\\u00fas y Mar\\u00eda, 10\",\"addressLocality\":\"C\\u00f3rdoba\",\"addressRegion\":\"C\\u00f3rdoba\",\"postalCode\":\"14003\",\"addressCountry\":\"Espa\\u00f1a\"},\"telephone\":\"957481888\",\"sameAs\":\"\"},\"organizer\":{\"@type\":\"Person\",\"name\":\"IMAE\",\"description\":\"\",\"url\":\"\",\"telephone\":\"957 48 02 92 - 957 48 06 44\",\"email\":\"co&#109;uni&#99;&#97;&#99;&#105;&#111;n&#64;te&#97;&#116;&#114;&#111;co&#114;&#100;&#111;b&#97;&#46;&#111;r&#103;\",\"sameAs\":\"https:\/\/teatrocordoba.es\/\"},\"offers\":{\"@type\":\"Offer\",\"price\":\"12\",\"priceCurrency\":\"\\u20ac\",\"url\":\"https:\/\/teatrocordoba.es\/festival-guitarra-cordoba\/eventos\/darawish\/\",\"category\":\"primary\",\"availability\":\"inStock\",\"validFrom\":\"1970-01-01T00:00:00+00:00\"},\"performer\":\"Organization\"},{\"@context\":\"http:\/\/schema.org\",\"@type\":\"Event\",\"name\":\"Orquesta de Plectro de C\\u00f3rdoba\/ Paco Serrano: Estreno absoluto de \\u00abFantas\\u00eda para el 40\\u00ba Festival\\u00bb\",\"description\":\"&lt;p&gt;La Orquesta de Plectro de C\\u00f3rdoba y el guitarrista flamenco cordob\\u00e9s Paco Serrano homenajean al Festival de la Guitarra de C\\u00f3rdoba con el estreno absoluto de \\u201c Fantas\\u00eda para el 40\\u00ba Festival\\u201d, obra original realizada en conmemoraci\\u00f3n del 40 aniversario. La autor\\u00eda est\\u00e1 compartida entre Paco Serrano, que ha creado la parte flamenca, y el director titular de la Orquesta de Plectro de C\\u00f3rdoba, Juan Luis Gonz\\u00e1lez, quien ha compuesto otros fragmentos, donde se dar\\u00e1n cita algunas de las innumerables obras que se han podido escuchar a lo largo de los 39 festivales anteriores. La Orquesta de Plectro de C\\u00f3rdoba es [&hellip;]&lt;\/p&gt;\\\\n\",\"image\":\"https:\/\/teatrocordoba.es\/festival-guitarra-cordoba\/wp-content\/uploads\/2021\/04\/localidades-agotadas-miniatura-de-marina.png\",\"url\":\"https:\/\/teatrocordoba.es\/festival-guitarra-cordoba\/eventos\/orquesta-de-plectro-de-cordoba-paco-serrano-estreno-absoluto-de-fantasia-para-el-40o-festival\/\",\"startDate\":\"2021-07-12T20:30:00+00:00\",\"endDate\":\"2021-07-12T20:30:00+00:00\",\"location\":{\"@type\":\"Place\",\"name\":\"Teatro G\\u00f3ngora\",\"description\":\"\",\"url\":\"\",\"address\":{\"@type\":\"PostalAddress\",\"streetAddress\":\"Calle Jes\\u00fas y Mar\\u00eda, 10\",\"addressLocality\":\"C\\u00f3rdoba\",\"addressRegion\":\"C\\u00f3rdoba\",\"postalCode\":\"14003\",\"addressCountry\":\"Espa\\u00f1a\"},\"telephone\":\"957481888\",\"sameAs\":\"\"},\"organizer\":{\"@type\":\"Person\",\"name\":\"IMAE\",\"description\":\"\",\"url\":\"\",\"telephone\":\"957 48 02 92 - 957 48 06 44\",\"email\":\"&#99;omu&#110;icac&#105;&#111;n&#64;&#116;&#101;a&#116;r&#111;&#99;o&#114;&#100;&#111;ba&#46;&#111;&#114;&#103;\",\"sameAs\":\"https:\/\/teatrocordoba.es\/\"},\"offers\":{\"@type\":\"Offer\",\"price\":\"12\",\"priceCurrency\":\"\\u20ac\",\"url\":\"https:\/\/teatrocordoba.es\/festival-guitarra-cordoba\/eventos\/orquesta-de-plectro-de-cordoba-paco-serrano-estreno-absoluto-de-fantasia-para-el-40o-festival\/\",\"category\":\"primary\",\"availability\":\"inStock\",\"validFrom\":\"1970-01-01T00:00:00+00:00\"},\"performer\":\"Organization\"},{\"@context\":\"http:\/\/schema.org\",\"@type\":\"Event\",\"name\":\"David Carmona &#038; Santiago Lara, \\u00abLa Fuente\\u201d  Tributo a Manolo Sanl\\u00facar\",\"description\":\"&lt;p&gt;Andaluc\\u00eda guarda bajo su tierra un inmenso acu\\u00edfero musical. No se ve, pero nutre la tierra. A veces surgen manantiales que rompen la corteza de la ignorancia y fluyen un tiempo hasta que se pierden en la inmensidad de la apat\\u00eda socio cultural reinante. Otra veces, mentes m\\u00e1s preparadas no permiten que el manantial se pierda y crean la fuente eternamente anclada en el manantial. Es la historia. Muchos manantiales perdidos y pocas fuentes. Este es el tributo a una fuente que no cesa al ser fuente y manantial. Algunos saben de su existencia y se acercan a beber esa agua [&hellip;]&lt;\/p&gt;\\\\n\",\"image\":\"https:\/\/teatrocordoba.es\/festival-guitarra-cordoba\/wp-content\/uploads\/2021\/04\/david-carmona-santiago-lara-1.jpg\",\"url\":\"https:\/\/teatrocordoba.es\/festival-guitarra-cordoba\/eventos\/david-carmona-santiago-lara-la-fuente-tributo-a-manolo-sanlucar\/\",\"startDate\":\"2021-07-13T20:30:00+00:00\",\"endDate\":\"2021-07-13T20:30:00+00:00\",\"location\":{\"@type\":\"Place\",\"name\":\"Teatro G\\u00f3ngora\",\"description\":\"\",\"url\":\"\",\"address\":{\"@type\":\"PostalAddress\",\"streetAddress\":\"Calle Jes\\u00fas y Mar\\u00eda, 10\",\"addressLocality\":\"C\\u00f3rdoba\",\"addressRegion\":\"C\\u00f3rdoba\",\"postalCode\":\"14003\",\"addressCountry\":\"Espa\\u00f1a\"},\"telephone\":\"957481888\",\"sameAs\":\"\"},\"organizer\":{\"@type\":\"Person\",\"name\":\"IMAE\",\"description\":\"\",\"url\":\"\",\"telephone\":\"957 48 02 92 - 957 48 06 44\",\"email\":\"&#99;&#111;&#109;&#117;n&#105;&#99;&#97;&#99;&#105;on&#64;te&#97;tr&#111;cordoba.&#111;&#114;g\",\"sameAs\":\"https:\/\/teatrocordoba.es\/\"},\"offers\":{\"@type\":\"Offer\",\"price\":\"12\",\"priceCurrency\":\"\\u20ac\",\"url\":\"https:\/\/teatrocordoba.es\/festival-guitarra-cordoba\/eventos\/david-carmona-santiago-lara-la-fuente-tributo-a-manolo-sanlucar\/\",\"category\":\"primary\",\"availability\":\"inStock\",\"validFrom\":\"1970-01-01T00:00:00+00:00\"},\"performer\":\"Organization\"},{\"@context\":\"http:\/\/schema.org\",\"@type\":\"Event\",\"name\":\"Costas Cotsiolis\",\"description\":\"&lt;p&gt;Hoy en d\\u00eda es considerado uno de los m\\u00e1s grandes de nuestro tiempo, gracias a sus giras por todo el mundo. En 1972, a la edad de 15 a\\u00f1os comenz\\u00f3 su carrera, tocando el &quot;concierto de Aranjuez&quot; con la orquesta estatal de Atenas. Desde 1977 es prof. .en el Conservatorio de Atenas y desde 2009 en el Conservatorio Estatal de Sal\\u00f3nica tambi\\u00e9n. Desde 1978 es fundador y director del &quot;Votos International Guitar Festival&quot; (Grecia). Por sus actividades, fue galardonado por la Academia de Ciencias y Artes de Grecia en 1979. En 1998 se convirti\\u00f3 en ciudadano honorario de Dallas (Texas-EE. UU.) [&hellip;]&lt;\/p&gt;\\\\n\",\"image\":\"https:\/\/teatrocordoba.es\/festival-guitarra-cordoba\/wp-content\/uploads\/2021\/04\/Costas-Cotsiolis.jpg\",\"url\":\"https:\/\/teatrocordoba.es\/festival-guitarra-cordoba\/eventos\/costas-cotsiolis\/\",\"startDate\":\"2021-07-14T20:30:00+00:00\",\"endDate\":\"2021-07-14T20:30:00+00:00\",\"location\":{\"@type\":\"Place\",\"name\":\"Teatro G\\u00f3ngora\",\"description\":\"\",\"url\":\"\",\"address\":{\"@type\":\"PostalAddress\",\"streetAddress\":\"Calle Jes\\u00fas y Mar\\u00eda, 10\",\"addressLocality\":\"C\\u00f3rdoba\",\"addressRegion\":\"C\\u00f3rdoba\",\"postalCode\":\"14003\",\"addressCountry\":\"Espa\\u00f1a\"},\"telephone\":\"957481888\",\"sameAs\":\"\"},\"organizer\":{\"@type\":\"Person\",\"name\":\"IMAE\",\"description\":\"\",\"url\":\"\",\"telephone\":\"957 48 02 92 - 957 48 06 44\",\"email\":\"&#99;&#111;m&#117;&#110;ic&#97;c&#105;on&#64;&#116;e&#97;t&#114;&#111;co&#114;dob&#97;&#46;&#111;&#114;&#103;\",\"sameAs\":\"https:\/\/teatrocordoba.es\/\"},\"offers\":{\"@type\":\"Offer\",\"price\":\"12\",\"priceCurrency\":\"\\u20ac\",\"url\":\"https:\/\/teatrocordoba.es\/festival-guitarra-cordoba\/eventos\/costas-cotsiolis\/\",\"category\":\"primary\",\"availability\":\"inStock\",\"validFrom\":\"1970-01-01T00:00:00+00:00\"},\"performer\":\"Organization\"},{\"@context\":\"http:\/\/schema.org\",\"@type\":\"Event\",\"name\":\"Yamand\\u00fa Costa\",\"description\":\"&lt;p&gt;Considerado uno de los mayores talentos brasileros de guitarra, Yamandu Costa es una referencia mundial, que domina y recrea cada performance. Quien lo ve en el escenario, percibe su incre\\u00edble desempe\\u00f1o, su pasi\\u00f3n por el instrumento y por el arte. Su creatividad musical se desarrolla libremente sobre una t\\u00e9cnica absolutamente perfecta, explorando todas las posibilidades de la guitarra de 7 cuerdas, renovando antiguos temas y presentando composiciones de intenso brillo, en una performance siempre apasionada y contagiosa. Revelando una profunda intimidad con su instrumento y con un lenguaje musical sin fronteras, recorri\\u00f3 los m\\u00e1s importantes escenarios de Brasil y del mundo, [&hellip;]&lt;\/p&gt;\\\\n\",\"image\":\"https:\/\/teatrocordoba.es\/festival-guitarra-cordoba\/wp-content\/uploads\/2021\/04\/Yamandu-Costa.jpg\",\"url\":\"https:\/\/teatrocordoba.es\/festival-guitarra-cordoba\/eventos\/yamandu-costa\/\",\"startDate\":\"2021-07-15T20:30:00+00:00\",\"endDate\":\"2021-07-15T20:30:00+00:00\",\"location\":{\"@type\":\"Place\",\"name\":\"Teatro G\\u00f3ngora\",\"description\":\"\",\"url\":\"\",\"address\":{\"@type\":\"PostalAddress\",\"streetAddress\":\"Calle Jes\\u00fas y Mar\\u00eda, 10\",\"addressLocality\":\"C\\u00f3rdoba\",\"addressRegion\":\"C\\u00f3rdoba\",\"postalCode\":\"14003\",\"addressCountry\":\"Espa\\u00f1a\"},\"telephone\":\"957481888\",\"sameAs\":\"\"},\"organizer\":{\"@type\":\"Person\",\"name\":\"IMAE\",\"description\":\"\",\"url\":\"\",\"telephone\":\"957 48 02 92 - 957 48 06 44\",\"email\":\"comu&#110;&#105;&#99;&#97;ci&#111;&#110;&#64;&#116;e&#97;&#116;ro&#99;or&#100;&#111;&#98;a.o&#114;g\",\"sameAs\":\"https:\/\/teatrocordoba.es\/\"},\"offers\":{\"@type\":\"Offer\",\"price\":\"12\",\"priceCurrency\":\"\\u20ac\",\"url\":\"https:\/\/teatrocordoba.es\/festival-guitarra-cordoba\/eventos\/yamandu-costa\/\",\"category\":\"primary\",\"availability\":\"inStock\",\"validFrom\":\"1970-01-01T00:00:00+00:00\"},\"performer\":\"Organization\"}]\r\n<\/script><!--\n Event listing powered by The Events Calendar Shortcode\n https:\/\/eventcalendarnewsletter.com\/the-events-calendar-shortcode\/ \n--><div class=\"fusion-clearfix\"><\/div><\/div><\/div><\/div><\/div><div class=\"fusion-fullwidth fullwidth-box fusion-builder-row-5 nonhundred-percent-fullwidth non-hundred-percent-height-scrolling\" style=\"background-color: rgba(255,255,255,0);background-position: center center;background-repeat: no-repeat;padding-top:0px;padding-right:0px;padding-bottom:0px;padding-left:0px;margin-bottom: 0px;margin-top: 0px;border-width: 0px 0px 0px 0px;border-color:#e7e4e2;border-style:solid;\" ><div class=\"fusion-builder-row fusion-row\"><div class=\"fusion-layout-column fusion_builder_column fusion-builder-column-4 fusion_builder_column_1_1 1_1 fusion-one-full fusion-column-first fusion-column-last\" style=\"margin-top:10px;margin-bottom:10px;\"><div class=\"fusion-column-wrapper fusion-flex-column-wrapper-legacy\" style=\"background-position:left top;background-repeat:no-repeat;-webkit-background-size:cover;-moz-background-size:cover;-o-background-size:cover;background-size:cover;padding: 0px 0px 0px 0px;\"><style type=\"text\/css\"><\/style><div class=\"fusion-title title fusion-title-3 fusion-sep-none fusion-title-text fusion-title-size-one\" style=\"margin-top:0px;margin-bottom:30px;\"><h1 class=\"title-heading-left\" style=\"margin:0;\">Teatro de La Axerqu\u00eda<\/h1><\/div><div class=\"fusion-clearfix\"><\/div><\/div><\/div><\/div><\/div><div class=\"fusion-fullwidth fullwidth-box fusion-builder-row-6 nonhundred-percent-fullwidth non-hundred-percent-height-scrolling\" style=\"background-color: rgba(255,255,255,0);background-position: center center;background-repeat: no-repeat;padding-top:0px;padding-right:0px;padding-bottom:0px;padding-left:0px;margin-bottom: 0px;margin-top: 0px;border-width: 0px 0px 0px 0px;border-color:#e7e4e2;border-style:solid;\" ><div class=\"fusion-builder-row fusion-row\"><div class=\"fusion-layout-column fusion_builder_column fusion-builder-column-5 fusion_builder_column_1_1 1_1 fusion-one-full fusion-column-first fusion-column-last\" style=\"margin-top:10px;margin-bottom:10px;\"><div class=\"fusion-column-wrapper fusion-flex-column-wrapper-legacy\" style=\"background-position:left top;background-repeat:no-repeat;-webkit-background-size:cover;-moz-background-size:cover;-o-background-size:cover;background-size:cover;padding: 0px 0px 0px 0px;\"><ul class=\"ecs-event-list\"><li class=\"ecs-event teatro-axerquia-2021_ecs_category\"><h4 class=\"entry-title summary\"><a href=\"https:\/\/teatrocordoba.es\/festival-guitarra-cordoba\/eventos\/sinfonity-electric-guitar-orchestra\/\" rel=\"bookmark\">Sinfonity. Electric Guitar Orchestra<\/a><\/h4><a href=\"https:\/\/teatrocordoba.es\/festival-guitarra-cordoba\/eventos\/sinfonity-electric-guitar-orchestra\/\"><img width=\"300\" height=\"245\" src=\"https:\/\/teatrocordoba.es\/festival-guitarra-cordoba\/wp-content\/uploads\/2021\/04\/cabecera-1-300x245.jpg\" class=\"attachment-medium size-medium wp-post-image\" alt=\"\" srcset=\"https:\/\/teatrocordoba.es\/festival-guitarra-cordoba\/wp-content\/uploads\/2021\/04\/cabecera-1-200x163.jpg 200w, https:\/\/teatrocordoba.es\/festival-guitarra-cordoba\/wp-content\/uploads\/2021\/04\/cabecera-1-300x245.jpg 300w, https:\/\/teatrocordoba.es\/festival-guitarra-cordoba\/wp-content\/uploads\/2021\/04\/cabecera-1-400x327.jpg 400w, https:\/\/teatrocordoba.es\/festival-guitarra-cordoba\/wp-content\/uploads\/2021\/04\/cabecera-1-600x490.jpg 600w, https:\/\/teatrocordoba.es\/festival-guitarra-cordoba\/wp-content\/uploads\/2021\/04\/cabecera-1-768x627.jpg 768w, https:\/\/teatrocordoba.es\/festival-guitarra-cordoba\/wp-content\/uploads\/2021\/04\/cabecera-1.jpg 790w\" sizes=\"(max-width: 300px) 100vw, 300px\" \/><\/a><span class=\"duration time\"><span class=\"tribe-event-date-start\">julio 9, 2021 | 22:30<\/span><\/span><\/li><li class=\"ecs-event teatro-axerquia-2021_ecs_category\"><h4 class=\"entry-title summary\"><a href=\"https:\/\/teatrocordoba.es\/festival-guitarra-cordoba\/eventos\/loquillo-los-zigarros\/\" rel=\"bookmark\">Loquillo<\/a><\/h4><a href=\"https:\/\/teatrocordoba.es\/festival-guitarra-cordoba\/eventos\/loquillo-los-zigarros\/\"><img width=\"300\" height=\"245\" src=\"https:\/\/teatrocordoba.es\/festival-guitarra-cordoba\/wp-content\/uploads\/2021\/04\/Loquillo-Los-Zigarrillos-300x245.jpg\" class=\"attachment-medium size-medium wp-post-image\" alt=\"\" srcset=\"https:\/\/teatrocordoba.es\/festival-guitarra-cordoba\/wp-content\/uploads\/2021\/04\/Loquillo-Los-Zigarrillos-200x163.jpg 200w, https:\/\/teatrocordoba.es\/festival-guitarra-cordoba\/wp-content\/uploads\/2021\/04\/Loquillo-Los-Zigarrillos-300x245.jpg 300w, https:\/\/teatrocordoba.es\/festival-guitarra-cordoba\/wp-content\/uploads\/2021\/04\/Loquillo-Los-Zigarrillos-400x327.jpg 400w, https:\/\/teatrocordoba.es\/festival-guitarra-cordoba\/wp-content\/uploads\/2021\/04\/Loquillo-Los-Zigarrillos-600x490.jpg 600w, https:\/\/teatrocordoba.es\/festival-guitarra-cordoba\/wp-content\/uploads\/2021\/04\/Loquillo-Los-Zigarrillos-768x627.jpg 768w, https:\/\/teatrocordoba.es\/festival-guitarra-cordoba\/wp-content\/uploads\/2021\/04\/Loquillo-Los-Zigarrillos.jpg 790w\" sizes=\"(max-width: 300px) 100vw, 300px\" \/><\/a><span class=\"duration time\"><span class=\"tribe-event-date-start\">julio 10, 2021 | 22:30<\/span><\/span><\/li><li class=\"ecs-event teatro-axerquia-2021_ecs_category\"><h4 class=\"entry-title summary\"><a href=\"https:\/\/teatrocordoba.es\/festival-guitarra-cordoba\/eventos\/una-noche-por-paco\/\" rel=\"bookmark\">\u00abUna Noche por Paco\u00bb<\/a><\/h4><a href=\"https:\/\/teatrocordoba.es\/festival-guitarra-cordoba\/eventos\/una-noche-por-paco\/\"><img width=\"300\" height=\"245\" src=\"https:\/\/teatrocordoba.es\/festival-guitarra-cordoba\/wp-content\/uploads\/2021\/04\/Una-noche-por-Paco-1-300x245.jpg\" class=\"attachment-medium size-medium wp-post-image\" alt=\"\" srcset=\"https:\/\/teatrocordoba.es\/festival-guitarra-cordoba\/wp-content\/uploads\/2021\/04\/Una-noche-por-Paco-1-200x163.jpg 200w, https:\/\/teatrocordoba.es\/festival-guitarra-cordoba\/wp-content\/uploads\/2021\/04\/Una-noche-por-Paco-1-300x245.jpg 300w, https:\/\/teatrocordoba.es\/festival-guitarra-cordoba\/wp-content\/uploads\/2021\/04\/Una-noche-por-Paco-1-400x327.jpg 400w, https:\/\/teatrocordoba.es\/festival-guitarra-cordoba\/wp-content\/uploads\/2021\/04\/Una-noche-por-Paco-1-600x490.jpg 600w, https:\/\/teatrocordoba.es\/festival-guitarra-cordoba\/wp-content\/uploads\/2021\/04\/Una-noche-por-Paco-1-768x627.jpg 768w, https:\/\/teatrocordoba.es\/festival-guitarra-cordoba\/wp-content\/uploads\/2021\/04\/Una-noche-por-Paco-1.jpg 790w\" sizes=\"(max-width: 300px) 100vw, 300px\" \/><\/a><span class=\"duration time\"><span class=\"tribe-event-date-start\">julio 11, 2021 | 22:30<\/span><\/span><\/li><li class=\"ecs-event teatro-axerquia-2021_ecs_category\"><h4 class=\"entry-title summary\"><a href=\"https:\/\/teatrocordoba.es\/festival-guitarra-cordoba\/eventos\/mariza\/\" rel=\"bookmark\">Mariza: \u00abMariza canta a Amalia\u00bb<\/a><\/h4><a href=\"https:\/\/teatrocordoba.es\/festival-guitarra-cordoba\/eventos\/mariza\/\"><img width=\"300\" height=\"245\" src=\"https:\/\/teatrocordoba.es\/festival-guitarra-cordoba\/wp-content\/uploads\/2021\/04\/MARIZA-1-300x245.jpg\" class=\"attachment-medium size-medium wp-post-image\" alt=\"\" srcset=\"https:\/\/teatrocordoba.es\/festival-guitarra-cordoba\/wp-content\/uploads\/2021\/04\/MARIZA-1-200x163.jpg 200w, https:\/\/teatrocordoba.es\/festival-guitarra-cordoba\/wp-content\/uploads\/2021\/04\/MARIZA-1-300x245.jpg 300w, https:\/\/teatrocordoba.es\/festival-guitarra-cordoba\/wp-content\/uploads\/2021\/04\/MARIZA-1-400x327.jpg 400w, https:\/\/teatrocordoba.es\/festival-guitarra-cordoba\/wp-content\/uploads\/2021\/04\/MARIZA-1-600x490.jpg 600w, https:\/\/teatrocordoba.es\/festival-guitarra-cordoba\/wp-content\/uploads\/2021\/04\/MARIZA-1-768x627.jpg 768w, https:\/\/teatrocordoba.es\/festival-guitarra-cordoba\/wp-content\/uploads\/2021\/04\/MARIZA-1.jpg 790w\" sizes=\"(max-width: 300px) 100vw, 300px\" \/><\/a><span class=\"duration time\"><span class=\"tribe-event-date-start\">julio 12, 2021 | 22:30<\/span><\/span><\/li><li class=\"ecs-event teatro-axerquia-2021_ecs_category\"><h4 class=\"entry-title summary\"><a href=\"https:\/\/teatrocordoba.es\/festival-guitarra-cordoba\/eventos\/triangulo-de-amor-bizarro-maikel-de-la-riva\/\" rel=\"bookmark\">Tri\u00e1ngulo de Amor Bizarro + Maikel de la Riva<\/a><\/h4><a href=\"https:\/\/teatrocordoba.es\/festival-guitarra-cordoba\/eventos\/triangulo-de-amor-bizarro-maikel-de-la-riva\/\"><img width=\"300\" height=\"245\" src=\"https:\/\/teatrocordoba.es\/festival-guitarra-cordoba\/wp-content\/uploads\/2021\/04\/triangulo-maikel-300x245.jpg\" class=\"attachment-medium size-medium wp-post-image\" alt=\"\" srcset=\"https:\/\/teatrocordoba.es\/festival-guitarra-cordoba\/wp-content\/uploads\/2021\/04\/triangulo-maikel-200x163.jpg 200w, https:\/\/teatrocordoba.es\/festival-guitarra-cordoba\/wp-content\/uploads\/2021\/04\/triangulo-maikel-300x245.jpg 300w, https:\/\/teatrocordoba.es\/festival-guitarra-cordoba\/wp-content\/uploads\/2021\/04\/triangulo-maikel-400x327.jpg 400w, https:\/\/teatrocordoba.es\/festival-guitarra-cordoba\/wp-content\/uploads\/2021\/04\/triangulo-maikel-600x490.jpg 600w, https:\/\/teatrocordoba.es\/festival-guitarra-cordoba\/wp-content\/uploads\/2021\/04\/triangulo-maikel-768x627.jpg 768w, https:\/\/teatrocordoba.es\/festival-guitarra-cordoba\/wp-content\/uploads\/2021\/04\/triangulo-maikel.jpg 790w\" sizes=\"(max-width: 300px) 100vw, 300px\" \/><\/a><span class=\"duration time\"><span class=\"tribe-event-date-start\">julio 14, 2021 | 22:30<\/span><\/span><\/li><li class=\"ecs-event teatro-axerquia-2021_ecs_category\"><h4 class=\"entry-title summary\"><a href=\"https:\/\/teatrocordoba.es\/festival-guitarra-cordoba\/eventos\/sidecars\/\" rel=\"bookmark\">Sidecars<\/a><\/h4><a href=\"https:\/\/teatrocordoba.es\/festival-guitarra-cordoba\/eventos\/sidecars\/\"><img width=\"300\" height=\"245\" src=\"https:\/\/teatrocordoba.es\/festival-guitarra-cordoba\/wp-content\/uploads\/2021\/04\/Sidecars-300x245.jpg\" class=\"attachment-medium size-medium wp-post-image\" alt=\"\" srcset=\"https:\/\/teatrocordoba.es\/festival-guitarra-cordoba\/wp-content\/uploads\/2021\/04\/Sidecars-200x163.jpg 200w, https:\/\/teatrocordoba.es\/festival-guitarra-cordoba\/wp-content\/uploads\/2021\/04\/Sidecars-300x245.jpg 300w, https:\/\/teatrocordoba.es\/festival-guitarra-cordoba\/wp-content\/uploads\/2021\/04\/Sidecars-400x327.jpg 400w, https:\/\/teatrocordoba.es\/festival-guitarra-cordoba\/wp-content\/uploads\/2021\/04\/Sidecars-600x490.jpg 600w, https:\/\/teatrocordoba.es\/festival-guitarra-cordoba\/wp-content\/uploads\/2021\/04\/Sidecars-768x627.jpg 768w, https:\/\/teatrocordoba.es\/festival-guitarra-cordoba\/wp-content\/uploads\/2021\/04\/Sidecars.jpg 790w\" sizes=\"(max-width: 300px) 100vw, 300px\" \/><\/a><span class=\"duration time\"><span class=\"tribe-event-date-start\">julio 15, 2021 | 22:30<\/span><\/span><\/li><li class=\"ecs-event teatro-axerquia-2021_ecs_category\"><h4 class=\"entry-title summary\"><a href=\"https:\/\/teatrocordoba.es\/festival-guitarra-cordoba\/eventos\/suzi-quatro\/\" rel=\"bookmark\">Suzi Quatro<\/a><\/h4><a href=\"https:\/\/teatrocordoba.es\/festival-guitarra-cordoba\/eventos\/suzi-quatro\/\"><img width=\"300\" height=\"245\" src=\"https:\/\/teatrocordoba.es\/festival-guitarra-cordoba\/wp-content\/uploads\/2021\/04\/Suzi-Quatro-1-300x245.jpg\" class=\"attachment-medium size-medium wp-post-image\" alt=\"\" srcset=\"https:\/\/teatrocordoba.es\/festival-guitarra-cordoba\/wp-content\/uploads\/2021\/04\/Suzi-Quatro-1-200x163.jpg 200w, https:\/\/teatrocordoba.es\/festival-guitarra-cordoba\/wp-content\/uploads\/2021\/04\/Suzi-Quatro-1-300x245.jpg 300w, https:\/\/teatrocordoba.es\/festival-guitarra-cordoba\/wp-content\/uploads\/2021\/04\/Suzi-Quatro-1-400x327.jpg 400w, https:\/\/teatrocordoba.es\/festival-guitarra-cordoba\/wp-content\/uploads\/2021\/04\/Suzi-Quatro-1-600x490.jpg 600w, https:\/\/teatrocordoba.es\/festival-guitarra-cordoba\/wp-content\/uploads\/2021\/04\/Suzi-Quatro-1-768x627.jpg 768w, https:\/\/teatrocordoba.es\/festival-guitarra-cordoba\/wp-content\/uploads\/2021\/04\/Suzi-Quatro-1.jpg 790w\" sizes=\"(max-width: 300px) 100vw, 300px\" \/><\/a><span class=\"duration time\"><span class=\"tribe-event-date-start\">julio 16, 2021 | 22:30<\/span><\/span><\/li><\/ul><script type=\"application\/ld+json\">\r\n[{\"@context\":\"http:\/\/schema.org\",\"@type\":\"Event\",\"name\":\"Sinfonity. Electric Guitar Orchestra\",\"description\":\"&lt;p&gt;El primer concierto de esta edici\\u00f3n del Festival en el Teatro de La Axerqu\\u00eda lo protagoniza Pablo Salinas y su Electric Guitar Orchestra. Ha sido C\\u00f3rdoba la ciudad elegida para el estreno de su nuevo proyecto; y ha tenido que ser en Espa\\u00f1a, pa\\u00eds de gran tradici\\u00f3n de guitarristas, donde surgiese la primera orquesta sinf\\u00f3nica de guitarras el\\u00e9ctricas del mundo. Su creador y director, Pablo Salinas, es un compositor, guitarrista, pianista, organista, arreglista y productor, un artista vers\\u00e1til y multifac\\u00e9tico, abierto a la colaboraci\\u00f3n con todo tipo de m\\u00fasicos, estilos y formas de hacer m\\u00fasica. Ha compartido el escenario con grandes [&hellip;]&lt;\/p&gt;\\\\n\",\"image\":\"https:\/\/teatrocordoba.es\/festival-guitarra-cordoba\/wp-content\/uploads\/2021\/04\/cabecera-1.jpg\",\"url\":\"https:\/\/teatrocordoba.es\/festival-guitarra-cordoba\/eventos\/sinfonity-electric-guitar-orchestra\/\",\"startDate\":\"2021-07-09T22:30:00+00:00\",\"endDate\":\"2021-07-09T22:30:00+00:00\",\"location\":{\"@type\":\"Place\",\"name\":\"Teatro La Axerqu\\u00eda\",\"description\":\"\",\"url\":\"\",\"address\":{\"@type\":\"PostalAddress\",\"streetAddress\":\"Avda Menendez Pidal S\/N\",\"addressLocality\":\"C\\u00f3rdoba\",\"addressRegion\":\"C\\u00f3rdoba\",\"postalCode\":\"14004\",\"addressCountry\":\"Espa\\u00f1a\"},\"telephone\":\"957760945\",\"sameAs\":\"\"},\"organizer\":{\"@type\":\"Person\",\"name\":\"IMAE\",\"description\":\"\",\"url\":\"\",\"telephone\":\"957 48 02 92 - 957 48 06 44\",\"email\":\"c&#111;&#109;u&#110;&#105;&#99;a&#99;io&#110;&#64;&#116;ea&#116;ro&#99;&#111;&#114;&#100;o&#98;a.org\",\"sameAs\":\"https:\/\/teatrocordoba.es\/\"},\"offers\":{\"@type\":\"Offer\",\"price\":\"18 \\u2013 20\",\"priceCurrency\":\"\\u20ac\",\"url\":\"https:\/\/teatrocordoba.es\/festival-guitarra-cordoba\/eventos\/sinfonity-electric-guitar-orchestra\/\",\"category\":\"primary\",\"availability\":\"inStock\",\"validFrom\":\"1970-01-01T00:00:00+00:00\"},\"performer\":\"Organization\"},{\"@context\":\"http:\/\/schema.org\",\"@type\":\"Event\",\"name\":\"Loquillo\",\"description\":\"&lt;p&gt;LOQUILLO: EL ULTIMO CL\\u00c1SICO &nbsp; Loquillo NUEVA FECHA PARA EL CONCIERTO: 11 de septiembre de 2021. Las localidades adquiridas servir\\u00e1n para la nueva fecha. En caso de no poder asistir se podr\\u00e1 solicitar la devoluci\\u00f3n. M\\u00e1s informaci\\u00f3n aqu\\u00ed: https:\/\/teatrocordoba.es\/festival-guitarra-cordoba\/loquillo-actuara-en-la-axerquia-el-sabado-11-de-septiembre\/ Loquillo se ha hecho esperar m\\u00e1s de lo que en \\u00e9l suele ser habitual pero se puede concluir desde ya que la espera ha merecido la pena. Desde la edici\\u00f3n de \\u201cViento del Este\\u201d en 2016, su \\u00faltimo trabajo de estudio, sus seguidores estaban esperando un \\u00e1lbum con canciones nuevas y Loquillo ha cumplido satisfactoriamente con su parte del trabajo. Tras un [&hellip;]&lt;\/p&gt;\\\\n\",\"image\":\"https:\/\/teatrocordoba.es\/festival-guitarra-cordoba\/wp-content\/uploads\/2021\/04\/Loquillo-Los-Zigarrillos.jpg\",\"url\":\"https:\/\/teatrocordoba.es\/festival-guitarra-cordoba\/eventos\/loquillo-los-zigarros\/\",\"startDate\":\"2021-07-10T22:30:00+00:00\",\"endDate\":\"2021-07-10T22:30:00+00:00\",\"location\":{\"@type\":\"Place\",\"name\":\"Teatro La Axerqu\\u00eda\",\"description\":\"\",\"url\":\"\",\"address\":{\"@type\":\"PostalAddress\",\"streetAddress\":\"Avda Menendez Pidal S\/N\",\"addressLocality\":\"C\\u00f3rdoba\",\"addressRegion\":\"C\\u00f3rdoba\",\"postalCode\":\"14004\",\"addressCountry\":\"Espa\\u00f1a\"},\"telephone\":\"957760945\",\"sameAs\":\"\"},\"organizer\":{\"@type\":\"Person\",\"name\":\"IMAE\",\"description\":\"\",\"url\":\"\",\"telephone\":\"957 48 02 92 - 957 48 06 44\",\"email\":\"c&#111;&#109;&#117;&#110;&#105;&#99;&#97;c&#105;&#111;&#110;&#64;&#116;e&#97;t&#114;&#111;c&#111;&#114;d&#111;b&#97;.&#111;&#114;g\",\"sameAs\":\"https:\/\/teatrocordoba.es\/\"},\"offers\":{\"@type\":\"Offer\",\"price\":\"25 \\u2013 35\",\"priceCurrency\":\"\\u20ac\",\"url\":\"https:\/\/teatrocordoba.es\/festival-guitarra-cordoba\/eventos\/loquillo-los-zigarros\/\",\"category\":\"primary\",\"availability\":\"inStock\",\"validFrom\":\"1970-01-01T00:00:00+00:00\"},\"performer\":\"Organization\"},{\"@context\":\"http:\/\/schema.org\",\"@type\":\"Event\",\"name\":\"\\u00abUna Noche por Paco\\u00bb\",\"description\":\"&lt;p&gt;UNA NOCHE POR PACO No pod\\u00eda imaginarme o so\\u00f1ar hasta d\\u00f3nde me llevar\\u00eda y a d\\u00f3nde llegar\\u00eda con la guitarra Paco de lucia \\u00a0 UNA NOCHE POR PACO es un proyecto para celebrar la figura del legendario guitarrista Paco de Luc\\u00eda, un homenaje que llevar\\u00e1 al escenario a algunos de los mejores protagonistas de la escena flamenca, artistas que lo amaron y lo acompa\\u00f1aron en diferentes momentos de su carrera y su vida personal. Este homenaje cuenta con el apoyo de La Fundaci\\u00f3n Paco de Luc\\u00eda que nace con el objetivo de continuar con el prop\\u00f3sito que el genio de la [&hellip;]&lt;\/p&gt;\\\\n\",\"image\":\"https:\/\/teatrocordoba.es\/festival-guitarra-cordoba\/wp-content\/uploads\/2021\/04\/Una-noche-por-Paco-1.jpg\",\"url\":\"https:\/\/teatrocordoba.es\/festival-guitarra-cordoba\/eventos\/una-noche-por-paco\/\",\"startDate\":\"2021-07-11T22:30:00+00:00\",\"endDate\":\"2021-07-11T22:30:00+00:00\",\"location\":{\"@type\":\"Place\",\"name\":\"Teatro La Axerqu\\u00eda\",\"description\":\"\",\"url\":\"\",\"address\":{\"@type\":\"PostalAddress\",\"streetAddress\":\"Avda Menendez Pidal S\/N\",\"addressLocality\":\"C\\u00f3rdoba\",\"addressRegion\":\"C\\u00f3rdoba\",\"postalCode\":\"14004\",\"addressCountry\":\"Espa\\u00f1a\"},\"telephone\":\"957760945\",\"sameAs\":\"\"},\"organizer\":{\"@type\":\"Person\",\"name\":\"IMAE\",\"description\":\"\",\"url\":\"\",\"telephone\":\"957 48 02 92 - 957 48 06 44\",\"email\":\"comuni&#99;aci&#111;n&#64;&#116;&#101;a&#116;roco&#114;&#100;&#111;ba.&#111;&#114;&#103;\",\"sameAs\":\"https:\/\/teatrocordoba.es\/\"},\"offers\":{\"@type\":\"Offer\",\"price\":\"23 \\u2013 25\",\"priceCurrency\":\"\\u20ac\",\"url\":\"https:\/\/teatrocordoba.es\/festival-guitarra-cordoba\/eventos\/una-noche-por-paco\/\",\"category\":\"primary\",\"availability\":\"inStock\",\"validFrom\":\"1970-01-01T00:00:00+00:00\"},\"performer\":\"Organization\"},{\"@context\":\"http:\/\/schema.org\",\"@type\":\"Event\",\"name\":\"Mariza: \\u00abMariza canta a Amalia\\u00bb\",\"description\":\"&lt;p&gt;Dos voces excepcionales. Dos carreras brillantes. En com\\u00fan, Fado, patrimonio eterno y universal de las m\\u00fasicas del mundo, ex-libris de Portugal. Pero tambi\\u00e9n una conexi\\u00f3n indeleble que trasciende. Cuando Mariza se propuso conquistar el mundo, arrebat\\u00f3 p\\u00fablicos que, antes, solo Am\\u00e1lia hab\\u00eda logrado arrebatar. Cuando Mariza comenz\\u00f3 a explorar otros caminos contiguos al Fado, lo hizo como antes, solo lo hab\\u00eda logrado Am\\u00e1lia. Cuando Mariza se convirti\\u00f3 en embajadora de la m\\u00fasica portuguesa del siglo XXI, asumi\\u00f3 el manto que, antes, solo Am\\u00e1lia hab\\u00eda logrado llevar en el siglo XX. Por tanto, no es de extra\\u00f1ar que Mariza finalmente rinda homenaje [&hellip;]&lt;\/p&gt;\\\\n\",\"image\":\"https:\/\/teatrocordoba.es\/festival-guitarra-cordoba\/wp-content\/uploads\/2021\/04\/MARIZA-1.jpg\",\"url\":\"https:\/\/teatrocordoba.es\/festival-guitarra-cordoba\/eventos\/mariza\/\",\"startDate\":\"2021-07-12T22:30:00+00:00\",\"endDate\":\"2021-07-12T22:30:00+00:00\",\"location\":{\"@type\":\"Place\",\"name\":\"Teatro La Axerqu\\u00eda\",\"description\":\"\",\"url\":\"\",\"address\":{\"@type\":\"PostalAddress\",\"streetAddress\":\"Avda Menendez Pidal S\/N\",\"addressLocality\":\"C\\u00f3rdoba\",\"addressRegion\":\"C\\u00f3rdoba\",\"postalCode\":\"14004\",\"addressCountry\":\"Espa\\u00f1a\"},\"telephone\":\"957760945\",\"sameAs\":\"\"},\"organizer\":{\"@type\":\"Person\",\"name\":\"IMAE\",\"description\":\"\",\"url\":\"\",\"telephone\":\"957 48 02 92 - 957 48 06 44\",\"email\":\"co&#109;&#117;ni&#99;a&#99;&#105;on&#64;&#116;&#101;&#97;&#116;&#114;o&#99;&#111;&#114;dob&#97;&#46;&#111;&#114;g\",\"sameAs\":\"https:\/\/teatrocordoba.es\/\"},\"offers\":{\"@type\":\"Offer\",\"price\":\"25 \\u2013 30\",\"priceCurrency\":\"\\u20ac\",\"url\":\"https:\/\/teatrocordoba.es\/festival-guitarra-cordoba\/eventos\/mariza\/\",\"category\":\"primary\",\"availability\":\"inStock\",\"validFrom\":\"1970-01-01T00:00:00+00:00\"},\"performer\":\"Organization\"},{\"@context\":\"http:\/\/schema.org\",\"@type\":\"Event\",\"name\":\"Tri\\u00e1ngulo de Amor Bizarro + Maikel de la Riva\",\"description\":\"&lt;p&gt;Tri\\u00e1ngulo de amor bizarro es una banda gallega de indie rock, noise rock y post-punk formada en 2004 y que se ha convertido en uno de los grupos de la escena independiente m\\u00e1s respetados y reivindicados de la \\u00faltima d\\u00e9cada. Su \\u00faltimo disco, al que le han dado su mismo nombre, \\u201cTri\\u00e1ngulo de amor bizarro\\u201d, ha sido celebrado un\\u00e1nimamente por la cr\\u00edtica y galardonado con el Premio Ruido de la prensa musical espa\\u00f1ola como mejor disco espa\\u00f1ol de 2020. Isabel Cea, bajo y voz Rodrigo Caama\\u00f1o, guitarra y voz Rafael Mallo, bater\\u00eda Rub\\u00e9n Mu\\u00f1oz, teclados Maikel de la Riva, vocalista y [&hellip;]&lt;\/p&gt;\\\\n\",\"image\":\"https:\/\/teatrocordoba.es\/festival-guitarra-cordoba\/wp-content\/uploads\/2021\/04\/triangulo-maikel.jpg\",\"url\":\"https:\/\/teatrocordoba.es\/festival-guitarra-cordoba\/eventos\/triangulo-de-amor-bizarro-maikel-de-la-riva\/\",\"startDate\":\"2021-07-14T22:30:00+00:00\",\"endDate\":\"2021-07-14T22:30:00+00:00\",\"location\":{\"@type\":\"Place\",\"name\":\"Teatro La Axerqu\\u00eda\",\"description\":\"\",\"url\":\"\",\"address\":{\"@type\":\"PostalAddress\",\"streetAddress\":\"Avda Menendez Pidal S\/N\",\"addressLocality\":\"C\\u00f3rdoba\",\"addressRegion\":\"C\\u00f3rdoba\",\"postalCode\":\"14004\",\"addressCountry\":\"Espa\\u00f1a\"},\"telephone\":\"957760945\",\"sameAs\":\"\"},\"organizer\":{\"@type\":\"Person\",\"name\":\"IMAE\",\"description\":\"\",\"url\":\"\",\"telephone\":\"957 48 02 92 - 957 48 06 44\",\"email\":\"c&#111;m&#117;nic&#97;c&#105;on&#64;&#116;&#101;atroc&#111;rd&#111;ba.&#111;r&#103;\",\"sameAs\":\"https:\/\/teatrocordoba.es\/\"},\"offers\":{\"@type\":\"Offer\",\"price\":\"18 \\u2013 20\",\"priceCurrency\":\"\\u20ac\",\"url\":\"https:\/\/teatrocordoba.es\/festival-guitarra-cordoba\/eventos\/triangulo-de-amor-bizarro-maikel-de-la-riva\/\",\"category\":\"primary\",\"availability\":\"inStock\",\"validFrom\":\"1970-01-01T00:00:00+00:00\"},\"performer\":\"Organization\"},{\"@context\":\"http:\/\/schema.org\",\"@type\":\"Event\",\"name\":\"Sidecars\",\"description\":\"&lt;p&gt;Juancho (voz, guitarra solista), Gerbas (bajo) y Ruly (bater\\u00eda) son Sidecars, una banda que debut\\u00f3 discogr\\u00e1ficamente en septiembre de 2008 con el lanzamiento de su primer disco, bautizado con el nombre de la banda, Sidecars. En un par de a\\u00f1os hab\\u00edan conseguido ocupar un discreto pero fundamental puesto en el imaginario mapa musical madrile\\u00f1o. Eso propici\\u00f3 la grabaci\\u00f3n de aquella primera referencia y la posibilidad de la segunda, Cremalleras, un disco que confirmaba su evoluci\\u00f3n como banda, con unas canciones contagiosas, endulzadas con unos estribillos pegadizos\\u2026 eso y sus ganas imparables de llegar a m\\u00e1s gente con su tremenda solidez, su [&hellip;]&lt;\/p&gt;\\\\n\",\"image\":\"https:\/\/teatrocordoba.es\/festival-guitarra-cordoba\/wp-content\/uploads\/2021\/04\/Sidecars.jpg\",\"url\":\"https:\/\/teatrocordoba.es\/festival-guitarra-cordoba\/eventos\/sidecars\/\",\"startDate\":\"2021-07-15T22:30:00+00:00\",\"endDate\":\"2021-07-15T22:30:00+00:00\",\"location\":{\"@type\":\"Place\",\"name\":\"Teatro La Axerqu\\u00eda\",\"description\":\"\",\"url\":\"\",\"address\":{\"@type\":\"PostalAddress\",\"streetAddress\":\"Avda Menendez Pidal S\/N\",\"addressLocality\":\"C\\u00f3rdoba\",\"addressRegion\":\"C\\u00f3rdoba\",\"postalCode\":\"14004\",\"addressCountry\":\"Espa\\u00f1a\"},\"telephone\":\"957760945\",\"sameAs\":\"\"},\"organizer\":{\"@type\":\"Person\",\"name\":\"IMAE\",\"description\":\"\",\"url\":\"\",\"telephone\":\"957 48 02 92 - 957 48 06 44\",\"email\":\"com&#117;ni&#99;&#97;&#99;&#105;o&#110;&#64;&#116;eat&#114;&#111;&#99;o&#114;do&#98;&#97;.org\",\"sameAs\":\"https:\/\/teatrocordoba.es\/\"},\"offers\":{\"@type\":\"Offer\",\"price\":\"23 \\u2013 25\",\"priceCurrency\":\"\\u20ac\",\"url\":\"https:\/\/teatrocordoba.es\/festival-guitarra-cordoba\/eventos\/sidecars\/\",\"category\":\"primary\",\"availability\":\"inStock\",\"validFrom\":\"1970-01-01T00:00:00+00:00\"},\"performer\":\"Organization\"},{\"@context\":\"http:\/\/schema.org\",\"@type\":\"Event\",\"name\":\"Suzi Quatro\",\"description\":\"&lt;p&gt;Suzi Quatro, cuarta de cinco hijos, naci\\u00f3, bajo el signo de g\\u00e9minis, el 3 de junio de 1950, en Detroit, Michigan. Creci\\u00f3 en una familia musical en la que todos tocaban varios instrumentos, junto a 3 hermanas y un hermano. Suzi debut\\u00f3 en el escenario tocando el bongo en la jazz band de su padre, el trio Art Quatro. Muy pronto comenz\\u00f3 a estudiar piano cl\\u00e1sico y percusi\\u00f3n y a los 14 a\\u00f1os fund\\u00f3 una banda de chicas junto a su hermana mayor Patti, llamada \\u201cThe P\\u00f1easure Seekers\\u201d. A Suzi le \\u201cdijeron\\u201d que ser\\u00eda bajo, \\u201c\\u00a1Que era tan alto como ella!\\u201d, [&hellip;]&lt;\/p&gt;\\\\n\",\"image\":\"https:\/\/teatrocordoba.es\/festival-guitarra-cordoba\/wp-content\/uploads\/2021\/04\/Suzi-Quatro-1.jpg\",\"url\":\"https:\/\/teatrocordoba.es\/festival-guitarra-cordoba\/eventos\/suzi-quatro\/\",\"startDate\":\"2021-07-16T22:30:00+00:00\",\"endDate\":\"2021-07-16T22:30:00+00:00\",\"location\":{\"@type\":\"Place\",\"name\":\"Teatro La Axerqu\\u00eda\",\"description\":\"\",\"url\":\"\",\"address\":{\"@type\":\"PostalAddress\",\"streetAddress\":\"Avda Menendez Pidal S\/N\",\"addressLocality\":\"C\\u00f3rdoba\",\"addressRegion\":\"C\\u00f3rdoba\",\"postalCode\":\"14004\",\"addressCountry\":\"Espa\\u00f1a\"},\"telephone\":\"957760945\",\"sameAs\":\"\"},\"organizer\":{\"@type\":\"Person\",\"name\":\"IMAE\",\"description\":\"\",\"url\":\"\",\"telephone\":\"957 48 02 92 - 957 48 06 44\",\"email\":\"c&#111;mun&#105;&#99;&#97;c&#105;&#111;n&#64;te&#97;&#116;&#114;&#111;&#99;o&#114;&#100;&#111;&#98;a&#46;&#111;&#114;g\",\"sameAs\":\"https:\/\/teatrocordoba.es\/\"},\"offers\":{\"@type\":\"Offer\",\"price\":\"30 \\u2013 35\",\"priceCurrency\":\"\\u20ac\",\"url\":\"https:\/\/teatrocordoba.es\/festival-guitarra-cordoba\/eventos\/suzi-quatro\/\",\"category\":\"primary\",\"availability\":\"inStock\",\"validFrom\":\"1970-01-01T00:00:00+00:00\"},\"performer\":\"Organization\"}]\r\n<\/script><!--\n Event listing powered by The Events Calendar Shortcode\n https:\/\/eventcalendarnewsletter.com\/the-events-calendar-shortcode\/ \n--><div class=\"fusion-clearfix\"><\/div><\/div><\/div><\/div><\/div><div class=\"fusion-fullwidth fullwidth-box fusion-builder-row-7 nonhundred-percent-fullwidth non-hundred-percent-height-scrolling\" style=\"background-color: rgba(255,255,255,0);background-position: center center;background-repeat: no-repeat;padding-top:0px;padding-right:0px;padding-bottom:0px;padding-left:0px;margin-bottom: 0px;margin-top: 0px;border-width: 0px 0px 0px 0px;border-color:#e7e4e2;border-style:solid;\" ><div class=\"fusion-builder-row fusion-row\"><div class=\"fusion-layout-column fusion_builder_column fusion-builder-column-6 fusion_builder_column_1_1 1_1 fusion-one-full fusion-column-first fusion-column-last\" style=\"margin-top:10px;margin-bottom:10px;\"><div class=\"fusion-column-wrapper fusion-flex-column-wrapper-legacy\" style=\"background-position:left top;background-repeat:no-repeat;-webkit-background-size:cover;-moz-background-size:cover;-o-background-size:cover;background-size:cover;padding: 0px 0px 0px 0px;\"><style type=\"text\/css\"><\/style><div class=\"fusion-title title fusion-title-4 fusion-sep-none fusion-title-text fusion-title-size-one\" style=\"margin-top:0px;margin-bottom:30px;\"><h1 class=\"title-heading-left\" style=\"margin:0;\">Mezquita Catedral de C\u00f3rdoba<\/h1><\/div><div class=\"fusion-clearfix\"><\/div><\/div><\/div><\/div><\/div><div class=\"fusion-fullwidth fullwidth-box fusion-builder-row-8 nonhundred-percent-fullwidth non-hundred-percent-height-scrolling\" style=\"background-color: rgba(255,255,255,0);background-position: center center;background-repeat: no-repeat;padding-top:0px;padding-right:0px;padding-bottom:0px;padding-left:0px;margin-bottom: 0px;margin-top: 0px;border-width: 0px 0px 0px 0px;border-color:#e7e4e2;border-style:solid;\" ><div class=\"fusion-builder-row fusion-row\"><div class=\"fusion-layout-column fusion_builder_column fusion-builder-column-7 fusion_builder_column_1_1 1_1 fusion-one-full fusion-column-first fusion-column-last\" style=\"margin-top:10px;margin-bottom:10px;\"><div class=\"fusion-column-wrapper fusion-flex-column-wrapper-legacy\" style=\"background-position:left top;background-repeat:no-repeat;-webkit-background-size:cover;-moz-background-size:cover;-o-background-size:cover;background-size:cover;padding: 0px 0px 0px 0px;\"><ul class=\"ecs-event-list\"><li class=\"ecs-event mezquita-catedral-de-cordoba_ecs_category\"><h4 class=\"entry-title summary\"><a href=\"https:\/\/teatrocordoba.es\/festival-guitarra-cordoba\/eventos\/paco-pena-requiem-por-la-tierra\/\" rel=\"bookmark\">Paco Pe\u00f1a:  \u00abR\u00e9quiem por la Tierra\u00bb<\/a><\/h4><a href=\"https:\/\/teatrocordoba.es\/festival-guitarra-cordoba\/eventos\/paco-pena-requiem-por-la-tierra\/\"><img width=\"300\" height=\"300\" src=\"https:\/\/teatrocordoba.es\/festival-guitarra-cordoba\/wp-content\/uploads\/2021\/04\/1080x1080_MC_Paco-Pena-INVITACIONES-300x300.jpg\" class=\"attachment-medium size-medium wp-post-image\" alt=\"\" srcset=\"https:\/\/teatrocordoba.es\/festival-guitarra-cordoba\/wp-content\/uploads\/2021\/04\/1080x1080_MC_Paco-Pena-INVITACIONES-66x66.jpg 66w, https:\/\/teatrocordoba.es\/festival-guitarra-cordoba\/wp-content\/uploads\/2021\/04\/1080x1080_MC_Paco-Pena-INVITACIONES-150x150.jpg 150w, https:\/\/teatrocordoba.es\/festival-guitarra-cordoba\/wp-content\/uploads\/2021\/04\/1080x1080_MC_Paco-Pena-INVITACIONES-200x200.jpg 200w, https:\/\/teatrocordoba.es\/festival-guitarra-cordoba\/wp-content\/uploads\/2021\/04\/1080x1080_MC_Paco-Pena-INVITACIONES-300x300.jpg 300w, https:\/\/teatrocordoba.es\/festival-guitarra-cordoba\/wp-content\/uploads\/2021\/04\/1080x1080_MC_Paco-Pena-INVITACIONES-400x400.jpg 400w, https:\/\/teatrocordoba.es\/festival-guitarra-cordoba\/wp-content\/uploads\/2021\/04\/1080x1080_MC_Paco-Pena-INVITACIONES-600x600.jpg 600w, https:\/\/teatrocordoba.es\/festival-guitarra-cordoba\/wp-content\/uploads\/2021\/04\/1080x1080_MC_Paco-Pena-INVITACIONES-768x768.jpg 768w, https:\/\/teatrocordoba.es\/festival-guitarra-cordoba\/wp-content\/uploads\/2021\/04\/1080x1080_MC_Paco-Pena-INVITACIONES-800x800.jpg 800w, https:\/\/teatrocordoba.es\/festival-guitarra-cordoba\/wp-content\/uploads\/2021\/04\/1080x1080_MC_Paco-Pena-INVITACIONES-1024x1024.jpg 1024w, https:\/\/teatrocordoba.es\/festival-guitarra-cordoba\/wp-content\/uploads\/2021\/04\/1080x1080_MC_Paco-Pena-INVITACIONES.jpg 1080w\" sizes=\"(max-width: 300px) 100vw, 300px\" \/><\/a><span class=\"duration time\"><span class=\"tribe-event-date-start\">julio 17, 2021 | 21:00<\/span><\/span><\/li><\/ul><script type=\"application\/ld+json\">\r\n[{\"@context\":\"http:\/\/schema.org\",\"@type\":\"Event\",\"name\":\"Paco Pe\\u00f1a:  \\u00abR\\u00e9quiem por la Tierra\\u00bb\",\"description\":\"&lt;p&gt;Guitarras Paco Pe\\u00f1a Paco Arriaga Rafael Montilla Cante El Chaparro Rafael de Utrera Gema Jim\\u00e9nez Rafael Plant\\u00f3n Jos\\u00e9 Plant\\u00f3n, \\u201cJos\\u00e9 del Calli\\u201d Soprano Inmaculada Almeda Percusi\\u00f3n Julio Alcocer Coro Brouwer Escolan\\u00eda C.P. M &quot;Ziryab&quot; Director coro y escolan\\u00eda, Javier S\\u00e1enz-L\\u00f3pez Bu\\u00f1uel M\\u00fasica, textos originales, adaptaci\\u00f3n de textos tradicionales de la Misa de R\\u00e9quiem Paco Pe\\u00f1a Textos relacionados con la Tierra y el Medio Ambiente basados en ideas y escritos de Peter Bunyard Textos adicionales inspirados en obras de Homero (600AC) Arreglos corales Howard Moody Direcci\\u00f3n, Paco Pe\\u00f1a &nbsp; R\\u00c9QUIEM POR LA TIERRA de Paco Pe\\u00f1a es una obra musical de gran [&hellip;]&lt;\/p&gt;\\\\n\",\"image\":\"https:\/\/teatrocordoba.es\/festival-guitarra-cordoba\/wp-content\/uploads\/2021\/04\/1080x1080_MC_Paco-Pena-INVITACIONES.jpg\",\"url\":\"https:\/\/teatrocordoba.es\/festival-guitarra-cordoba\/eventos\/paco-pena-requiem-por-la-tierra\/\",\"startDate\":\"2021-07-17T21:00:00+00:00\",\"endDate\":\"2021-07-17T21:00:00+00:00\",\"location\":{\"@type\":\"Place\",\"name\":\"Mezquita Catedral de C\\u00f3rdoba\",\"description\":\"\",\"url\":\"\",\"address\":{\"@type\":\"PostalAddress\",\"streetAddress\":\"Calle Cardenal Herrero, 1\",\"addressLocality\":\"C\\u00f3rdoba\",\"addressRegion\":\"C\\u00f3rdoba\",\"postalCode\":\"14003\",\"addressCountry\":\"Espa\\u00f1a\"},\"telephone\":\"957 47 05 12\",\"sameAs\":\"\"},\"organizer\":{\"@type\":\"Person\",\"name\":\"IMAE\",\"description\":\"\",\"url\":\"\",\"telephone\":\"957 48 02 92 - 957 48 06 44\",\"email\":\"c&#111;m&#117;&#110;&#105;&#99;ac&#105;o&#110;&#64;&#116;e&#97;&#116;&#114;&#111;co&#114;do&#98;a&#46;&#111;r&#103;\",\"sameAs\":\"https:\/\/teatrocordoba.es\/\"},\"offers\":{\"@type\":\"Offer\",\"price\":\"0\",\"priceCurrency\":\"USD\",\"url\":\"https:\/\/teatrocordoba.es\/festival-guitarra-cordoba\/eventos\/paco-pena-requiem-por-la-tierra\/\",\"category\":\"primary\",\"availability\":\"inStock\",\"validFrom\":\"1970-01-01T00:00:00+00:00\"},\"performer\":\"Organization\"}]\r\n<\/script><!--\n Event listing powered by The Events Calendar Shortcode\n https:\/\/eventcalendarnewsletter.com\/the-events-calendar-shortcode\/ \n--><div class=\"fusion-clearfix\"><\/div><\/div><\/div><\/div><\/div><\/p>\n","protected":false},"excerpt":{"rendered":"","protected":false},"author":9,"featured_media":0,"parent":0,"menu_order":0,"comment_status":"closed","ping_status":"closed","template":"","meta":[],"acf":[],"_links":{"self":[{"href":"https:\/\/teatrocordoba.es\/festival-guitarra-cordoba\/wp-json\/wp\/v2\/pages\/4594"}],"collection":[{"href":"https:\/\/teatrocordoba.es\/festival-guitarra-cordoba\/wp-json\/wp\/v2\/pages"}],"about":[{"href":"https:\/\/teatrocordoba.es\/festival-guitarra-cordoba\/wp-json\/wp\/v2\/types\/page"}],"author":[{"embeddable":true,"href":"https:\/\/teatrocordoba.es\/festival-guitarra-cordoba\/wp-json\/wp\/v2\/users\/9"}],"replies":[{"embeddable":true,"href":"https:\/\/teatrocordoba.es\/festival-guitarra-cordoba\/wp-json\/wp\/v2\/comments?post=4594"}],"version-history":[{"count":14,"href":"https:\/\/teatrocordoba.es\/festival-guitarra-cordoba\/wp-json\/wp\/v2\/pages\/4594\/revisions"}],"predecessor-version":[{"id":5139,"href":"https:\/\/teatrocordoba.es\/festival-guitarra-cordoba\/wp-json\/wp\/v2\/pages\/4594\/revisions\/5139"}],"wp:attachment":[{"href":"https:\/\/teatrocordoba.es\/festival-guitarra-cordoba\/wp-json\/wp\/v2\/media?parent=4594"}],"curies":[{"name":"wp","href":"https:\/\/api.w.org\/{rel}","templated":true}]}}