{"id":5274,"date":"2022-03-31T11:27:53","date_gmt":"2022-03-31T11:27:53","guid":{"rendered":"https:\/\/teatrocordoba.es\/festival-guitarra-cordoba\/?page_id=5274"},"modified":"2022-04-18T16:57:39","modified_gmt":"2022-04-18T16:57:39","slug":"programa-formativo-2022","status":"publish","type":"page","link":"https:\/\/teatrocordoba.es\/festival-guitarra-cordoba\/programa-formativo-2022\/","title":{"rendered":"Programa formativo 2022"},"content":{"rendered":"<p><div class=\"fusion-fullwidth fullwidth-box fusion-builder-row-1 fusion-flex-container nonhundred-percent-fullwidth non-hundred-percent-height-scrolling\" style=\"background-color: rgba(255,255,255,0);background-position: center center;background-repeat: no-repeat;border-width: 0px 0px 0px 0px;border-color:#e7e4e2;border-style:solid;\" ><div class=\"fusion-builder-row fusion-row fusion-flex-align-items-flex-start\" style=\"max-width:1331.2px;margin-left: calc(-4% \/ 2 );margin-right: calc(-4% \/ 2 );\"><div class=\"fusion-layout-column fusion_builder_column fusion-builder-column-0 fusion_builder_column_1_1 1_1 fusion-flex-column\"><div class=\"fusion-column-wrapper fusion-flex-justify-content-flex-start fusion-content-layout-column\" style=\"background-position:left top;background-repeat:no-repeat;-webkit-background-size:cover;-moz-background-size:cover;-o-background-size:cover;background-size:cover;padding: 0px 0px 0px 0px;\"><style type=\"text\/css\">@media only screen and (max-width:1024px) {.fusion-title.fusion-title-1{margin-top:0px!important;margin-bottom:30px!important;}}@media only screen and (max-width:640px) {.fusion-title.fusion-title-1{margin-top:10px!important;margin-bottom:10px!important;}}<\/style><div class=\"fusion-title title fusion-title-1 fusion-sep-none fusion-title-center fusion-title-text fusion-title-size-two texto-animado\" style=\"margin-top:0px;margin-bottom:30px;\"><h2 class=\"title-heading-center\" style=\"margin:0;\">\u00a1PR\u00d3XIMAMENTE A LA VENTA!<\/h2><\/div><\/div><\/div><style type=\"text\/css\">.fusion-body .fusion-builder-column-0{width:100% !important;margin-top : 10px;margin-bottom : 10px;}.fusion-builder-column-0 > .fusion-column-wrapper {padding-top : 0px !important;padding-right : 0px !important;margin-right : 1.92%;padding-bottom : 0px !important;padding-left : 0px !important;margin-left : 1.92%;}@media only screen and (max-width:1024px) {.fusion-body .fusion-builder-column-0{width:100% !important;order : 0;}.fusion-builder-column-0 > .fusion-column-wrapper {margin-right : 1.92%;margin-left : 1.92%;}}@media only screen and (max-width:640px) {.fusion-body .fusion-builder-column-0{width:100% !important;order : 0;}.fusion-builder-column-0 > .fusion-column-wrapper {margin-right : 1.92%;margin-left : 1.92%;}}<\/style><\/div><style type=\"text\/css\">.fusion-body .fusion-flex-container.fusion-builder-row-1{ padding-top : 0px;margin-top : 0px;padding-right : 0px;padding-bottom : 0px;margin-bottom : 0px;padding-left : 0px;}<\/style><\/div><div class=\"fusion-fullwidth fullwidth-box fusion-builder-row-2 fusion-flex-container nonhundred-percent-fullwidth non-hundred-percent-height-scrolling\" style=\"background-color: rgba(255,255,255,0);background-position: center center;background-repeat: no-repeat;border-width: 0px 0px 0px 0px;border-color:#e7e4e2;border-style:solid;\" ><div class=\"fusion-builder-row fusion-row fusion-flex-align-items-flex-start\" style=\"max-width:1331.2px;margin-left: calc(-4% \/ 2 );margin-right: calc(-4% \/ 2 );\"><div class=\"fusion-layout-column fusion_builder_column fusion-builder-column-1 fusion_builder_column_1_1 1_1 fusion-flex-column\"><div class=\"fusion-column-wrapper fusion-flex-justify-content-flex-start fusion-content-layout-column\" style=\"background-position:left top;background-repeat:no-repeat;-webkit-background-size:cover;-moz-background-size:cover;-o-background-size:cover;background-size:cover;padding: 0px 0px 0px 0px;\"><style type=\"text\/css\">@media only screen and (max-width:1024px) {.fusion-title.fusion-title-2{margin-top:0px!important;margin-bottom:30px!important;}}@media only screen and (max-width:640px) {.fusion-title.fusion-title-2{margin-top:10px!important;margin-bottom:10px!important;}}<\/style><div class=\"fusion-title title fusion-title-2 fusion-sep-none fusion-title-text fusion-title-size-two\" style=\"margin-top:0px;margin-bottom:30px;\"><h2 class=\"title-heading-left\" style=\"margin:0;\">Guitarra cl\u00e1sica<\/h2><\/div>\n<div class=\"table-2 fusion-no-small-visibility\">\n<table width=\"100%\">\n<thead>\n<tr>\n<th style=\"text-align: left;\">Curso<\/th>\n<th>Fecha<\/th>\n<th>Nivel<\/th>\n<th>Lugar<\/th>\n<th>Precio<\/th>\n<\/tr>\n<\/thead>\n<tbody>\n<tr>\n<td style=\"text-align: left;\" align=\"left\"><b style=\"color: #ed6f79;\">JOAQU\u00cdN CLERCH<\/b><br \/><em> La Guitarra y su t\u00e9cnica moderna<\/em><\/td>\n<td align=\"left\">2 y 3 de julio 2022<\/td>\n<td id=\"gongora\" align=\"left\">&nbsp;Medio\/Alto<\/td>\n<td align=\"left\">&nbsp;CSM Rafael Orozco<\/td>\n<td align=\"left\">&nbsp;180\u20ac<\/td>\n<\/tr>\n<tr>\n<td style=\"text-align: left;\" align=\"left\"><span style=\"color: #ed6f79;\"><b>DAVID RUSSELL<\/b><\/span><br \/><em>Desarrollo de la Interpretaci\u00f3n Musical y T\u00e9cnica en la Guitarra Cl\u00e1sica<\/em><\/td>\n<td align=\"left\">5 y 6 de julio 2022<\/td>\n<td id=\"gongora\" align=\"left\">Medio\/Alto<\/td>\n<td align=\"left\">&nbsp;CSM Rafael Orozco<\/td>\n<td align=\"left\">180\u20ac<\/td>\n<\/tr>\n<tr>\n<td style=\"text-align: left;\" align=\"left\"><span style=\"color: #ed6f79;\"><b>RICARDO GALL\u00c9N<\/b><\/span><br \/><em>M\u00fasica, T\u00e9cnica y Ergonom\u00eda: Conceptos indisolubles<\/em><\/td>\n<td align=\"left\">7 y 8 de julio 2022<\/td>\n<td align=\"left\">Medio\/Alto<\/td>\n<td align=\"left\">&nbsp;CSM Rafael Orozco<\/td>\n<td align=\"left\">180\u20ac<\/td>\n<\/tr>\n<\/tbody>\n<\/table>\n<p style=\"text-align: left;\">(*) Los interesados en asistir como oyente , deber\u00e1n solicitar su inscripci\u00f3n a trav\u00e9s de la web, que podr\u00e1 formalizar cuando est\u00e9 habilitada esta opci\u00f3n.<\/p>\n<\/div>\n<style type=\"text\/css\">#accordion-5274-1 .fusion-panel:hover, #accordion-5274-1 .fusion-panel.hover{ background-color: #ffffff } #accordion-5274-1 .fusion-panel { border-color:#e7e4e2; border-width:0px; background-color:#ffffff; }.fusion-accordian  #accordion-5274-1 .panel-title a .fa-fusion-box{ color: #00657e;}.fusion-accordian  #accordion-5274-1 .panel-title a .fa-fusion-box:before{ font-size: 25px; width: 25px;}.fusion-accordian  #accordion-5274-1 .panel-title a{font-size:15px;}.fusion-accordian  #accordion-5274-1 .panel-title a:hover, #accordion-5274-1 .fusion-toggle-boxed-mode:hover .panel-title a { color: #ed6f79;}.fusion-accordian  #accordion-5274-1 .fusion-toggle-boxed-mode:hover .panel-title a .fa-fusion-box{ color: #ed6f79;}.fusion-accordian  #accordion-5274-1.fusion-toggle-icon-unboxed .fusion-panel .panel-title a:hover .fa-fusion-box{ color: #ed6f79 !important;}<\/style><div class=\"accordian fusion-accordian fusion-no-medium-visibility fusion-no-large-visibility\"><div class=\"panel-group fusion-toggle-icon-unboxed\" id=\"accordion-5274-1\" role=\"tablist\"><div class=\"fusion-panel panel-default fusion-toggle-no-divider fusion-toggle-boxed-mode\" role=\"tabpanel\"><div class=\"panel-heading\"><h4 class=\"panel-title toggle\"><a aria-expanded=\"false\" aria-selected=\"false\" aria-controls=\"df1216adf37641ac3\" role=\"tab\" data-toggle=\"collapse\" data-parent=\"#accordion-5274-1\" data-target=\"#df1216adf37641ac3\" href=\"#df1216adf37641ac3\"><span class=\"fusion-toggle-icon-wrapper\" aria-hidden=\"true\"><i class=\"fa-fusion-box\" aria-hidden=\"true\"><\/i><\/span><span class=\"fusion-toggle-heading\">JOAQU\u00cdN CLERCH<\/span><\/a><\/h4><\/div><div id=\"df1216adf37641ac3\" class=\"panel-collapse collapse \"><div class=\"panel-body toggle-content fusion-clearfix\"><strong>T\u00edtulo del curso:<\/strong> <em>La Guitarra y su t\u00e9cnica moderna\u00a0<\/em><\/p>\n<p><strong>Fecha:<\/strong> 2 y 3 de julio 2022<\/p>\n<p><strong>Nivel:<\/strong> Medio\/Alto<\/p>\n<p><strong>Lugar:<\/strong> CSM Rafael Orozco<\/p>\n<p><strong>Precio:<\/strong> 180\u20ac<\/div><\/div><\/div><div class=\"fusion-panel panel-default fusion-toggle-no-divider fusion-toggle-boxed-mode\" role=\"tabpanel\"><div class=\"panel-heading\"><h4 class=\"panel-title toggle\"><a aria-expanded=\"false\" aria-selected=\"false\" aria-controls=\"2f0b47b44a3965551\" role=\"tab\" data-toggle=\"collapse\" data-parent=\"#accordion-5274-1\" data-target=\"#2f0b47b44a3965551\" href=\"#2f0b47b44a3965551\"><span class=\"fusion-toggle-icon-wrapper\" aria-hidden=\"true\"><i class=\"fa-fusion-box\" aria-hidden=\"true\"><\/i><\/span><span class=\"fusion-toggle-heading\">DAVID RUSSELL<\/span><\/a><\/h4><\/div><div id=\"2f0b47b44a3965551\" class=\"panel-collapse collapse \"><div class=\"panel-body toggle-content fusion-clearfix\"><strong>T\u00edtulo del curso:<\/strong> <em>Desarrollo de la Interpretaci\u00f3n Musical y T\u00e9cnica en la Guitarra Cl\u00e1sica<\/em> <em>\u00a0<\/em><\/p>\n<p><strong>Fecha:<\/strong> 5 y 6 de julio 2022<\/p>\n<p><strong>Nivel:<\/strong> Medio\/Alto<\/p>\n<p><strong>Lugar:<\/strong> CSM Rafael Orozco<\/p>\n<p><strong>Precio:<\/strong> 180\u20ac<\/div><\/div><\/div><div class=\"fusion-panel panel-default fusion-toggle-no-divider fusion-toggle-boxed-mode\" role=\"tabpanel\"><div class=\"panel-heading\"><h4 class=\"panel-title toggle\"><a aria-expanded=\"false\" aria-selected=\"false\" aria-controls=\"b3af4d33cb9d91d86\" role=\"tab\" data-toggle=\"collapse\" data-parent=\"#accordion-5274-1\" data-target=\"#b3af4d33cb9d91d86\" href=\"#b3af4d33cb9d91d86\"><span class=\"fusion-toggle-icon-wrapper\" aria-hidden=\"true\"><i class=\"fa-fusion-box\" aria-hidden=\"true\"><\/i><\/span><span class=\"fusion-toggle-heading\">RICARDO GALL\u00c9N<\/span><\/a><\/h4><\/div><div id=\"b3af4d33cb9d91d86\" class=\"panel-collapse collapse \"><div class=\"panel-body toggle-content fusion-clearfix\">\n<p><strong>T\u00edtulo del curso:<\/strong> <em>M\u00fasica, T\u00e9cnica y Ergonom\u00eda: Conceptos indisolubles<\/em><\/p>\n<p><strong>Fecha:<\/strong> 7 y 8 de julio 2022\u00a0<\/p>\n<p><strong>Nivel:<\/strong> Medio\/Alto<\/p>\n<p><strong>Lugar:<\/strong> CSM Rafael Orozco\u00a0<\/p>\n<p><strong>Precio:<\/strong> 180\u20ac<\/p>\n<\/div><\/div><\/div><\/div><\/div><div class=\"fusion-text fusion-text-1 fusion-no-medium-visibility fusion-no-large-visibility\" style=\"transform:translate3d(0,0,0);\"><p>(*) Los interesados en asistir como oyente , deber\u00e1n solicitar su inscripci\u00f3n a trav\u00e9s de la web, que podr\u00e1 formalizar cuando est\u00e9 habilitada esta opci\u00f3n.<\/p>\n<\/div><div class=\"fusion-separator fusion-full-width-sep\" style=\"align-self: center;margin-left: auto;margin-right: auto;margin-bottom:2%;width:100%;\"><\/div><div class=\"fusion-separator fusion-full-width-sep\" style=\"align-self: center;margin-left: auto;margin-right: auto;margin-bottom:2%;width:100%;\"><\/div><\/div><\/div><style type=\"text\/css\">.fusion-body .fusion-builder-column-1{width:100% !important;margin-top : 10px;margin-bottom : 10px;}.fusion-builder-column-1 > .fusion-column-wrapper {padding-top : 0px !important;padding-right : 0px !important;margin-right : 1.92%;padding-bottom : 0px !important;padding-left : 0px !important;margin-left : 1.92%;}@media only screen and (max-width:1024px) {.fusion-body .fusion-builder-column-1{width:100% !important;order : 0;}.fusion-builder-column-1 > .fusion-column-wrapper {margin-right : 1.92%;margin-left : 1.92%;}}@media only screen and (max-width:640px) {.fusion-body .fusion-builder-column-1{width:100% !important;order : 0;}.fusion-builder-column-1 > .fusion-column-wrapper {margin-right : 1.92%;margin-left : 1.92%;}}<\/style><\/div><style type=\"text\/css\">.fusion-body .fusion-flex-container.fusion-builder-row-2{ padding-top : 0px;margin-top : 0px;padding-right : 0px;padding-bottom : 0px;margin-bottom : 0px;padding-left : 0px;}<\/style><\/div><div class=\"fusion-fullwidth fullwidth-box fusion-builder-row-3 fusion-flex-container nonhundred-percent-fullwidth non-hundred-percent-height-scrolling\" style=\"background-color: rgba(255,255,255,0);background-position: center center;background-repeat: no-repeat;border-width: 0px 0px 0px 0px;border-color:#e7e4e2;border-style:solid;\" ><div class=\"fusion-builder-row fusion-row fusion-flex-align-items-flex-start\" style=\"max-width:1331.2px;margin-left: calc(-4% \/ 2 );margin-right: calc(-4% \/ 2 );\"><div class=\"fusion-layout-column fusion_builder_column fusion-builder-column-2 fusion_builder_column_1_1 1_1 fusion-flex-column\"><div class=\"fusion-column-wrapper fusion-flex-justify-content-flex-start fusion-content-layout-column\" style=\"background-position:left top;background-repeat:no-repeat;-webkit-background-size:cover;-moz-background-size:cover;-o-background-size:cover;background-size:cover;padding: 0px 0px 0px 0px;\"><style type=\"text\/css\">@media only screen and (max-width:1024px) {.fusion-title.fusion-title-3{margin-top:0px!important;margin-bottom:30px!important;}}@media only screen and (max-width:640px) {.fusion-title.fusion-title-3{margin-top:10px!important;margin-bottom:10px!important;}}<\/style><div class=\"fusion-title title fusion-title-3 fusion-sep-none fusion-title-text fusion-title-size-two\" style=\"margin-top:0px;margin-bottom:30px;\"><h2 class=\"title-heading-left\" style=\"margin:0;\">Guitarra flamenca<\/h2><\/div>\n<div class=\"table-2 fusion-no-small-visibility\">\n<table width=\"100%\">\n<thead>\n<tr>\n<th style=\"text-align: left;\">Curso<\/th>\n<th>Fecha<\/th>\n<th>Nivel<\/th>\n<th>Lugar<\/th>\n<th>Precio<\/th>\n<\/tr>\n<\/thead>\n<tbody>\n<tr>\n<td style=\"text-align: left;\" align=\"left\"><b style=\"color: #ed6f79;\">DANI DE MOR\u00d3N<\/b><br \/><em>Influencia, evoluci\u00f3n r\u00edtmica y arm\u00f3nica de la guitarra de Mor\u00f3n<\/em><\/td>\n<td align=\"left\">1 al 3 de julio 2022<\/td>\n<td id=\"gongora\" align=\"left\">&nbsp;Medio\/Alto<\/td>\n<td align=\"left\">&nbsp;CSM Rafael Orozco<\/td>\n<td align=\"left\">&nbsp;180\u20ac<\/td>\n<\/tr>\n<tr>\n<td style=\"text-align: left;\" align=\"left\"><span style=\"color: #ed6f79;\"><b>JOS\u00c9 ANTONIO RODR\u00cdGUEZ<\/b><\/span><br \/><em>T\u00e9cnica, Expresi\u00f3n y est\u00e9tica en la guitarra flamenca de concierto<\/em><\/td>\n<td align=\"left\">4 al 6 de julio 2022<\/td>\n<td id=\"gongora\" align=\"left\">Medio\/Alto<\/td>\n<td align=\"left\">&nbsp;CSM Rafael Orozco<\/td>\n<td align=\"left\">180\u20ac<\/td>\n<\/tr>\n<tr>\n<td style=\"text-align: left;\" align=\"left\"><span style=\"color: #ed6f79;\"><b>MANOLO FRANCO<\/b><\/span><br \/><em>La Guitarra Flamenca de acompa\u00f1amiento al cante<\/em><br \/>Cante: <strong>Mercedes Abenza<\/strong><\/td>\n<td align=\"left\">7 al 9 de julio 2022<\/td>\n<td align=\"left\">Medio\/Alto<\/td>\n<td align=\"left\">&nbsp;CSM Rafael Orozco<\/td>\n<td align=\"left\">180\u20ac<\/td>\n<\/tr>\n<\/tbody>\n<\/table>\n<p style=\"text-align: left;\">(*) Los interesados en asistir como oyente , deber\u00e1n solicitar su inscripci\u00f3n a trav\u00e9s de la web, que podr\u00e1 formalizar cuando est\u00e9 habilitada esta opci\u00f3n.<\/p>\n<\/div>\n<style type=\"text\/css\">#accordion-5274-2 .fusion-panel:hover, #accordion-5274-2 .fusion-panel.hover{ background-color: #ffffff } #accordion-5274-2 .fusion-panel { border-color:#e7e4e2; border-width:0px; background-color:#ffffff; }.fusion-accordian  #accordion-5274-2 .panel-title a .fa-fusion-box{ color: #00657e;}.fusion-accordian  #accordion-5274-2 .panel-title a .fa-fusion-box:before{ font-size: 25px; width: 25px;}.fusion-accordian  #accordion-5274-2 .panel-title a{font-size:15px;}.fusion-accordian  #accordion-5274-2 .panel-title a:hover, #accordion-5274-2 .fusion-toggle-boxed-mode:hover .panel-title a { color: #ed6f79;}.fusion-accordian  #accordion-5274-2 .fusion-toggle-boxed-mode:hover .panel-title a .fa-fusion-box{ color: #ed6f79;}.fusion-accordian  #accordion-5274-2.fusion-toggle-icon-unboxed .fusion-panel .panel-title a:hover .fa-fusion-box{ color: #ed6f79 !important;}<\/style><div class=\"accordian fusion-accordian fusion-no-medium-visibility fusion-no-large-visibility\"><div class=\"panel-group fusion-toggle-icon-unboxed\" id=\"accordion-5274-2\" role=\"tablist\"><div class=\"fusion-panel panel-default fusion-toggle-no-divider fusion-toggle-boxed-mode\" role=\"tabpanel\"><div class=\"panel-heading\"><h4 class=\"panel-title toggle\"><a aria-expanded=\"false\" aria-selected=\"false\" aria-controls=\"b40ba2f1d509e0a49\" role=\"tab\" data-toggle=\"collapse\" data-parent=\"#accordion-5274-2\" data-target=\"#b40ba2f1d509e0a49\" href=\"#b40ba2f1d509e0a49\"><span class=\"fusion-toggle-icon-wrapper\" aria-hidden=\"true\"><i class=\"fa-fusion-box\" aria-hidden=\"true\"><\/i><\/span><span class=\"fusion-toggle-heading\">DANI DE MOR\u00d3N<\/span><\/a><\/h4><\/div><div id=\"b40ba2f1d509e0a49\" class=\"panel-collapse collapse \"><div class=\"panel-body toggle-content fusion-clearfix\"><strong>T\u00edtulo del curso:<\/strong> <em>Influencia, evoluci\u00f3n r\u00edtmica y arm\u00f3nica de la guitarra de Mor\u00f3n<\/em><\/p>\n<p><strong>Fecha:<\/strong> 1 al 3 de julio 2022<\/p>\n<p><strong>Nivel:<\/strong> Medio\/Alto<\/p>\n<p><strong>Lugar:<\/strong> CSM Rafael Orozco<\/p>\n<p><strong>Precio:<\/strong> 180\u20ac<\/div><\/div><\/div><div class=\"fusion-panel panel-default fusion-toggle-no-divider fusion-toggle-boxed-mode\" role=\"tabpanel\"><div class=\"panel-heading\"><h4 class=\"panel-title toggle\"><a aria-expanded=\"false\" aria-selected=\"false\" aria-controls=\"8c9be27a5d8ee61dd\" role=\"tab\" data-toggle=\"collapse\" data-parent=\"#accordion-5274-2\" data-target=\"#8c9be27a5d8ee61dd\" href=\"#8c9be27a5d8ee61dd\"><span class=\"fusion-toggle-icon-wrapper\" aria-hidden=\"true\"><i class=\"fa-fusion-box\" aria-hidden=\"true\"><\/i><\/span><span class=\"fusion-toggle-heading\">JOS\u00c9 ANTONIO RODR\u00cdGUEZ<\/span><\/a><\/h4><\/div><div id=\"8c9be27a5d8ee61dd\" class=\"panel-collapse collapse \"><div class=\"panel-body toggle-content fusion-clearfix\"><strong>T\u00edtulo del curso:<\/strong> <em>T\u00e9cnica, Expresi\u00f3n y est\u00e9tica en la guitarra flamenca de concierto<\/em><\/p>\n<p><strong>Fecha:<\/strong> 4 al 6 de julio 2022<\/p>\n<p><strong>Nivel:<\/strong> Medio\/Alto<\/p>\n<p><strong>Lugar:<\/strong> CSM Rafael Orozco<\/p>\n<p><strong>Precio:<\/strong> 180\u20ac<\/div><\/div><\/div><div class=\"fusion-panel panel-default fusion-toggle-no-divider fusion-toggle-boxed-mode\" role=\"tabpanel\"><div class=\"panel-heading\"><h4 class=\"panel-title toggle\"><a aria-expanded=\"false\" aria-selected=\"false\" aria-controls=\"0fafcdc508199c43a\" role=\"tab\" data-toggle=\"collapse\" data-parent=\"#accordion-5274-2\" data-target=\"#0fafcdc508199c43a\" href=\"#0fafcdc508199c43a\"><span class=\"fusion-toggle-icon-wrapper\" aria-hidden=\"true\"><i class=\"fa-fusion-box\" aria-hidden=\"true\"><\/i><\/span><span class=\"fusion-toggle-heading\">MANOLO FRANCO<\/span><\/a><\/h4><\/div><div id=\"0fafcdc508199c43a\" class=\"panel-collapse collapse \"><div class=\"panel-body toggle-content fusion-clearfix\">\n<p><strong>T\u00edtulo del curso:<\/strong> <em>La Guitarra Flamenca de acompa\u00f1amiento al cante.<\/em><\/p>\n<p>Cante:\u00a0<strong>Mercedes Abenza<\/strong><\/p>\n<p><strong>Fecha:<\/strong> 7 al 9 de julio 2022\u00a0<\/p>\n<p><strong>Nivel:<\/strong> Medio\/Alto<\/p>\n<p><strong>Lugar:<\/strong> CSM Rafael Orozco\u00a0<\/p>\n<p><strong>Precio:<\/strong> 180\u20ac<\/p>\n<\/div><\/div><\/div><\/div><\/div><div class=\"fusion-text fusion-text-2 fusion-no-medium-visibility fusion-no-large-visibility\" style=\"transform:translate3d(0,0,0);\"><div class=\"fusion-fullwidth fullwidth-box fusion-builder-row-4 fusion-flex-container nonhundred-percent-fullwidth non-hundred-percent-height-scrolling\">\n<div class=\"fusion-builder-row fusion-row fusion-flex-align-items-flex-start\">\n<div class=\"fusion-layout-column fusion_builder_column fusion-builder-column-4 fusion_builder_column_1_1 1_1 fusion-flex-column\">\n<div class=\"fusion-column-wrapper fusion-flex-justify-content-flex-start fusion-content-layout-column\">\n<div class=\"table-2\">\n<p>(*) Los interesados en asistir como oyente , deber\u00e1n solicitar su inscripci\u00f3n a trav\u00e9s de la web, que podr\u00e1 formalizar cuando est\u00e9 habilitada esta opci\u00f3n.<\/p>\n<\/div>\n<\/div>\n<\/div>\n<\/div>\n<\/div>\n<\/div><\/div><\/div><style type=\"text\/css\">.fusion-body .fusion-builder-column-2{width:100% !important;margin-top : 10px;margin-bottom : 10px;}.fusion-builder-column-2 > .fusion-column-wrapper {padding-top : 0px !important;padding-right : 0px !important;margin-right : 1.92%;padding-bottom : 0px !important;padding-left : 0px !important;margin-left : 1.92%;}@media only screen and (max-width:1024px) {.fusion-body .fusion-builder-column-2{width:100% !important;order : 0;}.fusion-builder-column-2 > .fusion-column-wrapper {margin-right : 1.92%;margin-left : 1.92%;}}@media only screen and (max-width:640px) {.fusion-body .fusion-builder-column-2{width:100% !important;order : 0;}.fusion-builder-column-2 > .fusion-column-wrapper {margin-right : 1.92%;margin-left : 1.92%;}}<\/style><\/div><style type=\"text\/css\">.fusion-body .fusion-flex-container.fusion-builder-row-3{ padding-top : 0px;margin-top : 0px;padding-right : 0px;padding-bottom : 0px;margin-bottom : 0px;padding-left : 0px;}<\/style><\/div><div class=\"fusion-fullwidth fullwidth-box fusion-builder-row-4 fusion-flex-container nonhundred-percent-fullwidth non-hundred-percent-height-scrolling\" style=\"background-color: rgba(255,255,255,0);background-position: center center;background-repeat: no-repeat;border-width: 0px 0px 0px 0px;border-color:#e7e4e2;border-style:solid;\" ><div class=\"fusion-builder-row fusion-row fusion-flex-align-items-flex-start\" style=\"max-width:1331.2px;margin-left: calc(-4% \/ 2 );margin-right: calc(-4% \/ 2 );\"><div class=\"fusion-layout-column fusion_builder_column fusion-builder-column-3 fusion_builder_column_1_1 1_1 fusion-flex-column\"><div class=\"fusion-column-wrapper fusion-flex-justify-content-flex-start fusion-content-layout-column\" style=\"background-position:left top;background-repeat:no-repeat;-webkit-background-size:cover;-moz-background-size:cover;-o-background-size:cover;background-size:cover;padding: 0px 0px 0px 0px;\"><style type=\"text\/css\">@media only screen and (max-width:1024px) {.fusion-title.fusion-title-4{margin-top:0px!important;margin-bottom:30px!important;}}@media only screen and (max-width:640px) {.fusion-title.fusion-title-4{margin-top:10px!important;margin-bottom:10px!important;}}<\/style><div class=\"fusion-title title fusion-title-4 fusion-sep-none fusion-title-text fusion-title-size-two\" style=\"margin-top:0px;margin-bottom:30px;\"><h2 class=\"title-heading-left\" style=\"margin:0;\">Guitarra blues<\/h2><\/div>\n<div class=\"table-2 fusion-no-small-visibility\">\n<table width=\"100%\">\n<thead>\n<tr>\n<th style=\"text-align: left;\">Curso<\/th>\n<th>Fecha<\/th>\n<th>Nivel<\/th>\n<th>Lugar<\/th>\n<th>Precio<\/th>\n<\/tr>\n<\/thead>\n<tbody>\n<tr>\n<td style=\"text-align: left;\" align=\"left\"><b style=\"color: #ed6f79;\">RAFA L\u00d3PEZ (<strong>Instituto de M\u00fasica Moderna &amp; Jazz)<\/strong><\/b><br \/><em>Laboratorio de Blues &#8211; Curso Integral de Blues e Improvisaci\u00f3n.<\/em><\/td>\n<td align=\"left\">8 y 9 de julio 2022<\/td>\n<td id=\"gongora\" align=\"left\">&nbsp;Medio\/Alto<\/td>\n<td align=\"left\">&nbsp;CSM Rafael Orozco<\/td>\n<td align=\"left\">&nbsp;100\u20ac<\/td>\n<\/tr>\n<\/tbody>\n<\/table>\n<\/div>\n<style type=\"text\/css\">#accordion-5274-3 .fusion-panel:hover, #accordion-5274-3 .fusion-panel.hover{ background-color: #ffffff } #accordion-5274-3 .fusion-panel { border-color:#e7e4e2; border-width:0px; background-color:#ffffff; }.fusion-accordian  #accordion-5274-3 .panel-title a .fa-fusion-box{ color: #00657e;}.fusion-accordian  #accordion-5274-3 .panel-title a .fa-fusion-box:before{ font-size: 25px; width: 25px;}.fusion-accordian  #accordion-5274-3 .panel-title a{font-size:15px;}.fusion-accordian  #accordion-5274-3 .panel-title a:hover, #accordion-5274-3 .fusion-toggle-boxed-mode:hover .panel-title a { color: #ed6f79;}.fusion-accordian  #accordion-5274-3 .fusion-toggle-boxed-mode:hover .panel-title a .fa-fusion-box{ color: #ed6f79;}.fusion-accordian  #accordion-5274-3.fusion-toggle-icon-unboxed .fusion-panel .panel-title a:hover .fa-fusion-box{ color: #ed6f79 !important;}<\/style><div class=\"accordian fusion-accordian fusion-no-medium-visibility fusion-no-large-visibility\"><div class=\"panel-group fusion-toggle-icon-unboxed\" id=\"accordion-5274-3\" role=\"tablist\"><div class=\"fusion-panel panel-default fusion-toggle-no-divider fusion-toggle-boxed-mode\" role=\"tabpanel\"><div class=\"panel-heading\"><h4 class=\"panel-title toggle\"><a aria-expanded=\"false\" aria-selected=\"false\" aria-controls=\"c352ad421a4f7b2a6\" role=\"tab\" data-toggle=\"collapse\" data-parent=\"#accordion-5274-3\" data-target=\"#c352ad421a4f7b2a6\" href=\"#c352ad421a4f7b2a6\"><span class=\"fusion-toggle-icon-wrapper\" aria-hidden=\"true\"><i class=\"fa-fusion-box\" aria-hidden=\"true\"><\/i><\/span><span class=\"fusion-toggle-heading\">RAFA L\u00d3PEZ (Instituto de M\u00fasica Moderna & Jazz)<\/span><\/a><\/h4><\/div><div id=\"c352ad421a4f7b2a6\" class=\"panel-collapse collapse \"><div class=\"panel-body toggle-content fusion-clearfix\">\n<p><strong>T\u00edtulo del curso:<\/strong> <em>Laboratorio de Blues \u2013 Curso Integral de Blues e Improvisaci\u00f3n.<\/em><\/p>\n<p><strong>Fecha:<\/strong> 8 y 9 de julio 2022<\/p>\n<p><strong>Nivel:<\/strong> Medio\/Alto<\/p>\n<p><strong>Lugar:<\/strong> CSM Rafael Orozco<\/p>\n<p><strong>Precio:<\/strong> 100\u20ac<\/p>\n<\/div><\/div><\/div><\/div><\/div><div class=\"fusion-separator fusion-full-width-sep\" style=\"align-self: center;margin-left: auto;margin-right: auto;margin-bottom:2%;width:100%;\"><\/div><div class=\"fusion-text fusion-text-3\" style=\"transform:translate3d(0,0,0);\"><p style=\"text-align: left;\">(*) La inscripci\u00f3n en este curso junto a la de la clase magistral impartida por <strong>Mark Whitfield, Peter Berstein <\/strong>y <strong>Jesse Van Ruller<\/strong>, dar\u00e1 derecho a la asistencia gratuita al concierto <strong>\u201cA Guitar Conference\u201d,<\/strong> a los conciertos del Teatro G\u00f3ngora, a un 70% de descuento en el Teatro de la\u00a0 Axerqu\u00eda, y a un 50% de descuento para el resto de los conciertos del Gran Teatro<\/p>\n<\/div><\/div><\/div><style type=\"text\/css\">.fusion-body .fusion-builder-column-3{width:100% !important;margin-top : 10px;margin-bottom : 10px;}.fusion-builder-column-3 > .fusion-column-wrapper {padding-top : 0px !important;padding-right : 0px !important;margin-right : 1.92%;padding-bottom : 0px !important;padding-left : 0px !important;margin-left : 1.92%;}@media only screen and (max-width:1024px) {.fusion-body .fusion-builder-column-3{width:100% !important;order : 0;}.fusion-builder-column-3 > .fusion-column-wrapper {margin-right : 1.92%;margin-left : 1.92%;}}@media only screen and (max-width:640px) {.fusion-body .fusion-builder-column-3{width:100% !important;order : 0;}.fusion-builder-column-3 > .fusion-column-wrapper {margin-right : 1.92%;margin-left : 1.92%;}}<\/style><\/div><style type=\"text\/css\">.fusion-body .fusion-flex-container.fusion-builder-row-4{ padding-top : 0px;margin-top : 0px;padding-right : 0px;padding-bottom : 0px;margin-bottom : 0px;padding-left : 0px;}<\/style><\/div><div class=\"fusion-fullwidth fullwidth-box fusion-builder-row-5 fusion-flex-container nonhundred-percent-fullwidth non-hundred-percent-height-scrolling\" style=\"background-color: rgba(255,255,255,0);background-position: center center;background-repeat: no-repeat;border-width: 0px 0px 0px 0px;border-color:#e7e4e2;border-style:solid;\" ><div class=\"fusion-builder-row fusion-row fusion-flex-align-items-flex-start\" style=\"max-width:1331.2px;margin-left: calc(-4% \/ 2 );margin-right: calc(-4% \/ 2 );\"><div class=\"fusion-layout-column fusion_builder_column fusion-builder-column-4 fusion_builder_column_1_1 1_1 fusion-flex-column\"><div class=\"fusion-column-wrapper fusion-flex-justify-content-flex-start fusion-content-layout-column\" style=\"background-position:left top;background-repeat:no-repeat;-webkit-background-size:cover;-moz-background-size:cover;-o-background-size:cover;background-size:cover;padding: 0px 0px 0px 0px;\"><style type=\"text\/css\">@media only screen and (max-width:1024px) {.fusion-title.fusion-title-5{margin-top:0px!important;margin-bottom:30px!important;}}@media only screen and (max-width:640px) {.fusion-title.fusion-title-5{margin-top:10px!important;margin-bottom:10px!important;}}<\/style><div class=\"fusion-title title fusion-title-5 fusion-sep-none fusion-title-text fusion-title-size-two\" style=\"margin-top:0px;margin-bottom:30px;\"><h2 class=\"title-heading-left\" style=\"margin:0;\">Baile flamenco<\/h2><\/div>\n<div class=\"table-2 fusion-no-small-visibility\">\n<table width=\"100%\">\n<thead>\n<tr>\n<th style=\"text-align: left;\">Curso<\/th>\n<th>Fecha<\/th>\n<th>Nivel<\/th>\n<th>Lugar<\/th>\n<th>Precio<\/th>\n<\/tr>\n<\/thead>\n<tbody>\n<tr>\n<td style=\"text-align: left;\" align=\"left\"><b style=\"color: #ed6f79;\">MARCOS FLORES<\/b><br \/><em>T\u00e9cnica y coreograf\u00eda de La Farruca<\/em><\/td>\n<td align=\"left\">2 al 4 de julio 2022<\/td>\n<td id=\"gongora\" align=\"left\">&nbsp;Medio\/Alto<\/td>\n<td align=\"left\">Teatro Axerqu\u00eda<\/td>\n<td align=\"left\">&nbsp;100\u20ac<\/td>\n<\/tr>\n<tr>\n<td style=\"text-align: left;\" align=\"left\"><span style=\"color: #ed6f79;\"><b>MERCEDES DE C\u00d3RDOBA<\/b><\/span><br \/><em>Coreograf\u00eda del Romance. El movimiento a trav\u00e9s de la emoci\u00f3n<\/em><br \/>Guitarra:<i style=\"font-size: 11pt; font-family: inherit;\"> <\/i><b style=\"font-size: 11pt; font-family: inherit;\">Juan Campallo<\/b><\/td>\n<td align=\"left\">6 al 9 de julio 2022<\/td>\n<td id=\"gongora\" align=\"left\">Medio\/Alto<\/td>\n<td align=\"left\">Teatro Axerqu\u00eda<\/td>\n<td align=\"left\">100\u20ac<\/td>\n<\/tr>\n<\/tbody>\n<\/table>\n<\/div>\n<div class=\"fusion-separator fusion-full-width-sep\" style=\"align-self: center;margin-left: auto;margin-right: auto;margin-bottom:2%;width:100%;\"><\/div><style type=\"text\/css\">#accordion-5274-4 .fusion-panel:hover, #accordion-5274-4 .fusion-panel.hover{ background-color: #ffffff } #accordion-5274-4 .fusion-panel { border-color:#e7e4e2; border-width:0px; background-color:#ffffff; }.fusion-accordian  #accordion-5274-4 .panel-title a .fa-fusion-box{ color: #00657e;}.fusion-accordian  #accordion-5274-4 .panel-title a .fa-fusion-box:before{ font-size: 25px; width: 25px;}.fusion-accordian  #accordion-5274-4 .panel-title a{font-size:15px;}.fusion-accordian  #accordion-5274-4 .panel-title a:hover, #accordion-5274-4 .fusion-toggle-boxed-mode:hover .panel-title a { color: #ed6f79;}.fusion-accordian  #accordion-5274-4 .fusion-toggle-boxed-mode:hover .panel-title a .fa-fusion-box{ color: #ed6f79;}.fusion-accordian  #accordion-5274-4.fusion-toggle-icon-unboxed .fusion-panel .panel-title a:hover .fa-fusion-box{ color: #ed6f79 !important;}<\/style><div class=\"accordian fusion-accordian fusion-no-medium-visibility fusion-no-large-visibility\"><div class=\"panel-group fusion-toggle-icon-unboxed\" id=\"accordion-5274-4\" role=\"tablist\"><div class=\"fusion-panel panel-default fusion-toggle-no-divider fusion-toggle-boxed-mode\" role=\"tabpanel\"><div class=\"panel-heading\"><h4 class=\"panel-title toggle\"><a aria-expanded=\"false\" aria-selected=\"false\" aria-controls=\"5de65fa3775844350\" role=\"tab\" data-toggle=\"collapse\" data-parent=\"#accordion-5274-4\" data-target=\"#5de65fa3775844350\" href=\"#5de65fa3775844350\"><span class=\"fusion-toggle-icon-wrapper\" aria-hidden=\"true\"><i class=\"fa-fusion-box\" aria-hidden=\"true\"><\/i><\/span><span class=\"fusion-toggle-heading\">MARCOS FLORES<\/span><\/a><\/h4><\/div><div id=\"5de65fa3775844350\" class=\"panel-collapse collapse \"><div class=\"panel-body toggle-content fusion-clearfix\"><strong>T\u00edtulo del curso:<\/strong> <em>T\u00e9cnica y coreograf\u00eda de La Farruca.<\/em><\/p>\n<p><strong>Fecha:<\/strong> 2 al 4 de julio 2022<\/p>\n<p><strong>Nivel:<\/strong> Medio\/Alto<\/p>\n<p><strong>Lugar:<\/strong> Teatro Axerqu\u00eda<\/p>\n<p><strong>Precio:<\/strong> 100\u20ac<\/div><\/div><\/div><div class=\"fusion-panel panel-default fusion-toggle-no-divider fusion-toggle-boxed-mode\" role=\"tabpanel\"><div class=\"panel-heading\"><h4 class=\"panel-title toggle\"><a aria-expanded=\"false\" aria-selected=\"false\" aria-controls=\"d597a8c8ca374d6d8\" role=\"tab\" data-toggle=\"collapse\" data-parent=\"#accordion-5274-4\" data-target=\"#d597a8c8ca374d6d8\" href=\"#d597a8c8ca374d6d8\"><span class=\"fusion-toggle-icon-wrapper\" aria-hidden=\"true\"><i class=\"fa-fusion-box\" aria-hidden=\"true\"><\/i><\/span><span class=\"fusion-toggle-heading\">MERCEDES DE C\u00d3RDOBA<\/span><\/a><\/h4><\/div><div id=\"d597a8c8ca374d6d8\" class=\"panel-collapse collapse \"><div class=\"panel-body toggle-content fusion-clearfix\"><strong>T\u00edtulo del curso:<\/strong> <em>Coreograf\u00eda del Romance. El movimiento a trav\u00e9s de la emoci\u00f3n.<\/em><\/p>\n<p><strong>Fecha:<\/strong> 6 al 9 de julio 2022<\/p>\n<p><strong>Nivel:<\/strong> Medio\/Alto<\/p>\n<p><strong>Lugar:<\/strong> Teatro Axerqu\u00eda<\/p>\n<p><strong>Precio:<\/strong> 100\u20ac<\/div><\/div><\/div><\/div><\/div><div class=\"fusion-text fusion-text-4\" style=\"transform:translate3d(0,0,0);\"><p>(*)<strong> La inscripci\u00f3n en los dos cursos de baile <\/strong>dar\u00e1 derecho a la asistencia gratuita al espect\u00e1culo de baile flamenco, a los conciertos del Teatro G\u00f3ngora, a un 70% de descuento en el Teatro de la\u00a0 Axerqu\u00eda, y a un 50% de descuento para el resto de los conciertos del Gran Teatro.<\/p>\n<\/div><\/div><\/div><style type=\"text\/css\">.fusion-body .fusion-builder-column-4{width:100% !important;margin-top : 10px;margin-bottom : 10px;}.fusion-builder-column-4 > .fusion-column-wrapper {padding-top : 0px !important;padding-right : 0px !important;margin-right : 1.92%;padding-bottom : 0px !important;padding-left : 0px !important;margin-left : 1.92%;}@media only screen and (max-width:1024px) {.fusion-body .fusion-builder-column-4{width:100% !important;order : 0;}.fusion-builder-column-4 > .fusion-column-wrapper {margin-right : 1.92%;margin-left : 1.92%;}}@media only screen and (max-width:640px) {.fusion-body .fusion-builder-column-4{width:100% !important;order : 0;}.fusion-builder-column-4 > .fusion-column-wrapper {margin-right : 1.92%;margin-left : 1.92%;}}<\/style><div class=\"fusion-layout-column fusion_builder_column fusion-builder-column-5 fusion_builder_column_1_1 1_1 fusion-flex-column\"><div class=\"fusion-column-wrapper fusion-flex-justify-content-flex-start fusion-content-layout-column\" style=\"background-position:left top;background-repeat:no-repeat;-webkit-background-size:cover;-moz-background-size:cover;-o-background-size:cover;background-size:cover;padding: 0px 0px 0px 0px;\"><style type=\"text\/css\">@media only screen and (max-width:1024px) {.fusion-title.fusion-title-6{margin-top:0px!important;margin-bottom:30px!important;}}@media only screen and (max-width:640px) {.fusion-title.fusion-title-6{margin-top:10px!important;margin-bottom:10px!important;}}<\/style><div class=\"fusion-title title fusion-title-6 fusion-sep-none fusion-title-text fusion-title-size-two\" style=\"margin-top:0px;margin-bottom:30px;\"><h2 class=\"title-heading-left\" style=\"margin:0;\">Clases magistrales<\/h2><\/div>\n<div class=\"table-2 fusion-no-small-visibility\">\n<table width=\"100%\">\n<thead>\n<tr>\n<th style=\"text-align: left;\">Curso<\/th>\n<th>Fecha<\/th>\n<th>Nivel<\/th>\n<th>Lugar<\/th>\n<th>Precio<\/th>\n<\/tr>\n<\/thead>\n<tbody>\n<tr style=\"border-bottom: none !important;\">\n<td style=\"border-bottom: none !important; text-align: left;\" align=\"left\"><b style=\"color: #ed6f79;\">VASILIS KOSTAS &amp; LAITH SIDIQ<\/b><br \/><em>Las tradiciones musicales \u00e1rabe y griega en la improvisaci\u00f3n y composici\u00f3n contempor\u00e1neas <\/em><\/td>\n<td style=\"text-align: center; border-bottom: none !important;\" align=\"left\">4 de julio 2022<\/td>\n<td id=\"gongora\" style=\"text-align: center; border-bottom: none !important;\" align=\"left\">Todos<\/td>\n<td style=\"text-align: center; border-bottom: none !important;\" align=\"left\">Casa \u00c1rabe<\/td>\n<td style=\"text-align: center; border-bottom: none !important;\" align=\"left\">12\u20ac*<\/td>\n<\/tr>\n<tr>\n<td colspan=\"5\">\n<p style=\"text-align: left;\"><strong>Patrocina Casa \u00c1rabe<\/strong><\/p>\n<p style=\"text-align: left;\">(*) <strong>Inscripci\u00f3n gratuita para el alumnado de los cursos del Festiva<\/strong>l . Para los no matriculados&nbsp; en alguno de los cursos del Programa Formativo,&nbsp; el pago de la cuota de inscripci\u00f3n de esta clase magistral&nbsp; dar\u00e1 derecho a la asistencia gratuita <strong>al concierto de Vasilis Kostas &amp; Laith Sidiq Duo.<\/strong><\/p>\n<\/td>\n<\/tr>\n<tr>\n<td style=\"border-bottom: none !important; text-align: left;\" align=\"left\"><span style=\"color: #ed6f79;\"><b>DAVID PINO \/ FAUSTINO N\u00da\u00d1EZ<\/b><\/span><br \/><em>Los palos del flamenco de la A la Z<\/em><\/td>\n<td style=\"text-align: center; border-bottom: none !important;\" align=\"left\">7 de julio 2022<\/td>\n<td id=\"gongora\" style=\"text-align: center; border-bottom: none !important;\" align=\"left\">Todos<\/td>\n<td style=\"border-bottom: none !important; text-align: center;\" align=\"left\">Auditorio CSM Rafael Orozco<\/td>\n<td style=\"text-align: center; border-bottom: none !important;\" align=\"left\">12\u20ac*<\/td>\n<\/tr>\n<tr>\n<td colspan=\"5\">\n<p style=\"text-align: left;\"><strong>Patrocina C\u00e1tedra de Flamencolog\u00eda. Universidad de C\u00f3rdoba<\/strong><\/p>\n<p style=\"text-align: left;\">(*) <strong>Inscripci\u00f3n gratuita para el alumnado del Festival, de la UCO&nbsp; y de la C\u00e1tedra de Flamencolog\u00eda de la UCO.<\/strong> Para los no matriculados&nbsp; en alguno de los cursos del Programa Formativo,&nbsp; el pago de la cuota de inscripci\u00f3n de esta Clase Magistral&nbsp; dar\u00e1 derecho a la asistencia gratuita al concierto <strong>\u201cAlb\u00e9niz Flamenco\u201d<\/strong> de Jos\u00e9 M\u00aa Gallardo y Miguel \u00c1ngel Cort\u00e9s.<\/p>\n<\/td>\n<\/tr>\n<tr>\n<td style=\"border-bottom: none !important; text-align: left;\" align=\"left\"><span style=\"color: #ed6f79;\"><b>PETER BERNSTEIN, MARK WHITFIELD Y JESSE VAN RULLER<\/b><\/span><br \/><em>Master Class de Guitarra-Jazz <\/em><\/td>\n<td style=\"text-align: center; border-bottom: none !important;\" align=\"left\">7 de julio 2022<\/td>\n<td style=\"text-align: center; border-bottom: none !important;\" align=\"left\">Todos<\/td>\n<td style=\"text-align: center; border-bottom: none !important;\" align=\"left\">&nbsp;Gran Teatro<\/td>\n<td style=\"text-align: center; border-bottom: none !important;\" align=\"left\">50\u20ac*<\/td>\n<\/tr>\n<tr>\n<td colspan=\"5\">\n<p style=\"text-align: left;\">(*) La inscripci\u00f3n en esta clase magistral, junto a la del taller de Blues, dar\u00e1 derecho a la asistencia gratuita al concierto \u201c<strong>A Guitar Conference\u201d,<\/strong> a los conciertos del Teatro G\u00f3ngora, a un 70% de descuento en el Teatro de la&nbsp; Axerqu\u00eda, y a un 50% de descuento para el resto de los conciertos del Gran Teatro.(*)<\/p>\n<\/td>\n<\/tr>\n<\/tbody>\n<\/table>\n<\/div>\n<style type=\"text\/css\">#accordion-5274-5 .fusion-panel:hover, #accordion-5274-5 .fusion-panel.hover{ background-color: #ffffff } #accordion-5274-5 .fusion-panel { border-color:#e7e4e2; border-width:0px; background-color:#ffffff; }.fusion-accordian  #accordion-5274-5 .panel-title a .fa-fusion-box{ color: #00657e;}.fusion-accordian  #accordion-5274-5 .panel-title a .fa-fusion-box:before{ font-size: 25px; width: 25px;}.fusion-accordian  #accordion-5274-5 .panel-title a{font-size:15px;}.fusion-accordian  #accordion-5274-5 .panel-title a:hover, #accordion-5274-5 .fusion-toggle-boxed-mode:hover .panel-title a { color: #ed6f79;}.fusion-accordian  #accordion-5274-5 .fusion-toggle-boxed-mode:hover .panel-title a .fa-fusion-box{ color: #ed6f79;}.fusion-accordian  #accordion-5274-5.fusion-toggle-icon-unboxed .fusion-panel .panel-title a:hover .fa-fusion-box{ color: #ed6f79 !important;}<\/style><div class=\"accordian fusion-accordian fusion-no-medium-visibility fusion-no-large-visibility\"><div class=\"panel-group fusion-toggle-icon-unboxed\" id=\"accordion-5274-5\" role=\"tablist\"><div class=\"fusion-panel panel-default fusion-toggle-no-divider fusion-toggle-boxed-mode\" role=\"tabpanel\"><div class=\"panel-heading\"><h4 class=\"panel-title toggle\"><a aria-expanded=\"false\" aria-selected=\"false\" aria-controls=\"84257f11223b377e5\" role=\"tab\" data-toggle=\"collapse\" data-parent=\"#accordion-5274-5\" data-target=\"#84257f11223b377e5\" href=\"#84257f11223b377e5\"><span class=\"fusion-toggle-icon-wrapper\" aria-hidden=\"true\"><i class=\"fa-fusion-box\" aria-hidden=\"true\"><\/i><\/span><span class=\"fusion-toggle-heading\">VASILIS KOSTAS & LAITH SIDIQ<\/span><\/a><\/h4><\/div><div id=\"84257f11223b377e5\" class=\"panel-collapse collapse \"><div class=\"panel-body toggle-content fusion-clearfix\">\n<p><strong>T\u00edtulo del curso:<\/strong> <em>Las tradiciones musicales \u00e1rabe y griega en la improvisaci\u00f3n y composici\u00f3n contempor\u00e1neas<\/em><em>.<\/em><\/p>\n<p><strong>Fecha:<\/strong> 4 de julio 2022<\/p>\n<p><strong>Nivel:<\/strong> Todos<\/p>\n<p><strong>Lugar:<\/strong> Casa \u00c1rabe<\/p>\n<p><strong>Precio:<\/strong> 12\u20ac*<\/p>\n<p><strong>Patrocina Casa \u00c1rabe<\/strong><\/p>\n<p>(*)\u00a0<strong>Inscripci\u00f3n gratuita para el alumnado de los cursos del Festiva<\/strong>l . Para los no matriculados\u00a0 en alguno de los cursos del Programa Formativo,\u00a0 el pago de la cuota de inscripci\u00f3n de esta clase magistral\u00a0 dar\u00e1 derecho a la asistencia gratuita\u00a0<strong>al concierto de Vasilis Kostas &amp; Laith Sidiq Duo.<\/strong><\/p>\n<\/div><\/div><\/div><div class=\"fusion-panel panel-default fusion-toggle-no-divider fusion-toggle-boxed-mode\" role=\"tabpanel\"><div class=\"panel-heading\"><h4 class=\"panel-title toggle\"><a aria-expanded=\"false\" aria-selected=\"false\" aria-controls=\"b59e0c68963b8e262\" role=\"tab\" data-toggle=\"collapse\" data-parent=\"#accordion-5274-5\" data-target=\"#b59e0c68963b8e262\" href=\"#b59e0c68963b8e262\"><span class=\"fusion-toggle-icon-wrapper\" aria-hidden=\"true\"><i class=\"fa-fusion-box\" aria-hidden=\"true\"><\/i><\/span><span class=\"fusion-toggle-heading\">DAVID PINO \/ FAUSTINO N\u00da\u00d1EZ<\/span><\/a><\/h4><\/div><div id=\"b59e0c68963b8e262\" class=\"panel-collapse collapse \"><div class=\"panel-body toggle-content fusion-clearfix\">\n<p><strong>T\u00edtulo del curso:<\/strong> <em>Los palos del flamenco de la A la Z.<\/em><\/p>\n<p><strong>Fecha:<\/strong> 7 de julio 2022<\/p>\n<p><strong>Nivel:<\/strong> Todos<\/p>\n<p><strong>Lugar:<\/strong> Auditorio CSM Rafael Orozco<\/p>\n<p><strong>Precio:<\/strong> 12\u20ac*<\/p>\n<p><strong>Patrocina C\u00e1tedra de Flamencolog\u00eda. Universidad de C\u00f3rdoba<\/strong><\/p>\n<p>(*)\u00a0<strong>Inscripci\u00f3n gratuita para el alumnado del Festival, de la UCO\u00a0 y de la C\u00e1tedra de Flamencolog\u00eda de la UCO.<\/strong>\u00a0Para los no matriculados\u00a0 en alguno de los cursos del Programa Formativo,\u00a0 el pago de la cuota de inscripci\u00f3n de esta Clase Magistral\u00a0 dar\u00e1 derecho a la asistencia gratuita al concierto\u00a0<strong>\u201cAlb\u00e9niz Flamenco\u201d<\/strong>\u00a0de Jos\u00e9 M\u00aa Gallardo y Miguel \u00c1ngel Cort\u00e9s.<\/p>\n<\/div><\/div><\/div><div class=\"fusion-panel panel-default fusion-toggle-no-divider fusion-toggle-boxed-mode\" role=\"tabpanel\"><div class=\"panel-heading\"><h4 class=\"panel-title toggle\"><a aria-expanded=\"false\" aria-selected=\"false\" aria-controls=\"039d06498a85753e8\" role=\"tab\" data-toggle=\"collapse\" data-parent=\"#accordion-5274-5\" data-target=\"#039d06498a85753e8\" href=\"#039d06498a85753e8\"><span class=\"fusion-toggle-icon-wrapper\" aria-hidden=\"true\"><i class=\"fa-fusion-box\" aria-hidden=\"true\"><\/i><\/span><span class=\"fusion-toggle-heading\">PETER BERNSTEIN, MARK WHITFIELD Y JESSE VAN RULLER<\/span><\/a><\/h4><\/div><div id=\"039d06498a85753e8\" class=\"panel-collapse collapse \"><div class=\"panel-body toggle-content fusion-clearfix\">\n<p><strong>T\u00edtulo del curso:<\/strong> <em>Master Class de Guitarra-Jazz.<\/em><\/p>\n<p><strong>Fecha:<\/strong> 7 de julio 2022<\/p>\n<p><strong>Nivel:<\/strong> Todos<\/p>\n<p><strong>Lugar:<\/strong> Gran Teatro<\/p>\n<p><strong>Precio:<\/strong> 50\u20ac*<\/p>\n<p>(*) La inscripci\u00f3n en esta clase magistral, junto a la del taller de Blues, dar\u00e1 derecho a la asistencia gratuita al concierto \u201c<strong>A Guitar Conference\u201d,<\/strong>\u00a0a los conciertos del Teatro G\u00f3ngora, a un 70% de descuento en el Teatro de la\u00a0 Axerqu\u00eda, y a un 50% de descuento para el resto de los conciertos del Gran Teatro.(*)<\/p>\n<\/div><\/div><\/div><\/div><\/div><\/div><\/div><style type=\"text\/css\">.fusion-body .fusion-builder-column-5{width:100% !important;margin-top : 10px;margin-bottom : 10px;}.fusion-builder-column-5 > .fusion-column-wrapper {padding-top : 0px !important;padding-right : 0px !important;margin-right : 1.92%;padding-bottom : 0px !important;padding-left : 0px !important;margin-left : 1.92%;}@media only screen and (max-width:1024px) {.fusion-body .fusion-builder-column-5{width:100% !important;order : 0;}.fusion-builder-column-5 > .fusion-column-wrapper {margin-right : 1.92%;margin-left : 1.92%;}}@media only screen and (max-width:640px) {.fusion-body .fusion-builder-column-5{width:100% !important;order : 0;}.fusion-builder-column-5 > .fusion-column-wrapper {margin-right : 1.92%;margin-left : 1.92%;}}<\/style><\/div><style type=\"text\/css\">.fusion-body .fusion-flex-container.fusion-builder-row-5{ padding-top : 0px;margin-top : 0px;padding-right : 0px;padding-bottom : 0px;margin-bottom : 0px;padding-left : 0px;}<\/style><\/div><\/p>\n","protected":false},"excerpt":{"rendered":"","protected":false},"author":9,"featured_media":0,"parent":0,"menu_order":0,"comment_status":"closed","ping_status":"closed","template":"","meta":[],"acf":[],"_links":{"self":[{"href":"https:\/\/teatrocordoba.es\/festival-guitarra-cordoba\/wp-json\/wp\/v2\/pages\/5274"}],"collection":[{"href":"https:\/\/teatrocordoba.es\/festival-guitarra-cordoba\/wp-json\/wp\/v2\/pages"}],"about":[{"href":"https:\/\/teatrocordoba.es\/festival-guitarra-cordoba\/wp-json\/wp\/v2\/types\/page"}],"author":[{"embeddable":true,"href":"https:\/\/teatrocordoba.es\/festival-guitarra-cordoba\/wp-json\/wp\/v2\/users\/9"}],"replies":[{"embeddable":true,"href":"https:\/\/teatrocordoba.es\/festival-guitarra-cordoba\/wp-json\/wp\/v2\/comments?post=5274"}],"version-history":[{"count":45,"href":"https:\/\/teatrocordoba.es\/festival-guitarra-cordoba\/wp-json\/wp\/v2\/pages\/5274\/revisions"}],"predecessor-version":[{"id":5748,"href":"https:\/\/teatrocordoba.es\/festival-guitarra-cordoba\/wp-json\/wp\/v2\/pages\/5274\/revisions\/5748"}],"wp:attachment":[{"href":"https:\/\/teatrocordoba.es\/festival-guitarra-cordoba\/wp-json\/wp\/v2\/media?parent=5274"}],"curies":[{"name":"wp","href":"https:\/\/api.w.org\/{rel}","templated":true}]}}